{"id":91051,"date":"2024-09-16T17:36:50","date_gmt":"2024-09-16T17:36:50","guid":{"rendered":"https:\/\/www.galileo.edu\/page\/?page_id=91051"},"modified":"2024-09-17T20:07:06","modified_gmt":"2024-09-17T20:07:06","slug":"webinar-licitaciones-energia-electrica-guatemala","status":"publish","type":"page","link":"https:\/\/www.galileo.edu\/page\/webinar-licitaciones-energia-electrica-guatemala\/","title":{"rendered":"Webinar: Licitaciones de energ\u00eda el\u00e9ctrica en Guatemala, clave para un Mercado Competitivo y Sostenible"},"content":{"rendered":"<p>[et_pb_section fb_built=&#8221;1&#8243; custom_padding_last_edited=&#8221;on|desktop&#8221; disabled_on=&#8221;on|on|off&#8221; _builder_version=&#8221;4.21.2&#8243; background_color=&#8221;#FFFFFF&#8221; background_image=&#8221;https:\/\/www.galileo.edu\/page\/wp-content\/uploads\/2024\/09\/PORTADA-LP-1.png&#8221; background_position=&#8221;top_left&#8221; width=&#8221;100%&#8221; max_width=&#8221;100%&#8221; min_height=&#8221;597px&#8221; custom_margin=&#8221;-2px|||||&#8221; custom_padding=&#8221;0.9%|0%|0%|4.8%|false|false&#8221; custom_padding_tablet=&#8221;&#8221; custom_padding_phone=&#8221;4.92188px|0|20.7031px|0|false|false&#8221; filter_saturate=&#8221;86%&#8221; filter_contrast=&#8221;112%&#8221; mix_blend_mode=&#8221;darken&#8221; locked=&#8221;off&#8221; global_colors_info=&#8221;{}&#8221;][et_pb_row custom_padding_last_edited=&#8221;on|phone&#8221; disabled_on=&#8221;on|on|off&#8221; _builder_version=&#8221;4.21.2&#8243; width=&#8221;66%&#8221; module_alignment=&#8221;left&#8221; min_height=&#8221;99px&#8221; custom_margin=&#8221;423px|0px||0px|false|false&#8221; custom_padding=&#8221;|||0px|false|false&#8221; custom_padding_tablet=&#8221;3%|6%|3%|0%|false|false&#8221; custom_padding_phone=&#8221;3%|5%|5%|6%|false|false&#8221; global_colors_info=&#8221;{}&#8221;][et_pb_column type=&#8221;4_4&#8243; _builder_version=&#8221;4.16&#8243; custom_padding=&#8221;|||&#8221; global_colors_info=&#8221;{}&#8221; custom_padding__hover=&#8221;|||&#8221;][et_pb_button button_url=&#8221;#formulario&#8221; button_text=&#8221;Reg\u00edstrate aqu\u00ed&#8221; button_alignment=&#8221;left&#8221; _builder_version=&#8221;4.21.2&#8243; _module_preset=&#8221;default&#8221; custom_button=&#8221;on&#8221; button_text_size=&#8221;25px&#8221; button_text_color=&#8221;#f68c38&#8243; button_bg_color=&#8221;#FFFFFF&#8221; button_border_width=&#8221;0px&#8221; button_border_radius=&#8221;9px&#8221; button_font=&#8221;Poppins|700|||||||&#8221; button_icon=&#8221;&#xf5ba;||fa||900&#8243; button_icon_color=&#8221;#f68c38&#8243; button_on_hover=&#8221;off&#8221; custom_margin=&#8221;0px|||76px|false|false&#8221; button_text_size_tablet=&#8221;25px&#8221; button_text_size_phone=&#8221;25px&#8221; button_text_size_last_edited=&#8221;on|desktop&#8221; button_icon_color_tablet=&#8221;#5db737&#8243; button_icon_color_phone=&#8221;#5db737&#8243; button_icon_color_last_edited=&#8221;on|tablet&#8221; global_colors_info=&#8221;{}&#8221; button_text_size__hover=&#8221;30px&#8221; button_text_size__hover_enabled=&#8221;on|hover&#8221; button_bg_color__hover=&#8221;#1d1d1b&#8221; button_bg_color__hover_enabled=&#8221;on|hover&#8221; button_bg_enable_color__hover=&#8221;on&#8221; button_text_color__hover_enabled=&#8221;on|hover&#8221; button_text_color__hover=&#8221;#FFFFFF&#8221; button_icon_color__hover_enabled=&#8221;on|desktop&#8221; button_icon_color__hover=&#8221;#FFFFFF&#8221;][\/et_pb_button][\/et_pb_column][\/et_pb_row][\/et_pb_section][et_pb_section fb_built=&#8221;1&#8243; custom_padding_last_edited=&#8221;on|desktop&#8221; disabled_on=&#8221;off|off|on&#8221; _builder_version=&#8221;4.21.2&#8243; background_image=&#8221;https:\/\/www.galileo.edu\/page\/wp-content\/uploads\/2024\/09\/2-1.png&#8221; background_position=&#8221;top_center&#8221; min_height=&#8221;555px&#8221; min_height_tablet=&#8221;772px&#8221; min_height_phone=&#8221;410px&#8221; min_height_last_edited=&#8221;on|phone&#8221; height_tablet=&#8221;540px&#8221; height_phone=&#8221;307px&#8221; height_last_edited=&#8221;on|tablet&#8221; custom_padding=&#8221;1%|0%|4.2%|4.8%|false|false&#8221; custom_padding_tablet=&#8221;0%|0%|0%|0%|false|false&#8221; custom_padding_phone=&#8221;3px|0|52px|0|false|false&#8221; global_colors_info=&#8221;{}&#8221;][et_pb_row _builder_version=&#8221;4.21.2&#8243; _module_preset=&#8221;default&#8221; global_colors_info=&#8221;{}&#8221;][et_pb_column type=&#8221;4_4&#8243; _builder_version=&#8221;4.21.2&#8243; _module_preset=&#8221;default&#8221; global_colors_info=&#8221;{}&#8221;][et_pb_button button_url=&#8221;#formulario&#8221; button_text=&#8221;Reg\u00edstrate aqu\u00ed&#8221; button_alignment=&#8221;left&#8221; _builder_version=&#8221;4.21.2&#8243; _module_preset=&#8221;default&#8221; custom_button=&#8221;on&#8221; button_text_size=&#8221;25px&#8221; button_text_color=&#8221;#ffffff&#8221; button_bg_color=&#8221;#000000&#8243; button_border_width=&#8221;0px&#8221; button_border_radius=&#8221;9px&#8221; button_font=&#8221;Poppins|700|||||||&#8221; button_icon=&#8221;&#xf5ba;||fa||900&#8243; button_icon_color=&#8221;#f68c38&#8243; button_on_hover=&#8221;off&#8221; custom_margin=&#8221;573px|||6px|false|false&#8221; custom_margin_tablet=&#8221;573px|||6px|false|false&#8221; custom_margin_phone=&#8221;280px|||6px|false|false&#8221; custom_margin_last_edited=&#8221;on|phone&#8221; button_text_size_tablet=&#8221;25px&#8221; button_text_size_phone=&#8221;18px&#8221; button_text_size_last_edited=&#8221;on|desktop&#8221; button_icon_color_tablet=&#8221;#f68c38&#8243; button_icon_color_phone=&#8221;#dd9542&#8243; button_icon_color_last_edited=&#8221;on|tablet&#8221; locked=&#8221;off&#8221; global_colors_info=&#8221;{}&#8221; button_text_size__hover=&#8221;30px&#8221; button_text_size__hover_enabled=&#8221;on|hover&#8221; button_bg_color__hover=&#8221;#1d1d1b&#8221; button_bg_color__hover_enabled=&#8221;on|hover&#8221; button_bg_enable_color__hover=&#8221;on&#8221; button_text_color__hover_enabled=&#8221;on|hover&#8221; button_text_color__hover=&#8221;#FFFFFF&#8221; button_icon_color__hover_enabled=&#8221;on|desktop&#8221; button_icon_color__hover=&#8221;#FFFFFF&#8221;][\/et_pb_button][\/et_pb_column][\/et_pb_row][\/et_pb_section][et_pb_section fb_built=&#8221;1&#8243; custom_padding_last_edited=&#8221;on|phone&#8221; _builder_version=&#8221;4.21.2&#8243; background_color=&#8221;#000000&#8243; min_height=&#8221;329px&#8221; custom_padding=&#8221;|||&#8221; custom_padding_tablet=&#8221;60px|60px|60px|60px&#8221; custom_padding_phone=&#8221;&#8221; bottom_divider_height=&#8221;54px&#8221; bottom_divider_flip=&#8221;horizontal&#8221; bottom_divider_height_tablet=&#8221;40px&#8221; bottom_divider_height_phone=&#8221;28px&#8221; bottom_divider_height_last_edited=&#8221;on|desktop&#8221; global_colors_info=&#8221;{}&#8221;][et_pb_row column_structure=&#8221;1_3,1_3,1_3&#8243; custom_padding_last_edited=&#8221;on|desktop&#8221; _builder_version=&#8221;4.16&#8243; custom_padding=&#8221;2%|0%|0|0%|false|false&#8221; custom_padding_tablet=&#8221;&#8221; custom_padding_phone=&#8221;&#8221; global_colors_info=&#8221;{}&#8221;][et_pb_column type=&#8221;1_3&#8243; _builder_version=&#8221;4.16&#8243; custom_padding=&#8221;|||&#8221; global_colors_info=&#8221;{}&#8221; custom_padding__hover=&#8221;|||&#8221;][et_pb_blurb title=&#8221;26 de septiembre 2024&#8243; image=&#8221;http:\/\/www.galileo.edu\/page\/wp-content\/uploads\/2021\/10\/Icono1.png&#8221; image_icon_width=&#8221;28%&#8221; image_icon_width_tablet=&#8221;28%&#8221; image_icon_width_phone=&#8221;28%&#8221; image_icon_width_last_edited=&#8221;on|desktop&#8221; _builder_version=&#8221;4.21.2&#8243; header_font=&#8221;Montserrat|600|||||||&#8221; header_text_align=&#8221;center&#8221; header_text_color=&#8221;#ffffff&#8221; header_line_height=&#8221;1.2em&#8221; body_font=&#8221;Raleway||||||||&#8221; body_text_align=&#8221;center&#8221; filter_saturate=&#8221;0%&#8221; child_filter_saturate=&#8221;0%&#8221; child_filter_brightness=&#8221;200%&#8221; child_filter_contrast=&#8221;93%&#8221; animation_style=&#8221;fade&#8221; header_font_size_tablet=&#8221;&#8221; header_font_size_phone=&#8221;22px&#8221; header_font_size_last_edited=&#8221;on|desktop&#8221; body_font_size_tablet=&#8221;&#8221; body_font_size_phone=&#8221;&#8221; body_font_size_last_edited=&#8221;on|desktop&#8221; border_color_all_image=&#8221;#ffffff&#8221; image_max_width=&#8221;28%&#8221; icon_font_size_tablet=&#8221;&#8221; icon_font_size_phone=&#8221;&#8221; icon_font_size_last_edited=&#8221;on|desktop&#8221; global_colors_info=&#8221;{}&#8221;][\/et_pb_blurb][\/et_pb_column][et_pb_column type=&#8221;1_3&#8243; _builder_version=&#8221;4.16&#8243; custom_padding=&#8221;|||&#8221; global_colors_info=&#8221;{}&#8221; custom_padding__hover=&#8221;|||&#8221;][et_pb_blurb title=&#8221;18:30 Hrs.&#8221; image=&#8221;http:\/\/www.galileo.edu\/page\/wp-content\/uploads\/2021\/10\/Icono3.png&#8221; image_icon_width=&#8221;28%&#8221; content_max_width=&#8221;329px&#8221; image_icon_width_tablet=&#8221;28%&#8221; image_icon_width_phone=&#8221;28%&#8221; image_icon_width_last_edited=&#8221;on|desktop&#8221; _builder_version=&#8221;4.21.2&#8243; header_font=&#8221;Montserrat|600|||||||&#8221; header_text_align=&#8221;center&#8221; header_text_color=&#8221;#ffffff&#8221; header_font_size=&#8221;17px&#8221; header_line_height=&#8221;1.3em&#8221; body_font=&#8221;Raleway||||||||&#8221; body_text_align=&#8221;center&#8221; body_font_size=&#8221;16px&#8221; filter_saturate=&#8221;0%&#8221; child_filter_saturate=&#8221;0%&#8221; child_filter_brightness=&#8221;200%&#8221; child_filter_contrast=&#8221;200%&#8221; animation_style=&#8221;fade&#8221; header_font_size_tablet=&#8221;&#8221; header_font_size_phone=&#8221;22px&#8221; header_font_size_last_edited=&#8221;on|desktop&#8221; body_font_size_tablet=&#8221;&#8221; body_font_size_phone=&#8221;&#8221; body_font_size_last_edited=&#8221;on|desktop&#8221; image_max_width=&#8221;28%&#8221; image_max_width_tablet=&#8221;&#8221; icon_font_size_tablet=&#8221;&#8221; image_max_width_phone=&#8221;&#8221; icon_font_size_phone=&#8221;&#8221; image_max_width_last_edited=&#8221;on|desktop&#8221; icon_font_size_last_edited=&#8221;on|desktop&#8221; global_colors_info=&#8221;{}&#8221;][\/et_pb_blurb][\/et_pb_column][et_pb_column type=&#8221;1_3&#8243; _builder_version=&#8221;4.16&#8243; custom_padding=&#8221;|||&#8221; global_colors_info=&#8221;{}&#8221; custom_padding__hover=&#8221;|||&#8221;][et_pb_blurb title=&#8221;Modalidad Virtual&#8221; image=&#8221;http:\/\/www.galileo.edu\/page\/wp-content\/uploads\/2023\/08\/Recurso-8.png&#8221; image_icon_width=&#8221;80%&#8221; image_icon_width_tablet=&#8221;80%&#8221; image_icon_width_phone=&#8221;80%&#8221; image_icon_width_last_edited=&#8221;on|desktop&#8221; _builder_version=&#8221;4.21.2&#8243; header_font=&#8221;Montserrat|600|||||||&#8221; header_text_align=&#8221;center&#8221; header_text_color=&#8221;#ffffff&#8221; header_line_height=&#8221;1.1em&#8221; body_font=&#8221;Raleway||||||||&#8221; body_text_align=&#8221;center&#8221; body_line_height=&#8221;1em&#8221; text_orientation=&#8221;center&#8221; custom_margin=&#8221;13px|||&#8221; filter_saturate=&#8221;0%&#8221; animation_style=&#8221;fade&#8221; header_font_size_tablet=&#8221;&#8221; header_font_size_phone=&#8221;22px&#8221; header_font_size_last_edited=&#8221;on|desktop&#8221; body_font_size_tablet=&#8221;&#8221; body_font_size_phone=&#8221;&#8221; body_font_size_last_edited=&#8221;on|desktop&#8221; body_line_height_tablet=&#8221;&#8221; body_line_height_phone=&#8221;&#8221; body_line_height_last_edited=&#8221;on|desktop&#8221; border_color_all_image=&#8221;rgba(0,0,0,0)&#8221; image_max_width=&#8221;80%&#8221; icon_font_size_tablet=&#8221;&#8221; icon_font_size_phone=&#8221;&#8221; icon_font_size_last_edited=&#8221;on|desktop&#8221; global_colors_info=&#8221;{}&#8221;][\/et_pb_blurb][\/et_pb_column][\/et_pb_row][\/et_pb_section][et_pb_section fb_built=&#8221;1&#8243; custom_padding_last_edited=&#8221;on|desktop&#8221; disabled_on=&#8221;off|off|off&#8221; _builder_version=&#8221;4.16&#8243; background_color=&#8221;#ffffff&#8221; custom_padding=&#8221;2%|0%|0%|0%||&#8221; custom_padding_tablet=&#8221;&#8221; custom_padding_phone=&#8221;&#8221; locked=&#8221;off&#8221; global_colors_info=&#8221;{}&#8221;][et_pb_row column_structure=&#8221;1_2,1_2&#8243; _builder_version=&#8221;4.21.2&#8243; _module_preset=&#8221;default&#8221; min_height=&#8221;403px&#8221; custom_margin=&#8221;|auto|0px|auto|false|false&#8221; custom_padding=&#8221;46px|||||&#8221; global_colors_info=&#8221;{}&#8221;][et_pb_column type=&#8221;1_2&#8243; _builder_version=&#8221;4.21.2&#8243; _module_preset=&#8221;default&#8221; global_colors_info=&#8221;{}&#8221;][et_pb_text _builder_version=&#8221;4.21.2&#8243; text_font=&#8221;Poppins|700|||||||&#8221; text_text_color=&#8221;#3e3e3e&#8221; text_font_size=&#8221;40px&#8221; text_line_height=&#8221;1.1em&#8221; header_font=&#8221;Almendra||||||||&#8221; custom_margin=&#8221;||40px|||&#8221; animation_style=&#8221;fade&#8221; text_font_size_tablet=&#8221;40px&#8221; text_font_size_phone=&#8221;30px&#8221; text_font_size_last_edited=&#8221;on|phone&#8221; global_colors_info=&#8221;{}&#8221;]<\/p>\n<p style=\"text-align: center;\"><b>Objetivo del<span style=\"color: #ff9900;\"> evento<\/span><\/b><\/p>\n<p>[\/et_pb_text][\/et_pb_column][et_pb_column type=&#8221;1_2&#8243; _builder_version=&#8221;4.21.2&#8243; _module_preset=&#8221;default&#8221; global_colors_info=&#8221;{}&#8221;][et_pb_text disabled_on=&#8221;off|off|off&#8221; _builder_version=&#8221;4.21.2&#8243; text_font=&#8221;Poppins||||||||&#8221; text_text_color=&#8221;#000000&#8243; text_font_size=&#8221;15px&#8221; text_line_height=&#8221;1.3em&#8221; text_orientation=&#8221;justified&#8221; custom_margin_tablet=&#8221;&#8221; custom_margin_phone=&#8221;-34px||0px||false|false&#8221; custom_margin_last_edited=&#8221;on|phone&#8221; animation_style=&#8221;fade&#8221; text_font_size_tablet=&#8221;15px&#8221; text_font_size_phone=&#8221;13px&#8221; text_font_size_last_edited=&#8221;on|phone&#8221; header_5_font_size_tablet=&#8221;14px&#8221; header_5_font_size_phone=&#8221;&#8221; header_5_font_size_last_edited=&#8221;on|tablet&#8221; global_colors_info=&#8221;{}&#8221;]<\/p>\n<p>En un contexto global donde la transici\u00f3n hacia energ\u00edas limpias y sostenibles es crucial, <strong>Guatemala enfrenta el desaf\u00edo de optimizar su proceso de licitaci\u00f3n de energ\u00eda el\u00e9ctrica para satisfacer la creciente demanda y diversificar su matriz energ\u00e9tica.<\/strong> Este evento se enfocar\u00e1 en los aspectos clave del proceso de licitaci\u00f3n, su impacto en la configuraci\u00f3n del mercado energ\u00e9tico y las oportunidades que ofrece para fortalecer un suministro m\u00e1s competitivo y resiliente.<\/p>\n<p>Se presentar\u00e1 a tomadores de decisiones del sector el\u00e9ctrico, tanto nacionales como internacionales, informaci\u00f3n estrat\u00e9gica sobre el pr\u00f3ximo proceso de licitaci\u00f3n de generaci\u00f3n, <strong>con especial \u00e9nfasis en la PEG 05-2025,<\/strong> con el fin de fomentar la participaci\u00f3n de inversionistas en generaci\u00f3n de energ\u00eda<\/p>\n<p>&nbsp;<\/p>\n<p style=\"text-align: justify;\">[\/et_pb_text][\/et_pb_column][\/et_pb_row][\/et_pb_section][et_pb_section fb_built=&#8221;1&#8243; custom_padding_last_edited=&#8221;on|desktop&#8221; disabled_on=&#8221;off|off|off&#8221; _builder_version=&#8221;4.21.2&#8243; background_color=&#8221;#eaeaea&#8221; custom_padding=&#8221;2%|0%|0%|0%||&#8221; custom_padding_tablet=&#8221;&#8221; custom_padding_phone=&#8221;&#8221; locked=&#8221;off&#8221; global_colors_info=&#8221;{}&#8221;][et_pb_row column_structure=&#8221;1_2,1_2&#8243; _builder_version=&#8221;4.21.2&#8243; _module_preset=&#8221;default&#8221; min_height=&#8221;403px&#8221; custom_margin=&#8221;30px|auto|-50px|auto|false|false&#8221; custom_margin_tablet=&#8221;60px|auto|-100px|auto|false|false&#8221; custom_margin_phone=&#8221;60px|auto|0px|auto|false|false&#8221; custom_margin_last_edited=&#8221;on|tablet&#8221; custom_padding=&#8221;0px|||||&#8221; global_colors_info=&#8221;{}&#8221;][et_pb_column type=&#8221;1_2&#8243; _builder_version=&#8221;4.21.2&#8243; _module_preset=&#8221;default&#8221; global_colors_info=&#8221;{}&#8221;][et_pb_text _builder_version=&#8221;4.21.2&#8243; text_font=&#8221;Poppins|700|||||||&#8221; text_text_color=&#8221;#3e3e3e&#8221; text_font_size=&#8221;40px&#8221; text_line_height=&#8221;1.1em&#8221; header_font=&#8221;Almendra||||||||&#8221; min_height=&#8221;0px&#8221; custom_margin=&#8221;2px|||||&#8221; animation_style=&#8221;fade&#8221; text_font_size_tablet=&#8221;37px&#8221; text_font_size_phone=&#8221;30px&#8221; text_font_size_last_edited=&#8221;on|phone&#8221; global_colors_info=&#8221;{}&#8221;]<\/p>\n<p style=\"text-align: center;\"><b>Listado de <span style=\"color: #ff9900;\">temas<\/span><\/b><\/p>\n<p>[\/et_pb_text][\/et_pb_column][et_pb_column type=&#8221;1_2&#8243; _builder_version=&#8221;4.21.2&#8243; _module_preset=&#8221;default&#8221; global_colors_info=&#8221;{}&#8221;][et_pb_text ul_item_indent=&#8221;38px&#8221; disabled_on=&#8221;off|off|off&#8221; _builder_version=&#8221;4.21.2&#8243; text_font=&#8221;Poppins||||||||&#8221; text_text_color=&#8221;#0a0a0a&#8221; text_font_size=&#8221;15px&#8221; ul_font=&#8221;Poppins|500|||||||&#8221; ul_text_color=&#8221;#ff9c63&#8243; text_orientation=&#8221;justified&#8221; custom_padding=&#8221;||0px|||&#8221; animation_style=&#8221;fade&#8221; text_font_size_tablet=&#8221;15px&#8221; text_font_size_phone=&#8221;13px&#8221; text_font_size_last_edited=&#8221;on|phone&#8221; header_5_font_size_tablet=&#8221;14px&#8221; header_5_font_size_phone=&#8221;&#8221; header_5_font_size_last_edited=&#8221;on|tablet&#8221; locked=&#8221;off&#8221; inline_fonts=&#8221;Poppins&#8221; global_colors_info=&#8221;{}&#8221;]<\/p>\n<ul>\n<li><span style=\"color: #0a0303;\">Introducci\u00f3n de Proceso de Licitaci\u00f3n de energ\u00eda El\u00e9ctrica en Guatemala.<\/span><\/li>\n<li><span style=\"color: #0a0303;\">Importancia del Proceso de Licitaci\u00f3n para el Desarrollo del Sector El\u00e9ctrico.<\/span><\/li>\n<li><span style=\"color: #0a0303;\">Situaci\u00f3n actual de la oferta y demanda de energ\u00eda en Guatemala.<\/span><\/li>\n<li><span style=\"color: #0a0303;\">Retos y Oportunidades en el Proceso de Licitaci\u00f3n de Energ\u00eda.\u00a0<\/span><\/li>\n<li><span style=\"color: #0a0303;\">Lecciones aprendidas de licitaciones previas, preparaci\u00f3n de la PEG5.<\/span><\/li>\n<li><span style=\"color: #0a0303;\">Perspectivas futuras del mercado El\u00e9ctrico en Guatemala.<\/span><span style=\"color: #0a0303;\"><\/span><\/li>\n<\/ul>\n<p>[\/et_pb_text][\/et_pb_column][\/et_pb_row][\/et_pb_section][et_pb_section fb_built=&#8221;1&#8243; custom_padding_last_edited=&#8221;on|desktop&#8221; disabled_on=&#8221;on|on|off&#8221; _builder_version=&#8221;4.21.2&#8243; background_color=&#8221;#ffffff&#8221; custom_padding=&#8221;|0%|0px|0%|false|false&#8221; custom_padding_tablet=&#8221;&#8221; custom_padding_phone=&#8221;&#8221; locked=&#8221;off&#8221; global_colors_info=&#8221;{}&#8221;][et_pb_row _builder_version=&#8221;4.21.2&#8243; _module_preset=&#8221;default&#8221; global_colors_info=&#8221;{}&#8221;][et_pb_column type=&#8221;4_4&#8243; _builder_version=&#8221;4.21.2&#8243; _module_preset=&#8221;default&#8221; global_colors_info=&#8221;{}&#8221;][et_pb_text _builder_version=&#8221;4.21.2&#8243; text_font=&#8221;Poppins|700|||||||&#8221; text_text_color=&#8221;#3e3e3e&#8221; text_font_size=&#8221;40px&#8221; text_line_height=&#8221;1.1em&#8221; header_font=&#8221;Almendra||||||||&#8221; custom_margin=&#8221;||40px|||&#8221; animation_style=&#8221;fade&#8221; text_font_size_tablet=&#8221;40px&#8221; text_font_size_phone=&#8221;30px&#8221; text_font_size_last_edited=&#8221;on|phone&#8221; locked=&#8221;off&#8221; global_colors_info=&#8221;{}&#8221;]<\/p>\n<p style=\"text-align: center;\"><b>Expertos del<span style=\"color: #ff9900;\"> Webinar<\/span><\/b><\/p>\n<p>[\/et_pb_text][\/et_pb_column][\/et_pb_row][et_pb_row column_structure=&#8221;2_5,3_5&#8243; _builder_version=&#8221;4.21.2&#8243; _module_preset=&#8221;default&#8221; global_colors_info=&#8221;{}&#8221;][et_pb_column type=&#8221;2_5&#8243; _builder_version=&#8221;4.21.2&#8243; _module_preset=&#8221;default&#8221; global_colors_info=&#8221;{}&#8221;][et_pb_image src=&#8221;https:\/\/www.galileo.edu\/page\/wp-content\/uploads\/2024\/09\/Luis-Romeo-Ortiz-Pelaez-2.jpg.png&#8221; _builder_version=&#8221;4.21.2&#8243; _module_preset=&#8221;default&#8221; max_height=&#8221;260px&#8221; custom_margin=&#8221;|||80px|false|false&#8221; global_colors_info=&#8221;{}&#8221;][\/et_pb_image][\/et_pb_column][et_pb_column type=&#8221;3_5&#8243; _builder_version=&#8221;4.21.2&#8243; _module_preset=&#8221;default&#8221; global_colors_info=&#8221;{}&#8221;][et_pb_text _builder_version=&#8221;4.21.2&#8243; _module_preset=&#8221;default&#8221; header_font=&#8221;Poppins|700|||||||&#8221; header_text_color=&#8221;#000000&#8243; global_colors_info=&#8221;{}&#8221;]<\/p>\n<h1>Ing. Luis Ort\u00edz<\/h1>\n<p>[\/et_pb_text][et_pb_text _builder_version=&#8221;4.21.2&#8243; _module_preset=&#8221;default&#8221; text_font=&#8221;Poppins||||||||&#8221; text_text_color=&#8221;#000000&#8243; text_font_size=&#8221;15px&#8221; custom_margin=&#8221;-20px||||false|false&#8221; global_colors_info=&#8221;{}&#8221;]<\/p>\n<p>Presidente de la Comisi\u00f3n Nacional de Energ\u00eda El\u00e9ctrica (CNEE) y ex Ministro de Energ\u00eda y Minas de Guatemala (2004-2007). Ingeniero Electricista por la USAC, con diplomados en Privatizaci\u00f3n del Sistema El\u00e9ctrico (Chile) y Participaci\u00f3n Privada en el Sector El\u00e9ctrico (INCAE).<\/p>\n<p>Ha asesorado en proyectos regulatorios y financieros en energ\u00eda en Guatemala, El Salvador y Honduras. Con experiencia en el INDE, lider\u00f3 licitaciones el\u00e9ctricas y an\u00e1lisis de inversi\u00f3n. Tambi\u00e9n fue asesor energ\u00e9tico de la Presidencia de Guatemala y presidente de la Comisi\u00f3n Petrolera.<\/p>\n<p>[\/et_pb_text][\/et_pb_column][\/et_pb_row][et_pb_row column_structure=&#8221;2_5,3_5&#8243; _builder_version=&#8221;4.21.2&#8243; _module_preset=&#8221;default&#8221; global_colors_info=&#8221;{}&#8221;][et_pb_column type=&#8221;2_5&#8243; _builder_version=&#8221;4.21.2&#8243; _module_preset=&#8221;default&#8221; global_colors_info=&#8221;{}&#8221;][et_pb_image src=&#8221;https:\/\/www.galileo.edu\/page\/wp-content\/uploads\/2024\/09\/Edwin-Ramon-Rodas-Solares.jpg.png&#8221; _builder_version=&#8221;4.21.2&#8243; _module_preset=&#8221;default&#8221; max_height=&#8221;260px&#8221; custom_margin=&#8221;|||80px|false|false&#8221; global_colors_info=&#8221;{}&#8221;][\/et_pb_image][\/et_pb_column][et_pb_column type=&#8221;3_5&#8243; _builder_version=&#8221;4.21.2&#8243; _module_preset=&#8221;default&#8221; global_colors_info=&#8221;{}&#8221;][et_pb_text _builder_version=&#8221;4.21.2&#8243; _module_preset=&#8221;default&#8221; header_font=&#8221;Poppins|700|||||||&#8221; header_text_color=&#8221;#000000&#8243; global_colors_info=&#8221;{}&#8221;]<\/p>\n<h1>Ing. Edwin Rodas<\/h1>\n<p>[\/et_pb_text][et_pb_text _builder_version=&#8221;4.21.2&#8243; _module_preset=&#8221;default&#8221; text_font=&#8221;Poppins||||||||&#8221; text_text_color=&#8221;#000000&#8243; text_font_size=&#8221;15px&#8221; custom_margin=&#8221;-20px||||false|false&#8221; global_colors_info=&#8221;{}&#8221;]<\/p>\n<p>Ingeniero El\u00e9ctrico por la USAC, con especializaci\u00f3n en energ\u00eda por la Organizaci\u00f3n Latinoamericana de Energ\u00eda. Catedr\u00e1tico en el Instituto de Recursos Energ\u00e9ticos de la Universidad Galileo y Consultor Senior en Energ\u00eda y Mercado El\u00e9ctrico. Fue Viceministro de Energ\u00eda y Minas y Comisionado por Guatemala en la CRIE (2012-2015). Actualmente, es Presidente de MELECSA, empresa que ofrece consultor\u00eda en inversiones, PPA, y software para transacciones el\u00e9ctricas en Guatemala y Centroam\u00e9rica. Anteriormente, fue Director de Regulaci\u00f3n y Vicepresidente de Duke Energy International (2001-2009).<\/p>\n<p>[\/et_pb_text][\/et_pb_column][\/et_pb_row][\/et_pb_section][et_pb_section fb_built=&#8221;1&#8243; custom_padding_last_edited=&#8221;on|desktop&#8221; disabled_on=&#8221;off|off|on&#8221; _builder_version=&#8221;4.21.2&#8243; background_color=&#8221;#ffffff&#8221; custom_margin_tablet=&#8221;&#8221; custom_margin_phone=&#8221;0px||||false|false&#8221; custom_margin_last_edited=&#8221;on|phone&#8221; custom_padding=&#8221;|0%|0px|0%|false|false&#8221; custom_padding_tablet=&#8221;&#8221; custom_padding_phone=&#8221;0px||||false|false&#8221; locked=&#8221;off&#8221; global_colors_info=&#8221;{}&#8221;][et_pb_row _builder_version=&#8221;4.21.2&#8243; _module_preset=&#8221;default&#8221; global_colors_info=&#8221;{}&#8221;][et_pb_column type=&#8221;4_4&#8243; _builder_version=&#8221;4.21.2&#8243; _module_preset=&#8221;default&#8221; global_colors_info=&#8221;{}&#8221;][et_pb_text _builder_version=&#8221;4.21.2&#8243; text_font=&#8221;Poppins|700|||||||&#8221; text_text_color=&#8221;#3e3e3e&#8221; text_font_size=&#8221;40px&#8221; text_line_height=&#8221;1.1em&#8221; header_font=&#8221;Almendra||||||||&#8221; custom_margin=&#8221;||40px|||&#8221; animation_style=&#8221;fade&#8221; text_font_size_tablet=&#8221;40px&#8221; text_font_size_phone=&#8221;30px&#8221; text_font_size_last_edited=&#8221;on|phone&#8221; locked=&#8221;off&#8221; global_colors_info=&#8221;{}&#8221;]<\/p>\n<p style=\"text-align: center;\"><b>Expertos del<span style=\"color: #ff9900;\"> Webinar<\/span><\/b><\/p>\n<p>[\/et_pb_text][\/et_pb_column][\/et_pb_row][et_pb_row column_structure=&#8221;2_5,3_5&#8243; _builder_version=&#8221;4.21.2&#8243; _module_preset=&#8221;default&#8221; global_colors_info=&#8221;{}&#8221;][et_pb_column type=&#8221;2_5&#8243; _builder_version=&#8221;4.21.2&#8243; _module_preset=&#8221;default&#8221; global_colors_info=&#8221;{}&#8221;][et_pb_image src=&#8221;https:\/\/www.galileo.edu\/page\/wp-content\/uploads\/2024\/09\/Luis-Romeo-Ortiz-Pelaez-2.jpg.png&#8221; align=&#8221;center&#8221; _builder_version=&#8221;4.21.2&#8243; _module_preset=&#8221;default&#8221; max_height=&#8221;260px&#8221; custom_margin=&#8221;|||0px|false|false&#8221; global_colors_info=&#8221;{}&#8221;][\/et_pb_image][\/et_pb_column][et_pb_column type=&#8221;3_5&#8243; _builder_version=&#8221;4.21.2&#8243; _module_preset=&#8221;default&#8221; global_colors_info=&#8221;{}&#8221;][et_pb_text _builder_version=&#8221;4.21.2&#8243; _module_preset=&#8221;default&#8221; header_font=&#8221;Poppins|700|||||||&#8221; header_text_align=&#8221;center&#8221; header_text_color=&#8221;#000000&#8243; header_font_size_tablet=&#8221;&#8221; header_font_size_phone=&#8221;25px&#8221; header_font_size_last_edited=&#8221;on|phone&#8221; global_colors_info=&#8221;{}&#8221;]<\/p>\n<h1>Ing. Luis Ort\u00edz<\/h1>\n<p>[\/et_pb_text][et_pb_text _builder_version=&#8221;4.21.2&#8243; _module_preset=&#8221;default&#8221; text_font=&#8221;Poppins||||||||&#8221; text_text_color=&#8221;#000000&#8243; text_font_size=&#8221;15px&#8221; text_line_height=&#8221;1.6em&#8221; text_orientation=&#8221;justified&#8221; custom_margin=&#8221;-20px||||false|false&#8221; text_font_size_tablet=&#8221;15px&#8221; text_font_size_phone=&#8221;12px&#8221; text_font_size_last_edited=&#8221;on|phone&#8221; global_colors_info=&#8221;{}&#8221;]<\/p>\n<p>Presidente de la Comisi\u00f3n Nacional de Energ\u00eda El\u00e9ctrica (CNEE) y ex Ministro de Energ\u00eda y Minas de Guatemala (2004-2007). Ingeniero Electricista por la USAC, con diplomados en Privatizaci\u00f3n del Sistema El\u00e9ctrico (Chile) y Participaci\u00f3n Privada en el Sector El\u00e9ctrico (INCAE).<\/p>\n<p>Ha asesorado en proyectos regulatorios y financieros en energ\u00eda en Guatemala, El Salvador y Honduras. Con experiencia en el INDE, lider\u00f3 licitaciones el\u00e9ctricas y an\u00e1lisis de inversi\u00f3n. Tambi\u00e9n fue asesor energ\u00e9tico de la Presidencia de Guatemala y presidente de la Comisi\u00f3n Petrolera.<\/p>\n<p>[\/et_pb_text][\/et_pb_column][\/et_pb_row][et_pb_row column_structure=&#8221;2_5,3_5&#8243; _builder_version=&#8221;4.21.2&#8243; _module_preset=&#8221;default&#8221; global_colors_info=&#8221;{}&#8221;][et_pb_column type=&#8221;2_5&#8243; _builder_version=&#8221;4.21.2&#8243; _module_preset=&#8221;default&#8221; global_colors_info=&#8221;{}&#8221;][et_pb_image src=&#8221;https:\/\/www.galileo.edu\/page\/wp-content\/uploads\/2024\/09\/Edwin-Ramon-Rodas-Solares.jpg.png&#8221; align=&#8221;center&#8221; _builder_version=&#8221;4.21.2&#8243; _module_preset=&#8221;default&#8221; max_height=&#8221;260px&#8221; custom_margin=&#8221;|||0px|false|false&#8221; global_colors_info=&#8221;{}&#8221;][\/et_pb_image][\/et_pb_column][et_pb_column type=&#8221;3_5&#8243; _builder_version=&#8221;4.21.2&#8243; _module_preset=&#8221;default&#8221; global_colors_info=&#8221;{}&#8221;][et_pb_text _builder_version=&#8221;4.21.2&#8243; _module_preset=&#8221;default&#8221; header_font=&#8221;Poppins|700|||||||&#8221; header_text_align=&#8221;center&#8221; header_text_color=&#8221;#000000&#8243; header_font_size_tablet=&#8221;&#8221; header_font_size_phone=&#8221;25px&#8221; header_font_size_last_edited=&#8221;on|phone&#8221; global_colors_info=&#8221;{}&#8221;]<\/p>\n<h1>Ing. Edwin Rodas<\/h1>\n<p>[\/et_pb_text][et_pb_text _builder_version=&#8221;4.21.2&#8243; _module_preset=&#8221;default&#8221; text_font=&#8221;Poppins||||||||&#8221; text_text_color=&#8221;#000000&#8243; text_font_size=&#8221;15px&#8221; text_line_height=&#8221;1.6em&#8221; text_orientation=&#8221;justified&#8221; custom_margin=&#8221;-20px||||false|false&#8221; text_font_size_tablet=&#8221;15px&#8221; text_font_size_phone=&#8221;12px&#8221; text_font_size_last_edited=&#8221;on|phone&#8221; global_colors_info=&#8221;{}&#8221;]<\/p>\n<p>Ingeniero El\u00e9ctrico por la USAC, con especializaci\u00f3n en energ\u00eda por la Organizaci\u00f3n Latinoamericana de Energ\u00eda. Catedr\u00e1tico en el Instituto de Recursos Energ\u00e9ticos de la Universidad Galileo y Consultor Senior en Energ\u00eda y Mercado El\u00e9ctrico. Fue Viceministro de Energ\u00eda y Minas y Comisionado por Guatemala en la CRIE (2012-2015). Actualmente, es Presidente de MELECSA, empresa que ofrece consultor\u00eda en inversiones, PPA, y software para transacciones el\u00e9ctricas en Guatemala y Centroam\u00e9rica. Anteriormente, fue Director de Regulaci\u00f3n y Vicepresidente de Duke Energy International (2001-2009).<\/p>\n<p>[\/et_pb_text][\/et_pb_column][\/et_pb_row][\/et_pb_section][et_pb_section fb_built=&#8221;1&#8243; prev_background_color=&#8221;#ffffff&#8221; _builder_version=&#8221;4.21.2&#8243; _module_preset=&#8221;default&#8221; background_color=&#8221;#f68c38&#8243; top_divider_style=&#8221;curve2&#8243; top_divider_height=&#8221;70px&#8221; top_divider_flip=&#8221;vertical&#8221; top_divider_height_tablet=&#8221;60px&#8221; top_divider_height_phone=&#8221;60px&#8221; top_divider_height_last_edited=&#8221;on|tablet&#8221; global_colors_info=&#8221;{}&#8221;][et_pb_row _builder_version=&#8221;4.21.2&#8243; _module_preset=&#8221;default&#8221; custom_padding=&#8221;63px||18px||false|false&#8221; global_colors_info=&#8221;{}&#8221;][et_pb_column type=&#8221;4_4&#8243; _builder_version=&#8221;4.21.2&#8243; _module_preset=&#8221;default&#8221; global_colors_info=&#8221;{}&#8221;][et_pb_text _builder_version=&#8221;4.21.2&#8243; _module_preset=&#8221;default&#8221; header_2_font=&#8221;Poppins|700|||||||&#8221; header_2_text_align=&#8221;center&#8221; header_2_text_color=&#8221;#FFFFFF&#8221; header_2_font_size=&#8221;50px&#8221; custom_padding=&#8221;||17px|||&#8221; header_2_font_size_tablet=&#8221;50px&#8221; header_2_font_size_phone=&#8221;40px&#8221; header_2_font_size_last_edited=&#8221;on|phone&#8221; global_colors_info=&#8221;{}&#8221;]<\/p>\n<h2><b>\u00a1Reg\u00edstrate aqu\u00ed!<\/b><\/h2>\n<p>[\/et_pb_text][et_pb_text _builder_version=&#8221;4.21.2&#8243; _module_preset=&#8221;default&#8221; text_font=&#8221;Poppins|500|||||||&#8221; text_text_color=&#8221;#ffffff&#8221; text_font_size=&#8221;22px&#8221; text_line_height=&#8221;1.4em&#8221; text_orientation=&#8221;center&#8221; custom_margin=&#8221;-15px||26px||false|false&#8221; text_font_size_tablet=&#8221;22px&#8221; text_font_size_phone=&#8221;17px&#8221; text_font_size_last_edited=&#8221;on|phone&#8221; global_colors_info=&#8221;{}&#8221;]<\/p>\n<p>\u00a1No pierdas la oportunidad de ser parte del avance hacia un futuro energ\u00e9tico m\u00e1s competitivo y sostenible en nuestro evento sobre la licitaci\u00f3n PEG 05-2025!<\/p>\n<p>[\/et_pb_text][\/et_pb_column][\/et_pb_row][\/et_pb_section][et_pb_section fb_built=&#8221;1&#8243; _builder_version=&#8221;4.16&#8243; background_color=&#8221;#ffffff&#8221; custom_padding=&#8221;47px|||||&#8221; top_divider_color=&#8221;#57cc99&#8243; top_divider_flip=&#8221;vertical&#8221; locked=&#8221;off&#8221; global_colors_info=&#8221;{}&#8221;][et_pb_row column_structure=&#8221;1_2,1_2&#8243; custom_padding_last_edited=&#8221;on|phone&#8221; module_id=&#8221;formulario&#8221; _builder_version=&#8221;4.21.2&#8243; background_size=&#8221;initial&#8221; background_position=&#8221;top_left&#8221; background_repeat=&#8221;repeat&#8221; custom_margin=&#8221;-31px||||false|false&#8221; custom_padding=&#8221;0px|0px|0|0px|false|false&#8221; custom_padding_tablet=&#8221;&#8221; custom_padding_phone=&#8221;5%||0%|&#8221; global_colors_info=&#8221;{}&#8221;][et_pb_column type=&#8221;1_2&#8243; _builder_version=&#8221;4.16&#8243; custom_padding=&#8221;|||&#8221; global_colors_info=&#8221;{}&#8221; custom_padding__hover=&#8221;|||&#8221;][et_pb_text _builder_version=&#8221;4.21.2&#8243; _module_preset=&#8221;default&#8221; text_font=&#8221;Poppins|500|||||||&#8221; text_text_color=&#8221;#000000&#8243; text_font_size=&#8221;22px&#8221; text_line_height=&#8221;1.4em&#8221; text_orientation=&#8221;center&#8221; min_height=&#8221;148px&#8221; custom_margin=&#8221;30px||||false|false&#8221; text_font_size_tablet=&#8221;22px&#8221; text_font_size_phone=&#8221;16px&#8221; text_font_size_last_edited=&#8221;on|phone&#8221; locked=&#8221;off&#8221; global_colors_info=&#8221;{}&#8221;]<\/p>\n<p>Participa en el webinar que se llevar\u00e1 a cabo el jueves 26 de septiembre a las 18:30 horas\u00a0 (UTC-6).<\/p>\n<p><strong>Deja tus datos a continuaci\u00f3n para <\/strong><span style=\"color: #f68c38;\"><strong>reservar tu espacio:<\/strong><\/span><\/p>\n<p>[\/et_pb_text][et_pb_code _builder_version=&#8221;4.16&#8243; global_colors_info=&#8221;{}&#8221;][\/et_pb_code][\/et_pb_column][et_pb_column type=&#8221;1_2&#8243; _builder_version=&#8221;4.16&#8243; custom_padding=&#8221;|||&#8221; global_colors_info=&#8221;{}&#8221; custom_padding__hover=&#8221;|||&#8221;][et_pb_code _builder_version=&#8221;4.21.2&#8243; global_colors_info=&#8221;{}&#8221;]<\/p>\n<div id=\"mc_embed_shell\"><!-- [et_pb_line_break_holder] -->      <link href=\"\/\/cdn-images.mailchimp.com\/embedcode\/classic-061523.css\" rel=\"stylesheet\" type=\"text\/css\"><!-- [et_pb_line_break_holder] -->  <\/p>\n<style type=\"text\/css\"><!-- [et_pb_line_break_holder] -->        #mc_embed_signup{background:#fff; false;clear:left; font:14px Helvetica,Arial,sans-serif; width: px;}<!-- [et_pb_line_break_holder] -->        \/* Add your own Mailchimp form style overrides in your site stylesheet or in this style block.<!-- [et_pb_line_break_holder] -->           We recommend moving this block and the preceding CSS link to the HEAD of your HTML file. *\/<!-- [et_pb_line_break_holder] --><\/style>\n<p><!-- [et_pb_line_break_holder] --><\/p>\n<div id=\"mc_embed_signup\"><!-- [et_pb_line_break_holder] -->    <\/p>\n<form action=\"https:\/\/galileo.us18.list-manage.com\/subscribe\/post?u=2ce9b0b87f346aca80c5c4aff&#038;id=74009ce14b&#038;f_id=002832e1f0\" method=\"post\" id=\"mc-embedded-subscribe-form\" name=\"mc-embedded-subscribe-form\" class=\"validate\" target=\"_self\" novalidate=\"\"><!-- [et_pb_line_break_holder] -->        <\/p>\n<div id=\"mc_embed_signup_scroll\"><!-- [et_pb_line_break_holder] -->            <\/p>\n<div class=\"indicates-required\"><span class=\"asterisk\">*<\/span> indica que es obligatorio<\/div>\n<p><!-- [et_pb_line_break_holder] -->            <\/p>\n<div class=\"mc-field-group\"><label for=\"mce-FNAME\">Nombres <\/label><input type=\"text\" name=\"FNAME\" class=\" text\" id=\"mce-FNAME\" value=\"\"><\/div>\n<div class=\"mc-field-group\"><label for=\"mce-LNAME\">Apellidos <\/label><input type=\"text\" name=\"LNAME\" class=\" text\" id=\"mce-LNAME\" value=\"\"><\/div>\n<div class=\"mc-field-group\"><label for=\"mce-EMAIL\">Correo electr\u00f3nico <span class=\"asterisk\">*<\/span><\/label><input type=\"email\" name=\"EMAIL\" class=\"required email\" id=\"mce-EMAIL\" value=\"\" required=\"\"><\/div>\n<div class=\"mc-field-group\"><label for=\"mce-MMERGE4\">Tel\u00e9fono <\/label><input type=\"number\" name=\"MMERGE4\" class=\" number\" id=\"mce-MMERGE4\" value=\"\"><\/div>\n<div class=\"mc-field-group input-group\"><strong>T\u00e9rminos <\/strong><\/p>\n<ul>\n<li><input type=\"radio\" name=\"TERMS\" id=\"mce-TERMS0\" value=\"Acepto recibir informaci\u00f3n relacionada a este evento.\"><label for=\"mce-TERMS0\">Acepto recibir informaci\u00f3n relacionada a este evento.<\/label><\/li>\n<\/ul>\n<\/div>\n<p><!-- [et_pb_line_break_holder] -->        <\/p>\n<div id=\"mce-responses\" class=\"clear\"><!-- [et_pb_line_break_holder] -->            <\/p>\n<div class=\"response\" id=\"mce-error-response\" style=\"display: none;\"><\/div>\n<p><!-- [et_pb_line_break_holder] -->            <\/p>\n<div class=\"response\" id=\"mce-success-response\" style=\"display: none;\"><\/div>\n<p><!-- [et_pb_line_break_holder] -->        <\/div>\n<div aria-hidden=\"true\" style=\"position: absolute; left: -5000px;\"><input type=\"text\" name=\"b_2ce9b0b87f346aca80c5c4aff_74009ce14b\" tabindex=\"-1\" value=\"\"><\/div>\n<div class=\"clear\"><input type=\"submit\" name=\"subscribe\" id=\"mc-embedded-subscribe\" class=\"button\" value=\"Registrarme\"><\/div>\n<p><!-- [et_pb_line_break_holder] -->    <\/div>\n<p><!-- [et_pb_line_break_holder] --><\/form>\n<p><!-- [et_pb_line_break_holder] --><\/div>\n<p><!-- [et_pb_line_break_holder] --><\/div>\n<p>[\/et_pb_code][\/et_pb_column][\/et_pb_row][\/et_pb_section][et_pb_section fb_built=&#8221;1&#8243; theme_builder_area=&#8221;post_content&#8221; _builder_version=&#8221;4.21.2&#8243; _module_preset=&#8221;default&#8221;][et_pb_row _builder_version=&#8221;4.21.2&#8243; _module_preset=&#8221;default&#8221; theme_builder_area=&#8221;post_content&#8221;][et_pb_column _builder_version=&#8221;4.21.2&#8243; _module_preset=&#8221;default&#8221; type=&#8221;4_4&#8243; theme_builder_area=&#8221;post_content&#8221;][et_pb_text _builder_version=&#8221;4.21.2&#8243; _module_preset=&#8221;default&#8221; theme_builder_area=&#8221;post_content&#8221; hover_enabled=&#8221;0&#8243; sticky_enabled=&#8221;0&#8243;]<\/p>\n<h1 style=\"text-align: center;\"><strong>Con el apoyo de:<\/strong><\/h1>\n<p>[\/et_pb_text][et_pb_image src=&#8221;http:\/\/www.galileo.edu\/page\/wp-content\/uploads\/2024\/09\/descarga.png&#8221; _builder_version=&#8221;4.21.2&#8243; _module_preset=&#8221;default&#8221; theme_builder_area=&#8221;post_content&#8221; title_text=&#8221;descarga&#8221; align=&#8221;center&#8221; hover_enabled=&#8221;0&#8243; sticky_enabled=&#8221;0&#8243;][\/et_pb_image][\/et_pb_column][\/et_pb_row][\/et_pb_section][et_pb_section fb_built=&#8221;1&#8243; _builder_version=&#8221;4.16&#8243; background_color=&#8221;#353535&#8243; custom_margin=&#8221;-21px|||||&#8221; custom_padding=&#8221;|||&#8221; global_colors_info=&#8221;{}&#8221;][et_pb_row custom_padding_last_edited=&#8221;on|desktop&#8221; disabled_on=&#8221;off|off|off&#8221; _builder_version=&#8221;4.16&#8243; module_alignment=&#8221;center&#8221; custom_padding=&#8221;|||&#8221; custom_padding_tablet=&#8221;&#8221; custom_padding_phone=&#8221;8%|||&#8221; global_colors_info=&#8221;{}&#8221;][et_pb_column type=&#8221;4_4&#8243; _builder_version=&#8221;4.16&#8243; custom_padding=&#8221;|||&#8221; global_colors_info=&#8221;{}&#8221; custom_padding__hover=&#8221;|||&#8221;][et_pb_text _builder_version=&#8221;4.16&#8243; text_font=&#8221;Montserrat|800|||||||&#8221; text_text_color=&#8221;#ffffff&#8221; text_font_size=&#8221;41px&#8221; text_orientation=&#8221;center&#8221; global_colors_info=&#8221;{}&#8221;] Contacto [\/et_pb_text][\/et_pb_column][\/et_pb_row][et_pb_row column_structure=&#8221;1_4,1_4,1_4,1_4&#8243; _builder_version=&#8221;4.16&#8243; custom_padding=&#8221;|||&#8221; global_colors_info=&#8221;{}&#8221;][et_pb_column type=&#8221;1_4&#8243; _builder_version=&#8221;4.16&#8243; custom_padding=&#8221;|||&#8221; global_colors_info=&#8221;{}&#8221; custom_padding__hover=&#8221;|||&#8221;][et_pb_text _builder_version=&#8221;4.16&#8243; header_font=&#8221;||||||||&#8221; header_text_color=&#8221;#f2eecc&#8221; header_3_font=&#8221;Raleway|700|||||||&#8221; header_3_text_align=&#8221;center&#8221; header_3_text_color=&#8221;#ffffff&#8221; header_5_font=&#8221;Raleway||||||||&#8221; header_5_text_align=&#8221;center&#8221; header_5_text_color=&#8221;#ffffff&#8221; global_colors_info=&#8221;{}&#8221;]<\/p>\n<h3 style=\"text-align: center;\"><strong>Tel\u00e9fono:<\/strong><\/h3>\n<h5 style=\"text-align: center;\">+502 2423-8000<\/h5>\n<h5 style=\"text-align: center;\">Ext. 7327<\/h5>\n<p>[\/et_pb_text][\/et_pb_column][et_pb_column type=&#8221;1_4&#8243; _builder_version=&#8221;4.16&#8243; custom_padding=&#8221;|||&#8221; global_colors_info=&#8221;{}&#8221; custom_padding__hover=&#8221;|||&#8221;][et_pb_text _builder_version=&#8221;4.16&#8243; header_font=&#8221;||||||||&#8221; header_text_color=&#8221;#f2eecc&#8221; header_3_font=&#8221;Raleway|700|||||||&#8221; header_3_text_align=&#8221;center&#8221; header_3_text_color=&#8221;#ffffff&#8221; header_5_font=&#8221;Raleway||||||||&#8221; header_5_text_align=&#8221;center&#8221; header_5_text_color=&#8221;#ffffff&#8221; global_colors_info=&#8221;{}&#8221;]<\/p>\n<h3 style=\"text-align: center;\"><strong>Correo:<\/strong><\/h3>\n<h5 style=\"text-align: center;\">ire@galileo.edu<\/h5>\n<p>[\/et_pb_text][\/et_pb_column][et_pb_column type=&#8221;1_4&#8243; _builder_version=&#8221;4.16&#8243; custom_padding=&#8221;|||&#8221; global_colors_info=&#8221;{}&#8221; custom_padding__hover=&#8221;|||&#8221;][et_pb_text _builder_version=&#8221;4.21.2&#8243; header_font=&#8221;||||||||&#8221; header_3_font=&#8221;Raleway|700|||||||&#8221; header_3_text_align=&#8221;center&#8221; header_3_text_color=&#8221;#ffffff&#8221; header_5_font=&#8221;Raleway||||||||&#8221; header_5_text_align=&#8221;center&#8221; header_5_text_color=&#8221;#ffffff&#8221; header_5_line_height=&#8221;1.2em&#8221; global_colors_info=&#8221;{}&#8221;]<\/p>\n<h3 style=\"text-align: center;\"><strong>Direcci\u00f3n:<\/strong><\/h3>\n<h5 style=\"text-align: center;\">Oficina 3001 3er Nivel, Torre 1, Galileo, Campus Central,\u00a0 zona 10, Universidad Galileo<\/h5>\n<p>[\/et_pb_text][\/et_pb_column][et_pb_column type=&#8221;1_4&#8243; _builder_version=&#8221;4.16&#8243; custom_padding=&#8221;|||&#8221; global_colors_info=&#8221;{}&#8221; custom_padding__hover=&#8221;|||&#8221;][et_pb_text _builder_version=&#8221;4.16&#8243; header_font=&#8221;||||||||&#8221; header_text_color=&#8221;#f2eecc&#8221; header_3_font=&#8221;Raleway|700|||||||&#8221; header_3_text_align=&#8221;center&#8221; header_3_text_color=&#8221;#ffffff&#8221; header_5_font=&#8221;Raleway||||||||&#8221; header_5_text_align=&#8221;center&#8221; header_5_text_color=&#8221;#ffffff&#8221; global_colors_info=&#8221;{}&#8221;]<\/p>\n<h3 style=\"text-align: center;\"><strong>Admisiones Galileo:<\/strong><\/h3>\n<h5 style=\"text-align: center;\"><a href=\"http:\/\/www.facebook.com\/admisionesgalileo\" target=\"_blank\" rel=\"noopener noreferrer\"><img decoding=\"async\" loading=\"lazy\" class=\"wp-image-14380 alignnone size-full\" src=\"https:\/\/www.galileo.edu\/page\/wp-content\/uploads\/2019\/06\/f_logo_RGB-White_72.png\" alt=\"\" width=\"45\" height=\"45\" srcset=\"https:\/\/www.galileo.edu\/page\/wp-content\/uploads\/2019\/06\/f_logo_RGB-White_72.png 159w, https:\/\/www.galileo.edu\/page\/wp-content\/uploads\/2019\/06\/f_logo_RGB-White_72-150x150.png 150w\" sizes=\"(max-width: 45px) 100vw, 45px\" \/><\/a><\/h5>\n<p>[\/et_pb_text][\/et_pb_column][\/et_pb_row][et_pb_row column_structure=&#8221;1_2,1_2&#8243; _builder_version=&#8221;4.16&#8243; width=&#8221;81.2%&#8221; global_colors_info=&#8221;{}&#8221;][et_pb_column type=&#8221;1_2&#8243; _builder_version=&#8221;4.16&#8243; custom_padding=&#8221;|||&#8221; global_colors_info=&#8221;{}&#8221; custom_padding__hover=&#8221;|||&#8221;][et_pb_image src=&#8221;https:\/\/www.galileo.edu\/page\/wp-content\/uploads\/2023\/09\/Blanco_Logo-Galileo-sin-slogan-1-1.png&#8221; title_text=&#8221;LogoGalileo_Blanco&#8221; url=&#8221;https:\/\/www.galileo.edu\/&#8221; url_new_window=&#8221;on&#8221; align=&#8221;center&#8221; _builder_version=&#8221;4.21.2&#8243; _module_preset=&#8221;default&#8221; width=&#8221;48%&#8221; width_tablet=&#8221;44%&#8221; width_phone=&#8221;62%&#8221; width_last_edited=&#8221;on|tablet&#8221; module_alignment=&#8221;center&#8221; min_height_tablet=&#8221;&#8221; min_height_phone=&#8221;&#8221; min_height_last_edited=&#8221;on|tablet&#8221; custom_margin=&#8221;-24px||||false|false&#8221; custom_margin_tablet=&#8221;-24px||||false|false&#8221; custom_margin_phone=&#8221;-24px||||false|false&#8221; custom_margin_last_edited=&#8221;on|desktop&#8221; global_colors_info=&#8221;{}&#8221;][\/et_pb_image][\/et_pb_column][et_pb_column type=&#8221;1_2&#8243; _builder_version=&#8221;4.16&#8243; custom_padding=&#8221;|||&#8221; global_colors_info=&#8221;{}&#8221; custom_padding__hover=&#8221;|||&#8221;][et_pb_image src=&#8221;http:\/\/www.galileo.edu\/page\/wp-content\/uploads\/2023\/08\/IRE-C.png&#8221; title_text=&#8221;IRE-C&#8221; url=&#8221;https:\/\/www.galileo.edu\/ire\/&#8221; url_new_window=&#8221;on&#8221; align=&#8221;center&#8221; _builder_version=&#8221;4.21.2&#8243; _module_preset=&#8221;default&#8221; width=&#8221;40%&#8221; width_tablet=&#8221;38%&#8221; width_phone=&#8221;67%&#8221; width_last_edited=&#8221;on|tablet&#8221; max_width=&#8221;100%&#8221; global_colors_info=&#8221;{}&#8221;][\/et_pb_image][\/et_pb_column][\/et_pb_row][\/et_pb_section]<\/p>\n","protected":false},"excerpt":{"rendered":"<p>Objetivo del eventoEn un contexto global donde la transici\u00f3n hacia energ\u00edas limpias y sostenibles es crucial, Guatemala enfrenta el desaf\u00edo de optimizar su proceso de licitaci\u00f3n de energ\u00eda el\u00e9ctrica para satisfacer la creciente demanda y diversificar su matriz energ\u00e9tica. Este evento se enfocar\u00e1 en los aspectos clave del proceso de licitaci\u00f3n, su impacto en la [&hellip;]<\/p>\n","protected":false},"author":29,"featured_media":90246,"parent":0,"menu_order":0,"comment_status":"closed","ping_status":"closed","template":"page-template-blank.php","meta":{"_et_pb_use_builder":"on","_et_pb_old_content":"","_et_gb_content_width":""},"yoast_head":"<!-- This site is optimized with the Yoast SEO plugin v20.13 - https:\/\/yoast.com\/wordpress\/plugins\/seo\/ -->\n<title>Webinar: Licitaciones de energ\u00eda el\u00e9ctrica en Guatemala, clave para un Mercado Competitivo y Sostenible<\/title>\n<meta name=\"description\" content=\"Te invitamos a participar en nuestro webinar exclusivo sobre el proceso de licitaci\u00f3n PEG 05-2025, una oportunidad \u00fanica para conocer c\u00f3mo Guatemala planea diversificar su matriz energ\u00e9tica y satisfacer la creciente demanda de electricidad. Este evento est\u00e1 dise\u00f1ado para tomadores de decisi\u00f3n del sector el\u00e9ctrico y brindar\u00e1 informaci\u00f3n clave para empresas nacionales e internacionales interesadas en participar en futuras licitaciones.\" \/>\n<meta name=\"robots\" content=\"index, follow, max-snippet:-1, max-image-preview:large, max-video-preview:-1\" \/>\n<link rel=\"canonical\" href=\"https:\/\/www.galileo.edu\/page\/webinar-licitaciones-energia-electrica-guatemala\/\" \/>\n<meta property=\"og:locale\" content=\"en_US\" \/>\n<meta property=\"og:type\" content=\"article\" \/>\n<meta property=\"og:title\" content=\"Webinar: Licitaciones de energ\u00eda el\u00e9ctrica en Guatemala, clave para un Mercado Competitivo y Sostenible\" \/>\n<meta property=\"og:description\" content=\"Te invitamos a participar en nuestro webinar exclusivo sobre el proceso de licitaci\u00f3n PEG 05-2025, una oportunidad \u00fanica para conocer c\u00f3mo Guatemala planea diversificar su matriz energ\u00e9tica y satisfacer la creciente demanda de electricidad. Este evento est\u00e1 dise\u00f1ado para tomadores de decisi\u00f3n del sector el\u00e9ctrico y brindar\u00e1 informaci\u00f3n clave para empresas nacionales e internacionales interesadas en participar en futuras licitaciones.\" \/>\n<meta property=\"og:url\" content=\"https:\/\/www.galileo.edu\/page\/webinar-licitaciones-energia-electrica-guatemala\/\" \/>\n<meta property=\"og:site_name\" content=\"Universidad Galileo\" \/>\n<meta property=\"article:modified_time\" content=\"2024-09-17T20:07:06+00:00\" \/>\n<meta property=\"og:image\" content=\"http:\/\/www.galileo.edu\/page\/wp-content\/uploads\/2024\/09\/IRE-Banner-de-eventos-.png\" \/>\n\t<meta property=\"og:image:width\" content=\"554\" \/>\n\t<meta property=\"og:image:height\" content=\"674\" \/>\n\t<meta property=\"og:image:type\" content=\"image\/png\" \/>\n<meta name=\"twitter:card\" content=\"summary_large_image\" \/>\n<meta name=\"twitter:label1\" content=\"Est. reading time\" \/>\n\t<meta name=\"twitter:data1\" content=\"5 minutes\" \/>\n<script type=\"application\/ld+json\" class=\"yoast-schema-graph\">{\"@context\":\"https:\/\/schema.org\",\"@graph\":[{\"@type\":\"WebPage\",\"@id\":\"https:\/\/www.galileo.edu\/page\/webinar-licitaciones-energia-electrica-guatemala\/\",\"url\":\"https:\/\/www.galileo.edu\/page\/webinar-licitaciones-energia-electrica-guatemala\/\",\"name\":\"Webinar: Licitaciones de energ\u00eda el\u00e9ctrica en Guatemala, clave para un Mercado Competitivo y Sostenible\",\"isPartOf\":{\"@id\":\"https:\/\/www.galileo.edu\/page\/#website\"},\"datePublished\":\"2024-09-16T17:36:50+00:00\",\"dateModified\":\"2024-09-17T20:07:06+00:00\",\"description\":\"Te invitamos a participar en nuestro webinar exclusivo sobre el proceso de licitaci\u00f3n PEG 05-2025, una oportunidad \u00fanica para conocer c\u00f3mo Guatemala planea diversificar su matriz energ\u00e9tica y satisfacer la creciente demanda de electricidad. Este evento est\u00e1 dise\u00f1ado para tomadores de decisi\u00f3n del sector el\u00e9ctrico y brindar\u00e1 informaci\u00f3n clave para empresas nacionales e internacionales interesadas en participar en futuras licitaciones.\",\"breadcrumb\":{\"@id\":\"https:\/\/www.galileo.edu\/page\/webinar-licitaciones-energia-electrica-guatemala\/#breadcrumb\"},\"inLanguage\":\"en-US\",\"potentialAction\":[{\"@type\":\"ReadAction\",\"target\":[\"https:\/\/www.galileo.edu\/page\/webinar-licitaciones-energia-electrica-guatemala\/\"]}]},{\"@type\":\"BreadcrumbList\",\"@id\":\"https:\/\/www.galileo.edu\/page\/webinar-licitaciones-energia-electrica-guatemala\/#breadcrumb\",\"itemListElement\":[{\"@type\":\"ListItem\",\"position\":1,\"name\":\"Home\",\"item\":\"https:\/\/www.galileo.edu\/page\/home\/\"},{\"@type\":\"ListItem\",\"position\":2,\"name\":\"Webinar: Licitaciones de energ\u00eda el\u00e9ctrica en Guatemala, clave para un Mercado Competitivo y Sostenible\"}]},{\"@type\":\"WebSite\",\"@id\":\"https:\/\/www.galileo.edu\/page\/#website\",\"url\":\"https:\/\/www.galileo.edu\/page\/\",\"name\":\"Universidad Galileo\",\"description\":\"La revoluci\u00f3n en la educaci\u00f3n\",\"potentialAction\":[{\"@type\":\"SearchAction\",\"target\":{\"@type\":\"EntryPoint\",\"urlTemplate\":\"https:\/\/www.galileo.edu\/page\/?s={search_term_string}\"},\"query-input\":\"required name=search_term_string\"}],\"inLanguage\":\"en-US\"}]}<\/script>\n<!-- \/ Yoast SEO plugin. -->","yoast_head_json":{"title":"Webinar: Licitaciones de energ\u00eda el\u00e9ctrica en Guatemala, clave para un Mercado Competitivo y Sostenible","description":"Te invitamos a participar en nuestro webinar exclusivo sobre el proceso de licitaci\u00f3n PEG 05-2025, una oportunidad \u00fanica para conocer c\u00f3mo Guatemala planea diversificar su matriz energ\u00e9tica y satisfacer la creciente demanda de electricidad. Este evento est\u00e1 dise\u00f1ado para tomadores de decisi\u00f3n del sector el\u00e9ctrico y brindar\u00e1 informaci\u00f3n clave para empresas nacionales e internacionales interesadas en participar en futuras licitaciones.","robots":{"index":"index","follow":"follow","max-snippet":"max-snippet:-1","max-image-preview":"max-image-preview:large","max-video-preview":"max-video-preview:-1"},"canonical":"https:\/\/www.galileo.edu\/page\/webinar-licitaciones-energia-electrica-guatemala\/","og_locale":"en_US","og_type":"article","og_title":"Webinar: Licitaciones de energ\u00eda el\u00e9ctrica en Guatemala, clave para un Mercado Competitivo y Sostenible","og_description":"Te invitamos a participar en nuestro webinar exclusivo sobre el proceso de licitaci\u00f3n PEG 05-2025, una oportunidad \u00fanica para conocer c\u00f3mo Guatemala planea diversificar su matriz energ\u00e9tica y satisfacer la creciente demanda de electricidad. Este evento est\u00e1 dise\u00f1ado para tomadores de decisi\u00f3n del sector el\u00e9ctrico y brindar\u00e1 informaci\u00f3n clave para empresas nacionales e internacionales interesadas en participar en futuras licitaciones.","og_url":"https:\/\/www.galileo.edu\/page\/webinar-licitaciones-energia-electrica-guatemala\/","og_site_name":"Universidad Galileo","article_modified_time":"2024-09-17T20:07:06+00:00","og_image":[{"width":554,"height":674,"url":"http:\/\/www.galileo.edu\/page\/wp-content\/uploads\/2024\/09\/IRE-Banner-de-eventos-.png","type":"image\/png"}],"twitter_card":"summary_large_image","twitter_misc":{"Est. reading time":"5 minutes"},"schema":{"@context":"https:\/\/schema.org","@graph":[{"@type":"WebPage","@id":"https:\/\/www.galileo.edu\/page\/webinar-licitaciones-energia-electrica-guatemala\/","url":"https:\/\/www.galileo.edu\/page\/webinar-licitaciones-energia-electrica-guatemala\/","name":"Webinar: Licitaciones de energ\u00eda el\u00e9ctrica en Guatemala, clave para un Mercado Competitivo y Sostenible","isPartOf":{"@id":"https:\/\/www.galileo.edu\/page\/#website"},"datePublished":"2024-09-16T17:36:50+00:00","dateModified":"2024-09-17T20:07:06+00:00","description":"Te invitamos a participar en nuestro webinar exclusivo sobre el proceso de licitaci\u00f3n PEG 05-2025, una oportunidad \u00fanica para conocer c\u00f3mo Guatemala planea diversificar su matriz energ\u00e9tica y satisfacer la creciente demanda de electricidad. Este evento est\u00e1 dise\u00f1ado para tomadores de decisi\u00f3n del sector el\u00e9ctrico y brindar\u00e1 informaci\u00f3n clave para empresas nacionales e internacionales interesadas en participar en futuras licitaciones.","breadcrumb":{"@id":"https:\/\/www.galileo.edu\/page\/webinar-licitaciones-energia-electrica-guatemala\/#breadcrumb"},"inLanguage":"en-US","potentialAction":[{"@type":"ReadAction","target":["https:\/\/www.galileo.edu\/page\/webinar-licitaciones-energia-electrica-guatemala\/"]}]},{"@type":"BreadcrumbList","@id":"https:\/\/www.galileo.edu\/page\/webinar-licitaciones-energia-electrica-guatemala\/#breadcrumb","itemListElement":[{"@type":"ListItem","position":1,"name":"Home","item":"https:\/\/www.galileo.edu\/page\/home\/"},{"@type":"ListItem","position":2,"name":"Webinar: Licitaciones de energ\u00eda el\u00e9ctrica en Guatemala, clave para un Mercado Competitivo y Sostenible"}]},{"@type":"WebSite","@id":"https:\/\/www.galileo.edu\/page\/#website","url":"https:\/\/www.galileo.edu\/page\/","name":"Universidad Galileo","description":"La revoluci\u00f3n en la educaci\u00f3n","potentialAction":[{"@type":"SearchAction","target":{"@type":"EntryPoint","urlTemplate":"https:\/\/www.galileo.edu\/page\/?s={search_term_string}"},"query-input":"required name=search_term_string"}],"inLanguage":"en-US"}]}},"_links":{"self":[{"href":"https:\/\/www.galileo.edu\/page\/wp-json\/wp\/v2\/pages\/91051"}],"collection":[{"href":"https:\/\/www.galileo.edu\/page\/wp-json\/wp\/v2\/pages"}],"about":[{"href":"https:\/\/www.galileo.edu\/page\/wp-json\/wp\/v2\/types\/page"}],"author":[{"embeddable":true,"href":"https:\/\/www.galileo.edu\/page\/wp-json\/wp\/v2\/users\/29"}],"replies":[{"embeddable":true,"href":"https:\/\/www.galileo.edu\/page\/wp-json\/wp\/v2\/comments?post=91051"}],"version-history":[{"count":13,"href":"https:\/\/www.galileo.edu\/page\/wp-json\/wp\/v2\/pages\/91051\/revisions"}],"predecessor-version":[{"id":91151,"href":"https:\/\/www.galileo.edu\/page\/wp-json\/wp\/v2\/pages\/91051\/revisions\/91151"}],"wp:featuredmedia":[{"embeddable":true,"href":"https:\/\/www.galileo.edu\/page\/wp-json\/wp\/v2\/media\/90246"}],"wp:attachment":[{"href":"https:\/\/www.galileo.edu\/page\/wp-json\/wp\/v2\/media?parent=91051"}],"curies":[{"name":"wp","href":"https:\/\/api.w.org\/{rel}","templated":true}]}}