{"id":76526,"date":"2023-07-21T17:45:07","date_gmt":"2023-07-21T17:45:07","guid":{"rendered":"https:\/\/www.galileo.edu\/page\/?page_id=76526"},"modified":"2023-08-18T14:57:11","modified_gmt":"2023-08-18T14:57:11","slug":"accea-profxxi-es-profxxi-marco-de-competencias","status":"publish","type":"page","link":"https:\/\/www.galileo.edu\/page\/accea-profxxi-es-profxxi-marco-de-competencias\/","title":{"rendered":"Directorio CEAs ProfXXI ES &#8211; PROF XXI Marco de competencias"},"content":{"rendered":"<p>[et_pb_section fb_built=&#8221;1&#8243; _builder_version=&#8221;4.16&#8243; background_image=&#8221;http:\/\/www.galileo.edu\/page\/wp-content\/uploads\/2023\/07\/menu.jpg&#8221; custom_padding=&#8221;|||&#8221; border_width_bottom=&#8221;7px&#8221; border_color_bottom=&#8221;#757575&#8243; box_shadow_style=&#8221;preset3&#8243; global_colors_info=&#8221;{}&#8221;][et_pb_row module_class=&#8221; et_pb_row_fullwidth&#8221; _builder_version=&#8221;4.16&#8243; width=&#8221;89%&#8221; width_tablet=&#8221;80%&#8221; width_last_edited=&#8221;on|desktop&#8221; max_width=&#8221;89%&#8221; max_width_tablet=&#8221;80%&#8221; max_width_last_edited=&#8221;on|desktop&#8221; module_alignment=&#8221;center&#8221; custom_padding=&#8221;0|0px|0|0px|false|false&#8221; make_fullwidth=&#8221;on&#8221; global_colors_info=&#8221;{}&#8221; column_structure=&#8221;1_4,1_2,1_4&#8243; width_phone=&#8221;80%&#8221; max_width_phone=&#8221;80%&#8221;][et_pb_column type=&#8221;1_4&#8243; _builder_version=&#8221;4.16&#8243; custom_padding=&#8221;|||&#8221; global_colors_info=&#8221;{}&#8221; custom_padding__hover=&#8221;|||&#8221;][et_pb_image src=&#8221;http:\/\/www.galileo.edu\/page\/wp-content\/uploads\/2023\/07\/ProfXXI_150x90.png&#8221; align=&#8221;center&#8221; align_tablet=&#8221;center&#8221; align_last_edited=&#8221;on|desktop&#8221; _builder_version=&#8221;4.16&#8243; custom_margin=&#8221;30px|||&#8221; global_colors_info=&#8221;{}&#8221; align_phone=&#8221;center&#8221;][\/et_pb_image][\/et_pb_column][et_pb_column type=&#8221;1_2&#8243; _builder_version=&#8221;4.16&#8243; custom_padding=&#8221;|||&#8221; global_colors_info=&#8221;{}&#8221; custom_padding__hover=&#8221;|||&#8221;][et_pb_text _builder_version=&#8221;4.16&#8243; text_font=&#8221;||||||||&#8221; header_font=&#8221;Poppins|700|||||||&#8221; header_text_color=&#8221;#000000&#8243; header_font_size=&#8221;34px&#8221; header_2_font=&#8221;Poppins|700|||||||&#8221; header_2_text_color=&#8221;#cd7c0c&#8221; header_2_font_size=&#8221;34px&#8221; custom_margin=&#8221;30px|||&#8221; header_text_shadow_style=&#8221;preset3&#8243; header_text_shadow_blur_strength=&#8221;0.11em&#8221; header_2_text_shadow_style=&#8221;preset3&#8243; header_2_text_shadow_blur_strength=&#8221;0.11em&#8221; global_colors_info=&#8221;{}&#8221;]<\/p>\n<h1 style=\"text-align: center;\">Servicio de acreditaci\u00f3n<\/h1>\n<h2 style=\"text-align: center;\">de CEAs<\/h2>\n<p>[\/et_pb_text][\/et_pb_column][et_pb_column type=&#8221;1_4&#8243; _builder_version=&#8221;4.16&#8243; custom_padding=&#8221;|||&#8221; global_colors_info=&#8221;{}&#8221; custom_padding__hover=&#8221;|||&#8221;][et_pb_text _builder_version=&#8221;4.16&#8243; custom_margin=&#8221;-20px|||&#8221; custom_padding=&#8221;0px|||&#8221; global_colors_info=&#8221;{}&#8221;]<\/p>\n<p style=\"text-align: center;\"><a href=\"https:\/\/www.galileo.edu\/page\/accea-profxxi-en\" target=\"_blank\" rel=\"noopener noreferrer\"><img decoding=\"async\" loading=\"lazy\" src=\"https:\/\/www.galileo.edu\/page\/wp-content\/uploads\/2023\/07\/USA.jpg\" width=\"46\" height=\"30\" alt=\"\" class=\"wp-image-76573 alignnone size-full\" \/><\/a>\u00a0\u00a0<a href=\"https:\/\/www.galileo.edu\/page\/accea-profxxi-pt%20\" target=\"_blank\" rel=\"noopener noreferrer\"><img decoding=\"async\" loading=\"lazy\" src=\"https:\/\/www.galileo.edu\/page\/wp-content\/uploads\/2023\/07\/Portugal.jpg\" width=\"47\" height=\"31\" alt=\"\" class=\"wp-image-76575 alignnone size-full\" \/><\/a><\/p>\n<p>[\/et_pb_text][et_pb_text _builder_version=&#8221;4.16&#8243; text_font=&#8221;||||||||&#8221; header_font=&#8221;Poppins|700|||||||&#8221; header_text_color=&#8221;#ffffff&#8221; header_font_size=&#8221;34px&#8221; header_2_font=&#8221;Poppins|300|||||||&#8221; header_2_text_color=&#8221;#ffffff&#8221; header_2_font_size=&#8221;16px&#8221; header_2_line_height=&#8221;1.2em&#8221; background_color=&#8221;#8e8e8e&#8221; custom_margin=&#8221;-25px|||&#8221; custom_padding=&#8221;14px|11px|14px|11px&#8221; border_radii=&#8221;on|11px|11px|11px|11px&#8221; global_colors_info=&#8221;{}&#8221;]<\/p>\n<h1 style=\"text-align: center;\">PROF-XXI<\/h1>\n<h2 style=\"text-align: center;\">Centros de ense\u00f1anza aprendizaje<\/h2>\n<p>[\/et_pb_text][\/et_pb_column][\/et_pb_row][\/et_pb_section][et_pb_section fb_built=&#8221;1&#8243; fullwidth=&#8221;on&#8221; module_id=&#8221;menufijo&#8221; _builder_version=&#8221;4.16&#8243; background_color=&#8221;#cd7c0c&#8221; box_shadow_style=&#8221;preset6&#8243; global_colors_info=&#8221;{}&#8221;][et_pb_fullwidth_menu menu_id=&#8221;122&#8243; dropdown_menu_bg_color=&#8221;#ffffff&#8221; _builder_version=&#8221;4.16&#8243; menu_font=&#8221;|700|||||||&#8221; menu_text_color=&#8221;#ffffff&#8221; menu_font_size=&#8221;16px&#8221; background_color=&#8221;#cd7c0c&#8221; text_orientation=&#8221;center&#8221; custom_padding=&#8221;25px||25px|&#8221; global_colors_info=&#8221;{}&#8221;][\/et_pb_fullwidth_menu][\/et_pb_section][et_pb_section fb_built=&#8221;1&#8243; custom_padding_last_edited=&#8221;on|desktop&#8221; _builder_version=&#8221;4.16&#8243; custom_padding=&#8221;2%||2%|&#8221; custom_padding_tablet=&#8221;&#8221; custom_padding_phone=&#8221;&#8221; global_colors_info=&#8221;{}&#8221;][et_pb_row disabled_on=&#8221;on|off|off&#8221; _builder_version=&#8221;4.16&#8243; width=&#8221;12%&#8221; max_width=&#8221;12%&#8221; custom_margin=&#8221;-155px|49px||&#8221; custom_padding=&#8221;0|0px|0|0px|false|false&#8221; use_custom_width=&#8221;on&#8221; width_unit=&#8221;off&#8221; custom_width_percent=&#8221;12%&#8221; global_colors_info=&#8221;{}&#8221;][et_pb_column type=&#8221;4_4&#8243; _builder_version=&#8221;4.16&#8243; custom_padding=&#8221;|||&#8221; global_colors_info=&#8221;{}&#8221; custom_padding__hover=&#8221;|||&#8221;][et_pb_image src=&#8221;http:\/\/www.galileo.edu\/page\/wp-content\/uploads\/2023\/07\/casa.png&#8221; url=&#8221;#menufijo&#8221; align=&#8221;center&#8221; align_tablet=&#8221;center&#8221; align_last_edited=&#8221;on|desktop&#8221; _builder_version=&#8221;4.16&#8243; max_width=&#8221;20%&#8221; module_alignment=&#8221;center&#8221; global_colors_info=&#8221;{}&#8221; align_phone=&#8221;center&#8221;][\/et_pb_image][\/et_pb_column][\/et_pb_row][et_pb_row module_id=&#8221;centros&#8221; _builder_version=&#8221;4.16&#8243; custom_margin=&#8221;128px|||&#8221; custom_margin_tablet=&#8221;&#8221; custom_margin_phone=&#8221;119px|||&#8221; custom_margin_last_edited=&#8221;on|phone&#8221; custom_padding=&#8221;25px|0px|0|0px|false|false&#8221; global_colors_info=&#8221;{}&#8221; column_structure=&#8221;2_3,1_3&#8243;][et_pb_column type=&#8221;2_3&#8243; _builder_version=&#8221;4.16&#8243; custom_padding=&#8221;|||&#8221; global_colors_info=&#8221;{}&#8221; custom_padding__hover=&#8221;|||&#8221;][et_pb_text _builder_version=&#8221;4.16&#8243; text_font=&#8221;Poppins||||||||&#8221; header_font=&#8221;||||||||&#8221; header_2_font=&#8221;Poppins|700|||||||&#8221; header_2_text_color=&#8221;#000000&#8243; header_2_font_size=&#8221;32px&#8221; header_4_font=&#8221;Open Sans|600|||||||&#8221; header_4_text_color=&#8221;#df026c&#8221; header_4_font_size=&#8221;20px&#8221; header_2_font_size_tablet=&#8221;&#8221; header_2_font_size_phone=&#8221;&#8221; header_2_font_size_last_edited=&#8221;on|desktop&#8221; header_4_font_size_tablet=&#8221;&#8221; header_4_font_size_phone=&#8221;&#8221; header_4_font_size_last_edited=&#8221;on|desktop&#8221; global_colors_info=&#8221;{}&#8221;]<\/p>\n<h2>El Marco de Competencias PROF XXI para Centros de Ense\u00f1anza y Aprendizaje<\/h2>\n<p>[\/et_pb_text][et_pb_divider color=&#8221;#bd7b11&#8243; divider_weight=&#8221;9px&#8221; _builder_version=&#8221;4.16&#8243; max_width=&#8221;73%&#8221; global_colors_info=&#8221;{}&#8221;][\/et_pb_divider][\/et_pb_column][et_pb_column type=&#8221;1_3&#8243; _builder_version=&#8221;4.16&#8243; custom_padding=&#8221;|||&#8221; global_colors_info=&#8221;{}&#8221; custom_padding__hover=&#8221;|||&#8221;][\/et_pb_column][\/et_pb_row][et_pb_row module_id=&#8221;centros&#8221; _builder_version=&#8221;4.16&#8243; custom_padding=&#8221;25px|0px|0|0px|false|false&#8221; global_colors_info=&#8221;{}&#8221;][et_pb_column type=&#8221;4_4&#8243; _builder_version=&#8221;4.16&#8243; custom_padding=&#8221;|||&#8221; global_colors_info=&#8221;{}&#8221; custom_padding__hover=&#8221;|||&#8221;][et_pb_text _builder_version=&#8221;4.21.2&#8243; text_font=&#8221;Poppins||||||||&#8221; header_font=&#8221;||||||||&#8221; header_2_font=&#8221;Poppins|700|||||||&#8221; header_2_text_color=&#8221;#000000&#8243; header_2_font_size=&#8221;32px&#8221; header_4_font=&#8221;Open Sans|600|||||||&#8221; header_4_text_color=&#8221;#df026c&#8221; header_4_font_size=&#8221;20px&#8221; hover_enabled=&#8221;0&#8243; header_2_font_size_tablet=&#8221;&#8221; header_2_font_size_phone=&#8221;&#8221; header_2_font_size_last_edited=&#8221;on|desktop&#8221; header_4_font_size_tablet=&#8221;&#8221; header_4_font_size_phone=&#8221;&#8221; header_4_font_size_last_edited=&#8221;on|desktop&#8221; global_colors_info=&#8221;{}&#8221; sticky_enabled=&#8221;0&#8243;]<\/p>\n<p>El Marco PROF XXI: Competencias institucionales para el aprendizaje del siglo XXI se basa en el Marco Europeo para Organizaciones Educativas Digitalmente Competentes (DigCompOrg) y el posterior Marco Europeo para la Competencia Digital de los Educadores (DigCompEdu). Sin embargo, su enfoque no est\u00e1 en la preparaci\u00f3n digital de las organizaciones o de los educadores, sino en c\u00f3mo los Centros de Ense\u00f1anza y Aprendizaje (CEA\u00b4s) pueden encabezar y apoyar la innovaci\u00f3n de las pr\u00e1cticas de ense\u00f1anza y aprendizaje con el uso de tecnolog\u00edas digitales. El marco organiza un total de 50 competencias que se distribuyen en 5 niveles y 5 dimensiones que est\u00e1n interrelacionadas, como se ve en la siguiente tabla.<\/p>\n<p><img decoding=\"async\" loading=\"lazy\" class=\"wp-image-75999 alignnone size-full\" src=\"https:\/\/www.galileo.edu\/page\/wp-content\/uploads\/2023\/07\/image1.png\" alt=\"\" width=\"1109\" height=\"793\" \/><\/p>\n<p>Sobre la base de este marco competencial, el servicio de acreditaci\u00f3n PROF-XXI ha desarrollado una clasificaci\u00f3n del CEA expresada en 5 niveles, de la siguiente manera:<\/p>\n<p>[\/et_pb_text][et_pb_text _builder_version=&#8221;4.16&#8243; text_font=&#8221;Poppins||||||||&#8221; header_font=&#8221;||||||||&#8221; header_2_font=&#8221;Open Sans|700|||||||&#8221; header_2_text_color=&#8221;#000000&#8243; header_4_font=&#8221;Open Sans|600|||||||&#8221; header_4_text_color=&#8221;#df026c&#8221; header_4_font_size=&#8221;20px&#8221; custom_margin=&#8221;|||40px&#8221; header_2_font_size_tablet=&#8221;&#8221; header_2_font_size_phone=&#8221;&#8221; header_2_font_size_last_edited=&#8221;on|desktop&#8221; header_4_font_size_tablet=&#8221;&#8221; header_4_font_size_phone=&#8221;&#8221; header_4_font_size_last_edited=&#8221;on|desktop&#8221; global_colors_info=&#8221;{}&#8221;]<\/p>\n<ul>\n<li>Nivel 1 &#8211; DesarrolloNivel 1 &#8211; Desarrollo<\/li>\n<li>Nivel 2 &#8211; Innovaci\u00f3n<\/li>\n<li>Nivel 3 &#8211; Creaci\u00f3n de valor<\/li>\n<li>Nivel 4 &#8211; Nuevos desaf\u00edos y oportunidades<\/li>\n<li>Nivel 5 &#8211; Responsabilidad p\u00fablica de los impactos para la mejora continua.<\/li>\n<\/ul>\n<p>[\/et_pb_text][et_pb_text _builder_version=&#8221;4.16&#8243; text_font=&#8221;Poppins||||||||&#8221; header_font=&#8221;||||||||&#8221; header_2_font=&#8221;Open Sans|700|||||||&#8221; header_2_text_color=&#8221;#000000&#8243; header_4_font=&#8221;Open Sans|600|||||||&#8221; header_4_text_color=&#8221;#df026c&#8221; header_4_font_size=&#8221;20px&#8221; header_2_font_size_tablet=&#8221;&#8221; header_2_font_size_phone=&#8221;&#8221; header_2_font_size_last_edited=&#8221;on|desktop&#8221; header_4_font_size_tablet=&#8221;&#8221; header_4_font_size_phone=&#8221;&#8221; header_4_font_size_last_edited=&#8221;on|desktop&#8221; global_colors_info=&#8221;{}&#8221;]<\/p>\n<p>Para cada una de estas etapas de desarrollo, se han establecido una serie de normas e indicadores de calidad, a saber:<\/p>\n<p>[\/et_pb_text][\/et_pb_column][\/et_pb_row][\/et_pb_section][et_pb_section fb_built=&#8221;1&#8243; custom_padding_last_edited=&#8221;on|desktop&#8221; _builder_version=&#8221;4.16&#8243; background_color=&#8221;#f7f7f7&#8243; custom_padding=&#8221;0||0||true|false&#8221; custom_padding_tablet=&#8221;&#8221; custom_padding_phone=&#8221;&#8221; global_colors_info=&#8221;{}&#8221;][et_pb_row custom_padding_last_edited=&#8221;on|desktop&#8221; module_id=&#8221;demografiasitios&#8221; _builder_version=&#8221;4.16&#8243; custom_padding=&#8221;3%||3%||true&#8221; custom_padding_tablet=&#8221;&#8221; custom_padding_phone=&#8221;&#8221; global_colors_info=&#8221;{}&#8221;][et_pb_column type=&#8221;4_4&#8243; _builder_version=&#8221;4.16&#8243; custom_padding=&#8221;|||&#8221; global_colors_info=&#8221;{}&#8221; custom_padding__hover=&#8221;|||&#8221;][et_pb_text _builder_version=&#8221;4.16&#8243; text_font=&#8221;Poppins||||||||&#8221; header_font=&#8221;||||||||&#8221; header_3_font=&#8221;Poppins|700|||||||&#8221; header_3_text_color=&#8221;#ffffff&#8221; header_5_font=&#8221;Open Sans|700|||||||&#8221; header_5_text_color=&#8221;#ffffff&#8221; header_3_font_size_tablet=&#8221;&#8221; header_3_font_size_phone=&#8221;&#8221; header_3_font_size_last_edited=&#8221;on|desktop&#8221; header_5_font_size_tablet=&#8221;&#8221; header_5_font_size_phone=&#8221;&#8221; header_5_font_size_last_edited=&#8221;on|desktop&#8221; global_colors_info=&#8221;{}&#8221;]<\/p>\n<table style=\"width: 1112px; height: 564px;\">\n<thead>\n<tr style=\"background-color: #cd7c0c; border-color: #ffffff; text-align: center;\">\n<td style=\"width: 156px;\">\n<h3>NIVEL DE COMPETENCIA<\/h3>\n<\/td>\n<td style=\"width: 173px;\">\n<h3>OBJETIVO<\/h3>\n<\/td>\n<td style=\"width: 260.188px;\">\n<h3>EST\u00c1NDAR<\/h3>\n<\/td>\n<td style=\"width: 758.812px;\">\n<h3>INDICADORES DE CALIDAD<\/h3>\n<\/td>\n<\/tr>\n<\/thead>\n<tbody>\n<tr>\n<td style=\"text-align: center; width: 156px;\">Nivel 1<\/td>\n<td style=\"text-align: center; width: 173px;\"><em>Desarrollo<\/em><\/td>\n<td style=\"width: 260.188px; text-align: left;\">El CEA demuestra las competencias b\u00e1sicas para iniciar sus actividades.<\/td>\n<td style=\"text-align: center; width: 758.812px;\">\n<ul>\n<li style=\"text-align: left;\">El CEA cuenta con un conjunto de recursos humanos especializados, condiciones materiales e infraestructura tecnol\u00f3gica adecuada para apoyar a la comunidad educativa en la realizaci\u00f3n de procesos digitales de ense\u00f1anza y aprendizaje con calidad.<\/li>\n<li style=\"text-align: left;\">El CEA identifica pr\u00e1cticas docentes innovadoras y necesidades de apoyo por parte de los diferentes actores dentro de la Instituci\u00f3n de Educaci\u00f3n Superior (IES).<\/li>\n<li style=\"text-align: left;\">El CEA agrega retroalimentaci\u00f3n y organiza la reflexi\u00f3n de la IES y el aprendizaje institucional propio sobre los procesos de educaci\u00f3n digital.<\/li>\n<\/ul>\n<\/td>\n<\/tr>\n<tr style=\"background-color: #e0e0e0;\">\n<td style=\"text-align: center; width: 156px;\">Nivel 2<\/td>\n<td style=\"text-align: center; width: 173px;\"><em>Innovaci\u00f3n<\/em><\/td>\n<td style=\"width: 260.188px; text-align: left;\">El CEA demuestra tener las competencias necesarias para poder generar y promover la innovaci\u00f3n educativa en sus IES.<\/td>\n<td style=\"text-align: center; width: 758.812px;\">\n<ul>\n<li style=\"text-align: left;\">El CEA tiene la capacidad de instalar nuevas experiencias educativas de referencia.<\/li>\n<li style=\"text-align: left;\">El CEA promueve el uso competente de las tecnolog\u00edas digitales en los procesos de ense\u00f1anza y aprendizaje.<\/li>\n<li style=\"text-align: left;\">El CEA genera espacios de formaci\u00f3n e intercambio de buenas pr\u00e1cticas entre los diferentes actores.<\/li>\n<\/ul>\n<\/td>\n<\/tr>\n<tr>\n<td style=\"text-align: center; width: 156px;\">Nivel 3<\/td>\n<td style=\"text-align: center; width: 173px;\"><em>Creaci\u00f3n de valor<\/em><\/td>\n<td style=\"width: 260.188px; text-align: left;\">El CEA demuestra tener las competencias necesarias para generar valor en su instituci\u00f3n, provocando cambios y transformaciones en su cultura.<\/td>\n<td style=\"text-align: center; width: 758.812px;\">\n<ul>\n<li style=\"text-align: left;\">El CEA es capaz de difundir nuevos modelos de formaci\u00f3n y excelencia para promover el cambio.<\/li>\n<li style=\"text-align: left;\">La acci\u00f3n del CEA conduce a un aumento en la calidad de la educaci\u00f3n.<\/li>\n<li style=\"text-align: left;\">Las pol\u00edticas espec\u00edficas de IES para promover la educaci\u00f3n digital aplicadas por el CEA contribuyen eficazmente a la transformaci\u00f3n cultural de la instituci\u00f3n.<\/li>\n<li style=\"text-align: left;\">La acci\u00f3n del CEA promueve la instalaci\u00f3n de buenas pr\u00e1cticas.<\/li>\n<li style=\"text-align: left;\">El CEA genera evidencia sobre nuevas pr\u00e1cticas para apoyar la toma de decisiones por parte de los \u00f3rganos rectores de las IES.<\/li>\n<\/ul>\n<\/td>\n<\/tr>\n<tr style=\"background-color: #e0e0e0;\">\n<td style=\"text-align: center; width: 156px;\">Nivel 4<\/td>\n<td style=\"text-align: center; width: 173px;\"><em>Nuevos desaf\u00edos y oportunidades<\/em><\/td>\n<td style=\"width: 260.188px; text-align: left;\">El CEA demuestra tener las competencias necesarias para identificar nuevos desaf\u00edos institucionales relacionados con la innovaci\u00f3n y la calidad de la ense\u00f1anza.<\/td>\n<td style=\"text-align: center; width: 758.812px;\">\n<ul>\n<li style=\"text-align: left;\">El CEA es capaz de identificar y visualizar nuevos horizontes en la pr\u00e1ctica docente y escenarios de aprendizaje de calidad que mejoran el aprendizaje de los estudiantes.<\/li>\n<li style=\"text-align: left;\">El CEA define indicadores y m\u00e9tricas para evaluar las innovaciones educativas.<\/li>\n<li style=\"text-align: left;\">El CEA involucra a los actores de la instituci\u00f3n en diferentes niveles y sistematiza los desaf\u00edos de la informaci\u00f3n recopilada en acciones concretas para la estrategia institucional.<\/li>\n<\/ul>\n<\/td>\n<\/tr>\n<tr>\n<td style=\"text-align: center; width: 156px;\">Nivel 5<\/td>\n<td style=\"text-align: center; width: 173px;\"><em>Responsabilidad p\u00fablica de los impactos para la mejora continua<\/em><\/td>\n<td style=\"width: 260.188px; text-align: left;\">El CEA demuestra tener las habilidades necesarias para garantizar el monitoreo y la transparencia de las acciones llevadas a cabo.<\/td>\n<td style=\"text-align: center; width: 758.812px;\">\n<ul>\n<li style=\"text-align: left;\">El CEA eval\u00faa el impacto de las acciones tomadas para apoyar la innovaci\u00f3n en la ense\u00f1anza y el aprendizaje.<\/li>\n<li style=\"text-align: left;\">El CEA asegura la visibilidad del impacto de sus actividades a trav\u00e9s de informes internos y p\u00fablicos.<\/li>\n<li style=\"text-align: left;\">El CEA lleva a cabo proyectos de investigaci\u00f3n para evaluar el impacto de las actividades de innovaci\u00f3n realizadas o para apoyar la innovaci\u00f3n incremental continua.<\/li>\n<\/ul>\n<\/td>\n<\/tr>\n<\/tbody>\n<\/table>\n<p>[\/et_pb_text][\/et_pb_column][\/et_pb_row][\/et_pb_section][et_pb_section fb_built=&#8221;1&#8243; disabled_on=&#8221;on|off|off&#8221; _builder_version=&#8221;4.16&#8243; custom_padding=&#8221;34px|0px|16px|0px|false|false&#8221; border_color_all=&#8221;#727272&#8243; border_width_top=&#8221;8px&#8221; box_shadow_style=&#8221;preset1&#8243; global_colors_info=&#8221;{}&#8221;][et_pb_row use_custom_gutter=&#8221;on&#8221; gutter_width=&#8221;1&#8243; _builder_version=&#8221;4.16&#8243; max_width=&#8221;2600px&#8221; module_alignment=&#8221;center&#8221; use_custom_width=&#8221;on&#8221; custom_width_px=&#8221;2600px&#8221; global_colors_info=&#8221;{}&#8221; column_structure=&#8221;1_4,1_4,1_2&#8243;][et_pb_column type=&#8221;1_4&#8243; _builder_version=&#8221;4.16&#8243; custom_padding=&#8221;|||&#8221; global_colors_info=&#8221;{}&#8221; custom_padding__hover=&#8221;|||&#8221;][et_pb_text _builder_version=&#8221;4.16&#8243; text_font=&#8221;Poppins|700|||||||&#8221; text_font_size=&#8221;16px&#8221; text_orientation=&#8221;center&#8221; text_font_size_tablet=&#8221;&#8221; text_font_size_phone=&#8221;&#8221; text_font_size_last_edited=&#8221;on|desktop&#8221; global_colors_info=&#8221;{}&#8221;]<\/p>\n<p>Creado por:<\/p>\n<p>[\/et_pb_text][et_pb_divider show_divider=&#8221;off&#8221; _builder_version=&#8221;4.16&#8243; height=&#8221;17px&#8221; global_colors_info=&#8221;{}&#8221;][\/et_pb_divider][et_pb_image src=&#8221;http:\/\/www.galileo.edu\/page\/wp-content\/uploads\/2021\/01\/logo-GES-277&#215;90-no-txt.png&#8221; align_tablet=&#8221;center&#8221; align_last_edited=&#8221;on|desktop&#8221; _builder_version=&#8221;4.16&#8243; max_width=&#8221;35%&#8221; max_width_tablet=&#8221;&#8221; max_width_phone=&#8221;20%&#8221; max_width_last_edited=&#8221;on|desktop&#8221; module_alignment=&#8221;center&#8221; global_colors_info=&#8221;{}&#8221; align_phone=&#8221;center&#8221;][\/et_pb_image][\/et_pb_column][et_pb_column type=&#8221;1_4&#8243; _builder_version=&#8221;4.16&#8243; custom_padding=&#8221;|||&#8221; global_colors_info=&#8221;{}&#8221; custom_padding__hover=&#8221;|||&#8221;][et_pb_text _builder_version=&#8221;4.16&#8243; text_font=&#8221;Poppins|700|||||||&#8221; text_font_size=&#8221;16px&#8221; text_orientation=&#8221;center&#8221; text_font_size_tablet=&#8221;&#8221; text_font_size_phone=&#8221;&#8221; text_font_size_last_edited=&#8221;on|desktop&#8221; global_colors_info=&#8221;{}&#8221;]<\/p>\n<p>Con el apoyo de:<\/p>\n<p>[\/et_pb_text][et_pb_divider show_divider=&#8221;off&#8221; _builder_version=&#8221;4.16&#8243; height=&#8221;17px&#8221; global_colors_info=&#8221;{}&#8221;][\/et_pb_divider][et_pb_image src=&#8221;http:\/\/www.galileo.edu\/page\/wp-content\/uploads\/2018\/07\/Logo-Erasmus-UO.png&#8221; align=&#8221;center&#8221; align_tablet=&#8221;center&#8221; align_last_edited=&#8221;on|desktop&#8221; _builder_version=&#8221;4.16&#8243; max_width=&#8221;55%&#8221; max_width_tablet=&#8221;&#8221; max_width_phone=&#8221;30%&#8221; max_width_last_edited=&#8221;on|desktop&#8221; module_alignment=&#8221;center&#8221; custom_padding=&#8221;0%|||&#8221; global_colors_info=&#8221;{}&#8221; align_phone=&#8221;center&#8221;][\/et_pb_image][\/et_pb_column][et_pb_column type=&#8221;1_2&#8243; _builder_version=&#8221;4.16&#8243; custom_padding=&#8221;|||&#8221; global_colors_info=&#8221;{}&#8221; custom_padding__hover=&#8221;|||&#8221;][et_pb_text _builder_version=&#8221;4.16&#8243; text_font=&#8221;Poppins|700|||||||&#8221; text_font_size=&#8221;16px&#8221; text_orientation=&#8221;center&#8221; text_font_size_tablet=&#8221;&#8221; text_font_size_phone=&#8221;&#8221; text_font_size_last_edited=&#8221;on|desktop&#8221; global_colors_info=&#8221;{}&#8221;]<\/p>\n<p>En alianza con:<\/p>\n<p>[\/et_pb_text][et_pb_image src=&#8221;http:\/\/www.galileo.edu\/page\/wp-content\/uploads\/2021\/01\/cintillo-logos-u-profxxi.jpg&#8221; align_tablet=&#8221;center&#8221; align_last_edited=&#8221;on|desktop&#8221; _builder_version=&#8221;4.16&#8243; global_colors_info=&#8221;{}&#8221; align_phone=&#8221;center&#8221;][\/et_pb_image][\/et_pb_column][\/et_pb_row][et_pb_row _builder_version=&#8221;4.16&#8243; custom_padding=&#8221;|||&#8221; global_colors_info=&#8221;{}&#8221; column_structure=&#8221;1_3,1_3,1_3&#8243;][et_pb_column type=&#8221;1_3&#8243; _builder_version=&#8221;4.16&#8243; custom_padding=&#8221;|||&#8221; global_colors_info=&#8221;{}&#8221; custom_padding__hover=&#8221;|||&#8221;][et_pb_image src=&#8221;http:\/\/www.galileo.edu\/page\/wp-content\/uploads\/2020\/08\/proffxxi.png&#8221; align=&#8221;center&#8221; align_tablet=&#8221;center&#8221; align_last_edited=&#8221;on|desktop&#8221; _builder_version=&#8221;4.16&#8243; max_width=&#8221;45%&#8221; max_width_tablet=&#8221;&#8221; max_width_phone=&#8221;19%&#8221; max_width_last_edited=&#8221;on|desktop&#8221; global_colors_info=&#8221;{}&#8221; align_phone=&#8221;center&#8221;][\/et_pb_image][\/et_pb_column][et_pb_column type=&#8221;1_3&#8243; _builder_version=&#8221;4.16&#8243; custom_padding=&#8221;|||&#8221; global_colors_info=&#8221;{}&#8221; custom_padding__hover=&#8221;|||&#8221;][et_pb_text _builder_version=&#8221;4.16&#8243; header_font=&#8221;||||||||&#8221; header_text_color=&#8221;#f2eecc&#8221; header_3_font=&#8221;Open Sans|700|||||||&#8221; header_3_text_align=&#8221;center&#8221; header_3_text_color=&#8221;#000000&#8243; header_5_font=&#8221;Open Sans||||||||&#8221; header_5_text_align=&#8221;center&#8221; header_5_text_color=&#8221;#000000&#8243; header_5_font_size=&#8221;15px&#8221; header_3_text_shadow_style=&#8221;preset3&#8243; header_3_text_shadow_blur_strength=&#8221;0.18em&#8221; header_3_text_shadow_color=&#8221;rgba(255,255,255,0.8)&#8221; header_5_text_shadow_style=&#8221;preset3&#8243; header_5_text_shadow_blur_strength=&#8221;0.38em&#8221; header_5_text_shadow_color=&#8221;rgba(255,255,255,0.8)&#8221; global_colors_info=&#8221;{}&#8221;]<\/p>\n<h3 style=\"text-align: center;\"><strong>Correo electr\u00f3nico:<\/strong><\/h3>\n<h5 style=\"text-align: center;\"><a href=\"mailto:proyecto.profxxi@gmail.com\">proyecto.profxxi@gmail.com<\/a><\/h5>\n<p>[\/et_pb_text][\/et_pb_column][et_pb_column type=&#8221;1_3&#8243; _builder_version=&#8221;4.16&#8243; custom_padding=&#8221;|||&#8221; global_colors_info=&#8221;{}&#8221; custom_padding__hover=&#8221;|||&#8221;][et_pb_social_media_follow _builder_version=&#8221;4.16&#8243; text_orientation=&#8221;center&#8221; background_layout=&#8221;dark&#8221; global_colors_info=&#8221;{}&#8221;][et_pb_social_media_follow_network social_network=&#8221;facebook&#8221; url=&#8221;https:\/\/www.facebook.com\/profxxi&#8221; _builder_version=&#8221;4.16&#8243; background_color=&#8221;#3b5998&#8243; box_shadow_style=&#8221;preset3&#8243; global_colors_info=&#8221;{}&#8221; follow_button=&#8221;off&#8221; url_new_window=&#8221;on&#8221;]facebook[\/et_pb_social_media_follow_network][et_pb_social_media_follow_network social_network=&#8221;twitter&#8221; url=&#8221;https:\/\/www.facebook.com\/profxxi&#8221; _builder_version=&#8221;4.16&#8243; background_color=&#8221;#00aced&#8221; box_shadow_style=&#8221;preset3&#8243; global_colors_info=&#8221;{}&#8221; follow_button=&#8221;off&#8221; url_new_window=&#8221;on&#8221;]twitter[\/et_pb_social_media_follow_network][\/et_pb_social_media_follow][\/et_pb_column][\/et_pb_row][\/et_pb_section][et_pb_section fb_built=&#8221;1&#8243; disabled_on=&#8221;off|on|on&#8221; _builder_version=&#8221;4.16&#8243; custom_padding=&#8221;34px|0px|16px|0px|false|false&#8221; border_color_all=&#8221;#727272&#8243; border_width_top=&#8221;8px&#8221; box_shadow_style=&#8221;preset1&#8243; global_colors_info=&#8221;{}&#8221;][et_pb_row use_custom_gutter=&#8221;on&#8221; gutter_width=&#8221;2&#8243; module_class=&#8221; et_pb_row_fullwidth&#8221; _builder_version=&#8221;4.16&#8243; width=&#8221;94%&#8221; width_tablet=&#8221;80%&#8221; width_last_edited=&#8221;on|desktop&#8221; max_width=&#8221;94%&#8221; max_width_tablet=&#8221;80%&#8221; max_width_last_edited=&#8221;on|desktop&#8221; module_alignment=&#8221;center&#8221; make_fullwidth=&#8221;on&#8221; custom_width_px=&#8221;2600px&#8221; global_colors_info=&#8221;{}&#8221; column_structure=&#8221;1_4,1_4,1_2&#8243; width_phone=&#8221;80%&#8221; max_width_phone=&#8221;80%&#8221;][et_pb_column type=&#8221;1_4&#8243; _builder_version=&#8221;4.16&#8243; custom_padding=&#8221;|||&#8221; global_colors_info=&#8221;{}&#8221; custom_padding__hover=&#8221;|||&#8221;][et_pb_text _builder_version=&#8221;4.16&#8243; text_font=&#8221;Poppins|700|||||||&#8221; text_font_size=&#8221;16px&#8221; text_orientation=&#8221;center&#8221; text_font_size_tablet=&#8221;&#8221; text_font_size_phone=&#8221;&#8221; text_font_size_last_edited=&#8221;on|desktop&#8221; global_colors_info=&#8221;{}&#8221;]Created by:<br \/>\n[\/et_pb_text][et_pb_image src=&#8221;http:\/\/www.galileo.edu\/page\/wp-content\/uploads\/2021\/01\/logo-GES-277&#215;90-no-txt.png&#8221; align_tablet=&#8221;center&#8221; align_last_edited=&#8221;on|desktop&#8221; _builder_version=&#8221;4.16&#8243; max_width=&#8221;35%&#8221; max_width_tablet=&#8221;&#8221; max_width_phone=&#8221;42%&#8221; max_width_last_edited=&#8221;on|desktop&#8221; module_alignment=&#8221;center&#8221; global_colors_info=&#8221;{}&#8221; align_phone=&#8221;center&#8221;][\/et_pb_image][\/et_pb_column][et_pb_column type=&#8221;1_4&#8243; _builder_version=&#8221;4.16&#8243; custom_padding=&#8221;|||&#8221; global_colors_info=&#8221;{}&#8221; custom_padding__hover=&#8221;|||&#8221;][et_pb_text _builder_version=&#8221;4.16&#8243; text_font=&#8221;Poppins|700|||||||&#8221; text_font_size=&#8221;16px&#8221; text_orientation=&#8221;center&#8221; text_font_size_tablet=&#8221;&#8221; text_font_size_phone=&#8221;&#8221; text_font_size_last_edited=&#8221;on|desktop&#8221; global_colors_info=&#8221;{}&#8221;]<\/p>\n<p>Creado por:<\/p>\n<p>[\/et_pb_text][et_pb_image src=&#8221;http:\/\/www.galileo.edu\/page\/wp-content\/uploads\/2018\/07\/Logo-Erasmus-UO.png&#8221; align=&#8221;center&#8221; align_tablet=&#8221;center&#8221; align_last_edited=&#8221;on|desktop&#8221; _builder_version=&#8221;4.16&#8243; max_width=&#8221;55%&#8221; max_width_tablet=&#8221;&#8221; max_width_phone=&#8221;58%&#8221; max_width_last_edited=&#8221;on|desktop&#8221; module_alignment=&#8221;center&#8221; custom_padding=&#8221;0%|||&#8221; global_colors_info=&#8221;{}&#8221; align_phone=&#8221;center&#8221;][\/et_pb_image][\/et_pb_column][et_pb_column type=&#8221;1_2&#8243; _builder_version=&#8221;4.16&#8243; custom_padding=&#8221;|||&#8221; global_colors_info=&#8221;{}&#8221; custom_padding__hover=&#8221;|||&#8221;][et_pb_text _builder_version=&#8221;4.16&#8243; text_font=&#8221;Poppins|700|||||||&#8221; text_font_size=&#8221;16px&#8221; text_orientation=&#8221;center&#8221; text_font_size_tablet=&#8221;&#8221; text_font_size_phone=&#8221;&#8221; text_font_size_last_edited=&#8221;on|desktop&#8221; global_colors_info=&#8221;{}&#8221;]<\/p>\n<p>En alianza con:<\/p>\n<p>[\/et_pb_text][et_pb_image src=&#8221;http:\/\/www.galileo.edu\/page\/wp-content\/uploads\/2023\/07\/logos1.jpg&#8221; force_fullwidth=&#8221;on&#8221; align_tablet=&#8221;center&#8221; align_last_edited=&#8221;on|desktop&#8221; _builder_version=&#8221;4.16&#8243; global_colors_info=&#8221;{}&#8221; align_phone=&#8221;center&#8221;][\/et_pb_image][et_pb_image src=&#8221;http:\/\/www.galileo.edu\/page\/wp-content\/uploads\/2023\/07\/logos2.jpg&#8221; force_fullwidth=&#8221;on&#8221; align_tablet=&#8221;center&#8221; align_last_edited=&#8221;on|desktop&#8221; _builder_version=&#8221;4.16&#8243; global_colors_info=&#8221;{}&#8221; align_phone=&#8221;center&#8221;][\/et_pb_image][\/et_pb_column][\/et_pb_row][et_pb_row module_class=&#8221; et_pb_row_fullwidth&#8221; _builder_version=&#8221;4.16&#8243; width=&#8221;89%&#8221; width_tablet=&#8221;80%&#8221; width_last_edited=&#8221;on|desktop&#8221; max_width=&#8221;89%&#8221; max_width_tablet=&#8221;80%&#8221; max_width_last_edited=&#8221;on|desktop&#8221; custom_padding=&#8221;|||&#8221; make_fullwidth=&#8221;on&#8221; global_colors_info=&#8221;{}&#8221; column_structure=&#8221;1_3,1_3,1_3&#8243; width_phone=&#8221;80%&#8221; max_width_phone=&#8221;80%&#8221;][et_pb_column type=&#8221;1_3&#8243; _builder_version=&#8221;4.16&#8243; custom_padding=&#8221;|||&#8221; global_colors_info=&#8221;{}&#8221; custom_padding__hover=&#8221;|||&#8221;][et_pb_image src=&#8221;http:\/\/www.galileo.edu\/page\/wp-content\/uploads\/2020\/08\/proffxxi.png&#8221; align=&#8221;center&#8221; align_tablet=&#8221;center&#8221; align_last_edited=&#8221;on|desktop&#8221; _builder_version=&#8221;4.16&#8243; max_width=&#8221;45%&#8221; max_width_tablet=&#8221;&#8221; max_width_phone=&#8221;36%&#8221; max_width_last_edited=&#8221;on|desktop&#8221; module_alignment=&#8221;center&#8221; global_colors_info=&#8221;{}&#8221; align_phone=&#8221;center&#8221;][\/et_pb_image][\/et_pb_column][et_pb_column type=&#8221;1_3&#8243; _builder_version=&#8221;4.16&#8243; custom_padding=&#8221;|||&#8221; global_colors_info=&#8221;{}&#8221; custom_padding__hover=&#8221;|||&#8221;][et_pb_text _builder_version=&#8221;4.16&#8243; header_font=&#8221;||||||||&#8221; header_text_color=&#8221;#f2eecc&#8221; header_3_font=&#8221;Open Sans|700|||||||&#8221; header_3_text_align=&#8221;center&#8221; header_3_text_color=&#8221;#000000&#8243; header_5_font=&#8221;Open Sans||||||||&#8221; header_5_text_align=&#8221;center&#8221; header_5_text_color=&#8221;#000000&#8243; header_5_font_size=&#8221;15px&#8221; header_3_text_shadow_style=&#8221;preset3&#8243; header_3_text_shadow_blur_strength=&#8221;0.18em&#8221; header_3_text_shadow_color=&#8221;rgba(255,255,255,0.8)&#8221; header_5_text_shadow_style=&#8221;preset3&#8243; header_5_text_shadow_blur_strength=&#8221;0.38em&#8221; header_5_text_shadow_color=&#8221;rgba(255,255,255,0.8)&#8221; global_colors_info=&#8221;{}&#8221;]<\/p>\n<h3 style=\"text-align: center;\"><strong>Correo electr\u00f3nico:<\/strong><\/h3>\n<h5 style=\"text-align: center;\"><a href=\"mailto:proyecto.profxxi@gmail.com\">proyecto.profxxi@gmail.com<\/a><\/h5>\n<p>[\/et_pb_text][\/et_pb_column][et_pb_column type=&#8221;1_3&#8243; _builder_version=&#8221;4.16&#8243; custom_padding=&#8221;|||&#8221; global_colors_info=&#8221;{}&#8221; custom_padding__hover=&#8221;|||&#8221;][et_pb_social_media_follow _builder_version=&#8221;4.16&#8243; text_orientation=&#8221;center&#8221; background_layout=&#8221;dark&#8221; global_colors_info=&#8221;{}&#8221;][et_pb_social_media_follow_network social_network=&#8221;facebook&#8221; url=&#8221;https:\/\/www.facebook.com\/profxxi&#8221; _builder_version=&#8221;4.16&#8243; background_color=&#8221;#3b5998&#8243; box_shadow_style=&#8221;preset3&#8243; global_colors_info=&#8221;{}&#8221; follow_button=&#8221;off&#8221; url_new_window=&#8221;on&#8221;]facebook[\/et_pb_social_media_follow_network][et_pb_social_media_follow_network social_network=&#8221;twitter&#8221; url=&#8221;https:\/\/www.facebook.com\/profxxi&#8221; _builder_version=&#8221;4.16&#8243; background_color=&#8221;#00aced&#8221; box_shadow_style=&#8221;preset3&#8243; global_colors_info=&#8221;{}&#8221; follow_button=&#8221;off&#8221; url_new_window=&#8221;on&#8221;]twitter[\/et_pb_social_media_follow_network][\/et_pb_social_media_follow][\/et_pb_column][\/et_pb_row][\/et_pb_section]<\/p>\n","protected":false},"excerpt":{"rendered":"<p>Servicio de acreditaci\u00f3n de CEAs\u00a0\u00a0PROF-XXI Centros de ense\u00f1anza aprendizajeEl Marco de Competencias PROF XXI para Centros de Ense\u00f1anza y AprendizajeEl Marco PROF XXI: Competencias institucionales para el aprendizaje del siglo XXI se basa en el Marco Europeo para Organizaciones Educativas Digitalmente Competentes (DigCompOrg) y el posterior Marco Europeo para la Competencia Digital de los Educadores [&hellip;]<\/p>\n","protected":false},"author":10,"featured_media":26717,"parent":0,"menu_order":0,"comment_status":"closed","ping_status":"closed","template":"page-template-blank.php","meta":{"_et_pb_use_builder":"on","_et_pb_old_content":"","_et_gb_content_width":""},"yoast_head":"<!-- This site is optimized with the Yoast SEO plugin v20.13 - https:\/\/yoast.com\/wordpress\/plugins\/seo\/ -->\n<title>Directorio CEAs ProfXXI ES - PROF XXI Marco de competencias<\/title>\n<meta name=\"robots\" content=\"index, follow, max-snippet:-1, max-image-preview:large, max-video-preview:-1\" \/>\n<link rel=\"canonical\" href=\"https:\/\/www.galileo.edu\/page\/accea-profxxi-es-profxxi-marco-de-competencias\/\" \/>\n<meta property=\"og:locale\" content=\"en_US\" \/>\n<meta property=\"og:type\" content=\"article\" \/>\n<meta property=\"og:title\" content=\"Directorio CEAs ProfXXI ES - PROF XXI Marco de competencias\" \/>\n<meta property=\"og:description\" content=\"Servicio de acreditaci\u00f3n de CEAs\u00a0\u00a0PROF-XXI Centros de ense\u00f1anza aprendizajeEl Marco de Competencias PROF XXI para Centros de Ense\u00f1anza y AprendizajeEl Marco PROF XXI: Competencias institucionales para el aprendizaje del siglo XXI se basa en el Marco Europeo para Organizaciones Educativas Digitalmente Competentes (DigCompOrg) y el posterior Marco Europeo para la Competencia Digital de los Educadores [&hellip;]\" \/>\n<meta property=\"og:url\" content=\"https:\/\/www.galileo.edu\/page\/accea-profxxi-es-profxxi-marco-de-competencias\/\" \/>\n<meta property=\"og:site_name\" content=\"Universidad Galileo\" \/>\n<meta property=\"article:modified_time\" content=\"2023-08-18T14:57:11+00:00\" \/>\n<meta property=\"og:image\" content=\"http:\/\/www.galileo.edu\/page\/wp-content\/uploads\/2020\/08\/proffxxi.png\" \/>\n\t<meta property=\"og:image:width\" content=\"360\" \/>\n\t<meta property=\"og:image:height\" content=\"219\" \/>\n\t<meta property=\"og:image:type\" content=\"image\/png\" \/>\n<meta name=\"twitter:card\" content=\"summary_large_image\" \/>\n<meta name=\"twitter:label1\" content=\"Est. reading time\" \/>\n\t<meta name=\"twitter:data1\" content=\"16 minutes\" \/>\n<script type=\"application\/ld+json\" class=\"yoast-schema-graph\">{\"@context\":\"https:\/\/schema.org\",\"@graph\":[{\"@type\":\"WebPage\",\"@id\":\"https:\/\/www.galileo.edu\/page\/accea-profxxi-es-profxxi-marco-de-competencias\/\",\"url\":\"https:\/\/www.galileo.edu\/page\/accea-profxxi-es-profxxi-marco-de-competencias\/\",\"name\":\"Directorio CEAs ProfXXI ES - PROF XXI Marco de competencias\",\"isPartOf\":{\"@id\":\"https:\/\/www.galileo.edu\/page\/#website\"},\"datePublished\":\"2023-07-21T17:45:07+00:00\",\"dateModified\":\"2023-08-18T14:57:11+00:00\",\"breadcrumb\":{\"@id\":\"https:\/\/www.galileo.edu\/page\/accea-profxxi-es-profxxi-marco-de-competencias\/#breadcrumb\"},\"inLanguage\":\"en-US\",\"potentialAction\":[{\"@type\":\"ReadAction\",\"target\":[\"https:\/\/www.galileo.edu\/page\/accea-profxxi-es-profxxi-marco-de-competencias\/\"]}]},{\"@type\":\"BreadcrumbList\",\"@id\":\"https:\/\/www.galileo.edu\/page\/accea-profxxi-es-profxxi-marco-de-competencias\/#breadcrumb\",\"itemListElement\":[{\"@type\":\"ListItem\",\"position\":1,\"name\":\"Home\",\"item\":\"https:\/\/www.galileo.edu\/page\/home\/\"},{\"@type\":\"ListItem\",\"position\":2,\"name\":\"Directorio CEAs ProfXXI ES &#8211; PROF XXI Marco de competencias\"}]},{\"@type\":\"WebSite\",\"@id\":\"https:\/\/www.galileo.edu\/page\/#website\",\"url\":\"https:\/\/www.galileo.edu\/page\/\",\"name\":\"Universidad Galileo\",\"description\":\"La revoluci\u00f3n en la educaci\u00f3n\",\"potentialAction\":[{\"@type\":\"SearchAction\",\"target\":{\"@type\":\"EntryPoint\",\"urlTemplate\":\"https:\/\/www.galileo.edu\/page\/?s={search_term_string}\"},\"query-input\":\"required name=search_term_string\"}],\"inLanguage\":\"en-US\"}]}<\/script>\n<!-- \/ Yoast SEO plugin. -->","yoast_head_json":{"title":"Directorio CEAs ProfXXI ES - PROF XXI Marco de competencias","robots":{"index":"index","follow":"follow","max-snippet":"max-snippet:-1","max-image-preview":"max-image-preview:large","max-video-preview":"max-video-preview:-1"},"canonical":"https:\/\/www.galileo.edu\/page\/accea-profxxi-es-profxxi-marco-de-competencias\/","og_locale":"en_US","og_type":"article","og_title":"Directorio CEAs ProfXXI ES - PROF XXI Marco de competencias","og_description":"Servicio de acreditaci\u00f3n de CEAs\u00a0\u00a0PROF-XXI Centros de ense\u00f1anza aprendizajeEl Marco de Competencias PROF XXI para Centros de Ense\u00f1anza y AprendizajeEl Marco PROF XXI: Competencias institucionales para el aprendizaje del siglo XXI se basa en el Marco Europeo para Organizaciones Educativas Digitalmente Competentes (DigCompOrg) y el posterior Marco Europeo para la Competencia Digital de los Educadores [&hellip;]","og_url":"https:\/\/www.galileo.edu\/page\/accea-profxxi-es-profxxi-marco-de-competencias\/","og_site_name":"Universidad Galileo","article_modified_time":"2023-08-18T14:57:11+00:00","og_image":[{"width":360,"height":219,"url":"http:\/\/www.galileo.edu\/page\/wp-content\/uploads\/2020\/08\/proffxxi.png","type":"image\/png"}],"twitter_card":"summary_large_image","twitter_misc":{"Est. reading time":"16 minutes"},"schema":{"@context":"https:\/\/schema.org","@graph":[{"@type":"WebPage","@id":"https:\/\/www.galileo.edu\/page\/accea-profxxi-es-profxxi-marco-de-competencias\/","url":"https:\/\/www.galileo.edu\/page\/accea-profxxi-es-profxxi-marco-de-competencias\/","name":"Directorio CEAs ProfXXI ES - PROF XXI Marco de competencias","isPartOf":{"@id":"https:\/\/www.galileo.edu\/page\/#website"},"datePublished":"2023-07-21T17:45:07+00:00","dateModified":"2023-08-18T14:57:11+00:00","breadcrumb":{"@id":"https:\/\/www.galileo.edu\/page\/accea-profxxi-es-profxxi-marco-de-competencias\/#breadcrumb"},"inLanguage":"en-US","potentialAction":[{"@type":"ReadAction","target":["https:\/\/www.galileo.edu\/page\/accea-profxxi-es-profxxi-marco-de-competencias\/"]}]},{"@type":"BreadcrumbList","@id":"https:\/\/www.galileo.edu\/page\/accea-profxxi-es-profxxi-marco-de-competencias\/#breadcrumb","itemListElement":[{"@type":"ListItem","position":1,"name":"Home","item":"https:\/\/www.galileo.edu\/page\/home\/"},{"@type":"ListItem","position":2,"name":"Directorio CEAs ProfXXI ES &#8211; PROF XXI Marco de competencias"}]},{"@type":"WebSite","@id":"https:\/\/www.galileo.edu\/page\/#website","url":"https:\/\/www.galileo.edu\/page\/","name":"Universidad Galileo","description":"La revoluci\u00f3n en la educaci\u00f3n","potentialAction":[{"@type":"SearchAction","target":{"@type":"EntryPoint","urlTemplate":"https:\/\/www.galileo.edu\/page\/?s={search_term_string}"},"query-input":"required name=search_term_string"}],"inLanguage":"en-US"}]}},"_links":{"self":[{"href":"https:\/\/www.galileo.edu\/page\/wp-json\/wp\/v2\/pages\/76526"}],"collection":[{"href":"https:\/\/www.galileo.edu\/page\/wp-json\/wp\/v2\/pages"}],"about":[{"href":"https:\/\/www.galileo.edu\/page\/wp-json\/wp\/v2\/types\/page"}],"author":[{"embeddable":true,"href":"https:\/\/www.galileo.edu\/page\/wp-json\/wp\/v2\/users\/10"}],"replies":[{"embeddable":true,"href":"https:\/\/www.galileo.edu\/page\/wp-json\/wp\/v2\/comments?post=76526"}],"version-history":[{"count":6,"href":"https:\/\/www.galileo.edu\/page\/wp-json\/wp\/v2\/pages\/76526\/revisions"}],"predecessor-version":[{"id":77886,"href":"https:\/\/www.galileo.edu\/page\/wp-json\/wp\/v2\/pages\/76526\/revisions\/77886"}],"wp:featuredmedia":[{"embeddable":true,"href":"https:\/\/www.galileo.edu\/page\/wp-json\/wp\/v2\/media\/26717"}],"wp:attachment":[{"href":"https:\/\/www.galileo.edu\/page\/wp-json\/wp\/v2\/media?parent=76526"}],"curies":[{"name":"wp","href":"https:\/\/api.w.org\/{rel}","templated":true}]}}