{"id":69125,"date":"2023-02-17T16:56:46","date_gmt":"2023-02-17T16:56:46","guid":{"rendered":"https:\/\/www.galileo.edu\/page\/?page_id=69125"},"modified":"2023-08-18T16:31:37","modified_gmt":"2023-08-18T16:31:37","slug":"webinar-desafio-nueva-educacion-transnacional","status":"publish","type":"page","link":"https:\/\/www.galileo.edu\/page\/webinar-desafio-nueva-educacion-transnacional\/","title":{"rendered":"Webinar &#8220;Desaf\u00edos de la Nueva Educaci\u00f3n Transnacional&#8221;"},"content":{"rendered":"<p>[et_pb_section fb_built=&#8221;1&#8243; custom_padding_last_edited=&#8221;on|desktop&#8221; disabled_on=&#8221;on|on|off&#8221; _builder_version=&#8221;4.16&#8243; background_image=&#8221;http:\/\/www.galileo.edu\/page\/wp-content\/uploads\/2023\/02\/BANNER-DESK-04-1.jpg&#8221; background_position=&#8221;top_center&#8221; custom_padding=&#8221;1%|0%|1.3%|4%|false|false&#8221; custom_padding_tablet=&#8221;&#8221; custom_padding_phone=&#8221;4.92188px|0|20.7031px|0|false|false&#8221; filter_saturate=&#8221;86%&#8221; filter_contrast=&#8221;112%&#8221; mix_blend_mode=&#8221;darken&#8221; global_colors_info=&#8221;{}&#8221;][et_pb_row custom_padding_last_edited=&#8221;on|phone&#8221; disabled_on=&#8221;on|on|off&#8221; _builder_version=&#8221;4.16&#8243; module_alignment=&#8221;left&#8221; custom_padding=&#8221;3%|12.2%|3%|0|false|false&#8221; custom_padding_tablet=&#8221;3%|6%|3%|0%|false|false&#8221; custom_padding_phone=&#8221;3%|5%|5%|6%|false|false&#8221; global_colors_info=&#8221;{}&#8221;][et_pb_column type=&#8221;4_4&#8243; _builder_version=&#8221;4.16&#8243; custom_padding=&#8221;|||&#8221; global_colors_info=&#8221;{}&#8221; custom_padding__hover=&#8221;|||&#8221;][et_pb_image src=&#8221;http:\/\/www.galileo.edu\/page\/wp-content\/uploads\/2023\/02\/ugal-ivn.png&#8221; align_tablet=&#8221;center&#8221; align_last_edited=&#8221;on|desktop&#8221; _builder_version=&#8221;4.16&#8243; global_colors_info=&#8221;{}&#8221; align_phone=&#8221;center&#8221;][\/et_pb_image][\/et_pb_column][\/et_pb_row][et_pb_row custom_padding_last_edited=&#8221;on|phone&#8221; disabled_on=&#8221;on|on|off&#8221; _builder_version=&#8221;4.16&#8243; module_alignment=&#8221;left&#8221; custom_padding=&#8221;1.4%|12.2%|0|0|false|false&#8221; custom_padding_tablet=&#8221;3%|6%|3%|0%|false|false&#8221; custom_padding_phone=&#8221;3%|5%|5%|6%|false|false&#8221; global_colors_info=&#8221;{}&#8221;][et_pb_column type=&#8221;4_4&#8243; _builder_version=&#8221;4.16&#8243; custom_padding=&#8221;|||&#8221; global_colors_info=&#8221;{}&#8221; custom_padding__hover=&#8221;|||&#8221;][et_pb_text _builder_version=&#8221;4.16&#8243; text_font=&#8221;Poppins|500|||||||&#8221; text_text_color=&#8221;#ffffff&#8221; text_font_size=&#8221;51px&#8221; text_line_height=&#8221;1.2em&#8221; custom_margin=&#8221;|||&#8221; custom_padding=&#8221;|||&#8221; global_colors_info=&#8221;{}&#8221;] Webinar [\/et_pb_text][et_pb_text _builder_version=&#8221;4.16&#8243; text_font=&#8221;Poppins|800|||||||&#8221; text_text_color=&#8221;#ffffff&#8221; text_font_size=&#8221;73px&#8221; text_line_height=&#8221;1em&#8221; header_font=&#8221;||||||||&#8221; custom_margin=&#8221;|||&#8221; custom_padding=&#8221;|||&#8221; global_colors_info=&#8221;{}&#8221;] Desaf\u00edos de la Nueva Educaci\u00f3n Transnacional [\/et_pb_text][\/et_pb_column][\/et_pb_row][et_pb_row custom_padding_last_edited=&#8221;on|phone&#8221; disabled_on=&#8221;on|on|off&#8221; _builder_version=&#8221;4.16&#8243; module_alignment=&#8221;left&#8221; custom_padding=&#8221;0|25.2%|0%|0|false|false&#8221; custom_padding_tablet=&#8221;3%|6%|3%|0%|false|false&#8221; custom_padding_phone=&#8221;3%|5%|5%|6%|false|false&#8221; global_colors_info=&#8221;{}&#8221;][et_pb_column type=&#8221;4_4&#8243; _builder_version=&#8221;4.16&#8243; custom_padding=&#8221;|||&#8221; global_colors_info=&#8221;{}&#8221; custom_padding__hover=&#8221;|||&#8221;][et_pb_text _builder_version=&#8221;4.16&#8243; text_font=&#8221;Poppins|300|||||||&#8221; text_text_color=&#8221;#ffffff&#8221; text_font_size=&#8221;21px&#8221; text_line_height=&#8221;1.2em&#8221; header_font_size=&#8221;24px&#8221; header_2_font=&#8221;Raleway|800|||||||&#8221; header_2_text_align=&#8221;left&#8221; header_2_font_size=&#8221;50px&#8221; header_2_line_height=&#8221;1.1em&#8221; header_5_font=&#8221;Raleway|500|||||||&#8221; header_5_line_height=&#8221;1.4em&#8221; custom_margin=&#8221;|||&#8221; custom_padding=&#8221;25px|||&#8221; header_2_font_size_tablet=&#8221;30px&#8221; header_2_font_size_phone=&#8221;45px&#8221; header_2_font_size_last_edited=&#8221;on|phone&#8221; header_2_line_height_tablet=&#8221;&#8221; header_2_line_height_phone=&#8221;&#8221; header_2_line_height_last_edited=&#8221;on|desktop&#8221; global_colors_info=&#8221;{}&#8221;]<\/p>\n<p style=\"text-align: left;\">Participa en el Webinar &#8220;Desaf\u00edos de la Nueva Educaci\u00f3n Transnacional&#8221;, que se llevar\u00e1 a cabo el <strong>martes 28 de febrero<\/strong> a las <strong>18:00 horas<\/strong>, Guatemala. Comparte tus datos a continuaci\u00f3n para reservar tu espacio:<\/p>\n<p>[\/et_pb_text][\/et_pb_column][\/et_pb_row][et_pb_row custom_padding_last_edited=&#8221;on|phone&#8221; disabled_on=&#8221;on|on|off&#8221; _builder_version=&#8221;4.16&#8243; background_color=&#8221;#ffffff&#8221; max_width=&#8221;557px&#8221; module_alignment=&#8221;left&#8221; custom_margin=&#8221;32px||60px|&#8221; custom_padding=&#8221;4px|0%|7px|19px&#8221; custom_padding_tablet=&#8221;3%|6%|3%|0%|false|false&#8221; custom_padding_phone=&#8221;3%|5%|5%|6%|false|false&#8221; border_radii=&#8221;on|31px|31px|31px|31px&#8221; box_shadow_style=&#8221;preset1&#8243; box_shadow_vertical=&#8221;0px&#8221; box_shadow_blur=&#8221;39px&#8221; box_shadow_spread=&#8221;10px&#8221; box_shadow_color=&#8221;rgba(167,239,232,0.58)&#8221; use_custom_width=&#8221;on&#8221; custom_width_px=&#8221;557px&#8221; global_colors_info=&#8221;{}&#8221;][et_pb_column type=&#8221;4_4&#8243; _builder_version=&#8221;4.16&#8243; custom_padding=&#8221;|||&#8221; global_colors_info=&#8221;{}&#8221; custom_padding__hover=&#8221;|||&#8221;][et_pb_code _builder_version=&#8221;4.16&#8243; global_colors_info=&#8221;{}&#8221;]<!-- Begin Mailchimp Signup Form --><!-- [et_pb_line_break_holder] --><link href=\"\/\/cdn-images.mailchimp.com\/embedcode\/classic-071822.css\" rel=\"stylesheet\" type=\"text\/css\"><!-- [et_pb_line_break_holder] --><\/p>\n<style type=\"text\/css\"><!-- [et_pb_line_break_holder] --> #mc_embed_signup{background:#fff; clear:left; font:14px Helvetica,Arial,sans-serif; }<!-- [et_pb_line_break_holder] --> \/* Add your own Mailchimp form style overrides in your site stylesheet or in this style block.<!-- [et_pb_line_break_holder] --> We recommend moving this block and the preceding CSS link to the HEAD of your HTML file. *\/<!-- [et_pb_line_break_holder] --><\/style>\n<p><!-- [et_pb_line_break_holder] --><\/p>\n<div id=\"mc_embed_signup\"><!-- [et_pb_line_break_holder] --> <\/p>\n<form action=\"https:\/\/galileo.us18.list-manage.com\/subscribe\/post?u=2ce9b0b87f346aca80c5c4aff&#038;id=faa4bec500&#038;f_id=0041bee1f0\" method=\"post\" id=\"mc-embedded-subscribe-form\" name=\"mc-embedded-subscribe-form\" class=\"validate\" target=\"_self\"><!-- [et_pb_line_break_holder] --> <\/p>\n<div id=\"mc_embed_signup_scroll\"><!-- [et_pb_line_break_holder] --> <!-- [et_pb_line_break_holder] --> <\/p>\n<div class=\"indicates-required\"><span class=\"asterisk\">*<\/span> indicates required<\/div>\n<p><!-- [et_pb_line_break_holder] --><\/p>\n<div class=\"mc-field-group\"><!-- [et_pb_line_break_holder] --> <label for=\"mce-FNAME\">Nombres <\/label><!-- [et_pb_line_break_holder] --> <input type=\"text\" value=\"\" name=\"FNAME\" class=\"\" id=\"mce-FNAME\"><!-- [et_pb_line_break_holder] --> <span id=\"mce-FNAME-HELPERTEXT\" class=\"helper_text\"><\/span><!-- [et_pb_line_break_holder] --><\/div>\n<p><!-- [et_pb_line_break_holder] --><\/p>\n<div class=\"mc-field-group\"><!-- [et_pb_line_break_holder] --> <label for=\"mce-LNAME\">Apellidos <\/label><!-- [et_pb_line_break_holder] --> <input type=\"text\" value=\"\" name=\"LNAME\" class=\"\" id=\"mce-LNAME\"><!-- [et_pb_line_break_holder] --> <span id=\"mce-LNAME-HELPERTEXT\" class=\"helper_text\"><\/span><!-- [et_pb_line_break_holder] --><\/div>\n<p><!-- [et_pb_line_break_holder] --><\/p>\n<div class=\"mc-field-group\"><!-- [et_pb_line_break_holder] --> <label for=\"mce-EMAIL\">Correo electr\u00f3nico <span class=\"asterisk\">*<\/span><!-- [et_pb_line_break_holder] --><\/label><!-- [et_pb_line_break_holder] --> <input type=\"email\" value=\"\" name=\"EMAIL\" class=\"required email\" id=\"mce-EMAIL\" required><!-- [et_pb_line_break_holder] --> <span id=\"mce-EMAIL-HELPERTEXT\" class=\"helper_text\"><\/span><!-- [et_pb_line_break_holder] --><\/div>\n<p><!-- [et_pb_line_break_holder] --><\/p>\n<div class=\"mc-field-group size1of2\"><!-- [et_pb_line_break_holder] --> <label for=\"mce-MMERGE4\">Tel\u00e9fono <\/label><!-- [et_pb_line_break_holder] --> <input type=\"number\" name=\"MMERGE4\" class=\"\" value=\"\" id=\"mce-MMERGE4\"><!-- [et_pb_line_break_holder] --> <span id=\"mce-MMERGE4-HELPERTEXT\" class=\"helper_text\"><\/span><!-- [et_pb_line_break_holder] --><\/div>\n<p><!-- [et_pb_line_break_holder] --><\/p>\n<div class=\"mc-field-group input-group\"><!-- [et_pb_line_break_holder] --> <strong>T\u00e9rminos <\/strong><!-- [et_pb_line_break_holder] --> <\/p>\n<ul>\n<li><!-- [et_pb_line_break_holder] --> <input type=\"radio\" value=\"Acepto recibir informaci\u00f3n relacionada a este evento.\" name=\"TERMS\" id=\"mce-TERMS-0\"><!-- [et_pb_line_break_holder] --> <label for=\"mce-TERMS-0\">Acepto recibir informaci\u00f3n relacionada a este evento.<\/label><!-- [et_pb_line_break_holder] --><\/li>\n<p><!-- [et_pb_line_break_holder] --><\/ul>\n<p><!-- [et_pb_line_break_holder] --> <span id=\"mce-TERMS-HELPERTEXT\" class=\"helper_text\"><\/span><!-- [et_pb_line_break_holder] --><\/div>\n<p><!-- [et_pb_line_break_holder] --> <\/p>\n<div id=\"mce-responses\" class=\"clear\"><!-- [et_pb_line_break_holder] --> <\/p>\n<div class=\"response\" id=\"mce-error-response\" style=\"display:none\"><\/div>\n<p><!-- [et_pb_line_break_holder] --> <\/p>\n<div class=\"response\" id=\"mce-success-response\" style=\"display:none\"><\/div>\n<p><!-- [et_pb_line_break_holder] --> <\/div>\n<p> <!-- real people should not fill this in and expect good things - do not remove this or risk form bot signups--><!-- [et_pb_line_break_holder] --> <\/p>\n<div style=\"position: absolute; left: -5000px;\" aria-hidden=\"true\"><input type=\"text\" name=\"b_2ce9b0b87f346aca80c5c4aff_faa4bec500\" tabindex=\"-1\" value=\"\"><\/div>\n<p><!-- [et_pb_line_break_holder] --> <\/p>\n<div class=\"clear\"><input type=\"submit\" value=\"\u00danirme al webinar\" name=\"subscribe\" id=\"mc-embedded-subscribe\" class=\"button\"><\/div>\n<p><!-- [et_pb_line_break_holder] --> <\/div>\n<p><!-- [et_pb_line_break_holder] --><\/form>\n<p><!-- [et_pb_line_break_holder] --><\/div>\n<p><!-- [et_pb_line_break_holder] --><!-- [et_pb_line_break_holder] --><!--End mc_embed_signup-->[\/et_pb_code][\/et_pb_column][\/et_pb_row][\/et_pb_section][et_pb_section fb_built=&#8221;1&#8243; custom_padding_last_edited=&#8221;on|desktop&#8221; disabled_on=&#8221;off|off|on&#8221; _builder_version=&#8221;4.16&#8243; background_image=&#8221;http:\/\/www.galileo.edu\/page\/wp-content\/uploads\/2023\/02\/BANNER-MOVIL-05.jpg&#8221; background_position=&#8221;bottom_center&#8221; background_blend=&#8221;darken&#8221; custom_padding=&#8221;1%|0%|4.2%|4.8%|false|false&#8221; custom_padding_tablet=&#8221;&#8221; custom_padding_phone=&#8221;4.92188px|0|20.7031px|0|false|false&#8221; global_colors_info=&#8221;{}&#8221;][et_pb_row _builder_version=&#8221;4.16&#8243; custom_padding=&#8221;54px|0px|0|0px|false|false&#8221; global_colors_info=&#8221;{}&#8221;][et_pb_column type=&#8221;4_4&#8243; _builder_version=&#8221;4.16&#8243; custom_padding=&#8221;|||&#8221; global_colors_info=&#8221;{}&#8221; custom_padding__hover=&#8221;|||&#8221;][et_pb_image src=&#8221;http:\/\/www.galileo.edu\/page\/wp-content\/uploads\/2023\/02\/ugal-ivn.png&#8221; _builder_version=&#8221;4.16&#8243; max_width=&#8221;66%&#8221; module_alignment=&#8221;left&#8221; always_center_on_mobile=&#8221;off&#8221; global_colors_info=&#8221;{}&#8221;][\/et_pb_image][\/et_pb_column][\/et_pb_row][et_pb_row custom_padding_last_edited=&#8221;on|phone&#8221; disabled_on=&#8221;off|off|on&#8221; _builder_version=&#8221;4.16&#8243; module_alignment=&#8221;center&#8221; custom_padding=&#8221;2%|4.2%|3%|2%|false|false&#8221; custom_padding_tablet=&#8221;3%|6%|3%|0%|false|false&#8221; custom_padding_phone=&#8221;45.4%|0|0|0%|false|false&#8221; global_colors_info=&#8221;{}&#8221;][et_pb_column type=&#8221;4_4&#8243; _builder_version=&#8221;4.16&#8243; custom_padding=&#8221;|||&#8221; global_colors_info=&#8221;{}&#8221; custom_padding__hover=&#8221;|||&#8221;][et_pb_text _builder_version=&#8221;4.16&#8243; text_font=&#8221;Poppins|500|||||||&#8221; text_text_color=&#8221;#ffffff&#8221; text_font_size=&#8221;34px&#8221; text_line_height=&#8221;1.2em&#8221; custom_margin=&#8221;|||&#8221; custom_padding=&#8221;|||&#8221; global_colors_info=&#8221;{}&#8221;]<\/p>\n<p style=\"text-align: left;\">Webinar<\/p>\n<p>[\/et_pb_text][et_pb_text _builder_version=&#8221;4.16&#8243; text_font=&#8221;Poppins|800|||||||&#8221; text_text_color=&#8221;#ffffff&#8221; text_font_size=&#8221;43px&#8221; text_line_height=&#8221;1.1em&#8221; text_orientation=&#8221;center&#8221; custom_margin=&#8221;0px||0px|&#8221; custom_padding=&#8221;|||&#8221; global_colors_info=&#8221;{}&#8221;]<\/p>\n<p style=\"text-align: left;\">Desaf\u00edos de la Nueva Educaci\u00f3n Transnacional<\/p>\n<p>[\/et_pb_text][et_pb_text _builder_version=&#8221;4.16&#8243; text_font=&#8221;Poppins|300|||||||&#8221; text_text_color=&#8221;#ffffff&#8221; text_font_size=&#8221;21px&#8221; text_line_height=&#8221;1.2em&#8221; header_font_size=&#8221;24px&#8221; header_2_font=&#8221;Raleway|800|||||||&#8221; header_2_text_align=&#8221;left&#8221; header_2_font_size=&#8221;50px&#8221; header_2_line_height=&#8221;1.1em&#8221; header_5_font=&#8221;Raleway|500|||||||&#8221; header_5_line_height=&#8221;1.4em&#8221; custom_margin=&#8221;|||&#8221; custom_padding=&#8221;25px|||&#8221; header_2_font_size_tablet=&#8221;30px&#8221; header_2_font_size_phone=&#8221;45px&#8221; header_2_font_size_last_edited=&#8221;on|phone&#8221; header_2_line_height_tablet=&#8221;&#8221; header_2_line_height_phone=&#8221;&#8221; header_2_line_height_last_edited=&#8221;on|desktop&#8221; global_colors_info=&#8221;{}&#8221;]<\/p>\n<p style=\"text-align: left;\">Participa en el Webinar &#8220;Desaf\u00edos de la Nueva Educaci\u00f3n Transnacional&#8221;, que se llevar\u00e1 a cabo el <strong>martes 28 de febrero<\/strong> a las <strong>18:00 horas<\/strong>, Guatemala. Comparte tus datos a continuaci\u00f3n para reservar tu espacio:<\/p>\n<p>[\/et_pb_text][\/et_pb_column][\/et_pb_row][et_pb_row custom_padding_last_edited=&#8221;on|phone&#8221; disabled_on=&#8221;off|off|on&#8221; _builder_version=&#8221;4.16&#8243; background_color=&#8221;#ffffff&#8221; max_width=&#8221;557px&#8221; module_alignment=&#8221;center&#8221; custom_margin=&#8221;32px||60px|&#8221; custom_padding=&#8221;4px|0%|7px|19px&#8221; custom_padding_tablet=&#8221;3%|6%|3%|0%|false|false&#8221; custom_padding_phone=&#8221;3%|5%|5%|6%|false|false&#8221; border_radii=&#8221;on|31px|31px|31px|31px&#8221; box_shadow_style=&#8221;preset1&#8243; box_shadow_vertical=&#8221;0px&#8221; box_shadow_blur=&#8221;39px&#8221; box_shadow_spread=&#8221;10px&#8221; box_shadow_color=&#8221;rgba(167,239,232,0.58)&#8221; use_custom_width=&#8221;on&#8221; custom_width_px=&#8221;557px&#8221; global_colors_info=&#8221;{}&#8221;][et_pb_column type=&#8221;4_4&#8243; _builder_version=&#8221;4.16&#8243; custom_padding=&#8221;|||&#8221; global_colors_info=&#8221;{}&#8221; custom_padding__hover=&#8221;|||&#8221;][et_pb_code _builder_version=&#8221;4.16&#8243; global_colors_info=&#8221;{}&#8221;]<!-- Begin Mailchimp Signup Form --><!-- [et_pb_line_break_holder] --><link href=\"\/\/cdn-images.mailchimp.com\/embedcode\/classic-071822.css\" rel=\"stylesheet\" type=\"text\/css\"><!-- [et_pb_line_break_holder] --><\/p>\n<style type=\"text\/css\"><!-- [et_pb_line_break_holder] --> #mc_embed_signup{background:#fff; clear:left; font:14px Helvetica,Arial,sans-serif; }<!-- [et_pb_line_break_holder] --> \/* Add your own Mailchimp form style overrides in your site stylesheet or in this style block.<!-- [et_pb_line_break_holder] --> We recommend moving this block and the preceding CSS link to the HEAD of your HTML file. *\/<!-- [et_pb_line_break_holder] --><\/style>\n<p><!-- [et_pb_line_break_holder] --><\/p>\n<div id=\"mc_embed_signup\"><!-- [et_pb_line_break_holder] --> <\/p>\n<form action=\"https:\/\/galileo.us18.list-manage.com\/subscribe\/post?u=2ce9b0b87f346aca80c5c4aff&#038;id=faa4bec500&#038;f_id=0041bee1f0\" method=\"post\" id=\"mc-embedded-subscribe-form\" name=\"mc-embedded-subscribe-form\" class=\"validate\" target=\"_self\"><!-- [et_pb_line_break_holder] --> <\/p>\n<div id=\"mc_embed_signup_scroll\"><!-- [et_pb_line_break_holder] --> <!-- [et_pb_line_break_holder] --> <\/p>\n<div class=\"indicates-required\"><span class=\"asterisk\">*<\/span> indicates required<\/div>\n<p><!-- [et_pb_line_break_holder] --><\/p>\n<div class=\"mc-field-group\"><!-- [et_pb_line_break_holder] --> <label for=\"mce-FNAME\">Nombres <\/label><!-- [et_pb_line_break_holder] --> <input type=\"text\" value=\"\" name=\"FNAME\" class=\"\" id=\"mce-FNAME\"><!-- [et_pb_line_break_holder] --> <span id=\"mce-FNAME-HELPERTEXT\" class=\"helper_text\"><\/span><!-- [et_pb_line_break_holder] --><\/div>\n<p><!-- [et_pb_line_break_holder] --><\/p>\n<div class=\"mc-field-group\"><!-- [et_pb_line_break_holder] --> <label for=\"mce-LNAME\">Apellidos <\/label><!-- [et_pb_line_break_holder] --> <input type=\"text\" value=\"\" name=\"LNAME\" class=\"\" id=\"mce-LNAME\"><!-- [et_pb_line_break_holder] --> <span id=\"mce-LNAME-HELPERTEXT\" class=\"helper_text\"><\/span><!-- [et_pb_line_break_holder] --><\/div>\n<p><!-- [et_pb_line_break_holder] --><\/p>\n<div class=\"mc-field-group\"><!-- [et_pb_line_break_holder] --> <label for=\"mce-EMAIL\">Correo electr\u00f3nico <span class=\"asterisk\">*<\/span><!-- [et_pb_line_break_holder] --><\/label><!-- [et_pb_line_break_holder] --> <input type=\"email\" value=\"\" name=\"EMAIL\" class=\"required email\" id=\"mce-EMAIL\" required><!-- [et_pb_line_break_holder] --> <span id=\"mce-EMAIL-HELPERTEXT\" class=\"helper_text\"><\/span><!-- [et_pb_line_break_holder] --><\/div>\n<p><!-- [et_pb_line_break_holder] --><\/p>\n<div class=\"mc-field-group size1of2\"><!-- [et_pb_line_break_holder] --> <label for=\"mce-MMERGE4\">Tel\u00e9fono <\/label><!-- [et_pb_line_break_holder] --> <input type=\"number\" name=\"MMERGE4\" class=\"\" value=\"\" id=\"mce-MMERGE4\"><!-- [et_pb_line_break_holder] --> <span id=\"mce-MMERGE4-HELPERTEXT\" class=\"helper_text\"><\/span><!-- [et_pb_line_break_holder] --><\/div>\n<p><!-- [et_pb_line_break_holder] --><\/p>\n<div class=\"mc-field-group input-group\"><!-- [et_pb_line_break_holder] --> <strong>T\u00e9rminos <\/strong><!-- [et_pb_line_break_holder] --> <\/p>\n<ul>\n<li><!-- [et_pb_line_break_holder] --> <input type=\"radio\" value=\"Acepto recibir informaci\u00f3n relacionada a este evento.\" name=\"TERMS\" id=\"mce-TERMS-0\"><!-- [et_pb_line_break_holder] --> <label for=\"mce-TERMS-0\">Acepto recibir informaci\u00f3n relacionada a este evento.<\/label><!-- [et_pb_line_break_holder] --><\/li>\n<p><!-- [et_pb_line_break_holder] --><\/ul>\n<p><!-- [et_pb_line_break_holder] --> <span id=\"mce-TERMS-HELPERTEXT\" class=\"helper_text\"><\/span><!-- [et_pb_line_break_holder] --><\/div>\n<p><!-- [et_pb_line_break_holder] --> <\/p>\n<div id=\"mce-responses\" class=\"clear\"><!-- [et_pb_line_break_holder] --> <\/p>\n<div class=\"response\" id=\"mce-error-response\" style=\"display:none\"><\/div>\n<p><!-- [et_pb_line_break_holder] --> <\/p>\n<div class=\"response\" id=\"mce-success-response\" style=\"display:none\"><\/div>\n<p><!-- [et_pb_line_break_holder] --> <\/div>\n<p> <!-- real people should not fill this in and expect good things - do not remove this or risk form bot signups--><!-- [et_pb_line_break_holder] --> <\/p>\n<div style=\"position: absolute; left: -5000px;\" aria-hidden=\"true\"><input type=\"text\" name=\"b_2ce9b0b87f346aca80c5c4aff_faa4bec500\" tabindex=\"-1\" value=\"\"><\/div>\n<p><!-- [et_pb_line_break_holder] --> <\/p>\n<div class=\"clear\"><input type=\"submit\" value=\"\u00danirme al webinar\" name=\"subscribe\" id=\"mc-embedded-subscribe\" class=\"button\"><\/div>\n<p><!-- [et_pb_line_break_holder] --> <\/div>\n<p><!-- [et_pb_line_break_holder] --><\/form>\n<p><!-- [et_pb_line_break_holder] --><\/div>\n<p><!-- [et_pb_line_break_holder] --><!-- [et_pb_line_break_holder] --><!--End mc_embed_signup-->[\/et_pb_code][\/et_pb_column][\/et_pb_row][\/et_pb_section][et_pb_section fb_built=&#8221;1&#8243; custom_padding_last_edited=&#8221;on|phone&#8221; _builder_version=&#8221;4.16&#8243; background_color=&#8221;#fbfbfb&#8221; custom_padding=&#8221;|||&#8221; custom_padding_tablet=&#8221;60px|60px|60px|60px&#8221; custom_padding_phone=&#8221;&#8221; global_colors_info=&#8221;{}&#8221;][et_pb_row custom_padding_last_edited=&#8221;on|desktop&#8221; _builder_version=&#8221;4.16&#8243; custom_padding=&#8221;2%|0%|0|0%|false|false&#8221; custom_padding_tablet=&#8221;&#8221; custom_padding_phone=&#8221;&#8221; global_colors_info=&#8221;{}&#8221; column_structure=&#8221;1_4,1_4,1_4,1_4&#8243;][et_pb_column type=&#8221;1_4&#8243; _builder_version=&#8221;4.16&#8243; custom_padding=&#8221;|||&#8221; global_colors_info=&#8221;{}&#8221; custom_padding__hover=&#8221;|||&#8221;][et_pb_blurb title=&#8221;Martes 28 de Febrero&#8221; image=&#8221;http:\/\/www.galileo.edu\/page\/wp-content\/uploads\/2023\/02\/Calendario.gif&#8221; image_icon_width_last_edited=&#8221;on|desktop&#8221; _builder_version=&#8221;4.16&#8243; header_font=&#8221;Raleway|700|||||||&#8221; header_text_align=&#8221;center&#8221; header_text_color=&#8221;#000000&#8243; body_font=&#8221;Raleway||||||||&#8221; body_text_align=&#8221;center&#8221; animation_style=&#8221;fade&#8221; header_font_size_tablet=&#8221;&#8221; header_font_size_phone=&#8221;&#8221; header_font_size_last_edited=&#8221;on|desktop&#8221; body_font_size_tablet=&#8221;&#8221; body_font_size_phone=&#8221;&#8221; body_font_size_last_edited=&#8221;on|desktop&#8221; icon_font_size_tablet=&#8221;&#8221; icon_font_size_phone=&#8221;&#8221; icon_font_size_last_edited=&#8221;on|desktop&#8221; global_colors_info=&#8221;{}&#8221;][\/et_pb_blurb][\/et_pb_column][et_pb_column type=&#8221;1_4&#8243; _builder_version=&#8221;4.16&#8243; custom_padding=&#8221;|||&#8221; global_colors_info=&#8221;{}&#8221; custom_padding__hover=&#8221;|||&#8221;][et_pb_blurb title=&#8221;De 18:00 a 19:30 hrs.&#8221; image=&#8221;http:\/\/www.galileo.edu\/page\/wp-content\/uploads\/2023\/02\/Horario.gif&#8221; image_icon_width_last_edited=&#8221;on|desktop&#8221; _builder_version=&#8221;4.16&#8243; header_font=&#8221;Raleway|700|||||||&#8221; header_text_align=&#8221;center&#8221; header_text_color=&#8221;#000000&#8243; body_font=&#8221;Raleway||||||||&#8221; body_text_align=&#8221;center&#8221; animation_style=&#8221;fade&#8221; header_font_size_tablet=&#8221;&#8221; header_font_size_phone=&#8221;&#8221; header_font_size_last_edited=&#8221;on|desktop&#8221; body_font_size_tablet=&#8221;&#8221; body_font_size_phone=&#8221;&#8221; body_font_size_last_edited=&#8221;on|desktop&#8221; icon_font_size_tablet=&#8221;&#8221; icon_font_size_phone=&#8221;&#8221; icon_font_size_last_edited=&#8221;on|desktop&#8221; global_colors_info=&#8221;{}&#8221;][\/et_pb_blurb][\/et_pb_column][et_pb_column type=&#8221;1_4&#8243; _builder_version=&#8221;4.16&#8243; custom_padding=&#8221;|||&#8221; global_colors_info=&#8221;{}&#8221; custom_padding__hover=&#8221;|||&#8221;][et_pb_blurb title=&#8221;Modalidad Virtual &#8221; image=&#8221;http:\/\/www.galileo.edu\/page\/wp-content\/uploads\/2023\/02\/Compu.gif&#8221; image_icon_width_last_edited=&#8221;on|desktop&#8221; _builder_version=&#8221;4.16&#8243; header_font=&#8221;Raleway|700|||||||&#8221; header_text_align=&#8221;center&#8221; header_text_color=&#8221;#000000&#8243; body_font=&#8221;Raleway||||||||&#8221; body_text_align=&#8221;center&#8221; body_line_height=&#8221;1em&#8221; text_orientation=&#8221;center&#8221; animation_style=&#8221;fade&#8221; header_font_size_tablet=&#8221;&#8221; header_font_size_phone=&#8221;&#8221; header_font_size_last_edited=&#8221;on|desktop&#8221; body_font_size_tablet=&#8221;&#8221; body_font_size_phone=&#8221;&#8221; body_font_size_last_edited=&#8221;on|desktop&#8221; body_line_height_tablet=&#8221;&#8221; body_line_height_phone=&#8221;&#8221; body_line_height_last_edited=&#8221;on|desktop&#8221; icon_font_size_tablet=&#8221;&#8221; icon_font_size_phone=&#8221;&#8221; icon_font_size_last_edited=&#8221;on|desktop&#8221; global_colors_info=&#8221;{}&#8221;][\/et_pb_blurb][\/et_pb_column][et_pb_column type=&#8221;1_4&#8243; _builder_version=&#8221;4.16&#8243; custom_padding=&#8221;|||&#8221; global_colors_info=&#8221;{}&#8221; custom_padding__hover=&#8221;|||&#8221;][et_pb_blurb title=&#8221;Gratuito&#8221; image=&#8221;http:\/\/www.galileo.edu\/page\/wp-content\/uploads\/2023\/02\/Dinero.gif&#8221; image_icon_width_last_edited=&#8221;on|desktop&#8221; _builder_version=&#8221;4.16&#8243; header_font=&#8221;Raleway|700|||||||&#8221; header_text_align=&#8221;center&#8221; header_text_color=&#8221;#000000&#8243; body_font=&#8221;Raleway||||||||&#8221; body_text_align=&#8221;center&#8221; body_line_height=&#8221;1em&#8221; text_orientation=&#8221;center&#8221; animation_style=&#8221;fade&#8221; header_font_size_tablet=&#8221;&#8221; header_font_size_phone=&#8221;&#8221; header_font_size_last_edited=&#8221;on|desktop&#8221; body_font_size_tablet=&#8221;&#8221; body_font_size_phone=&#8221;&#8221; body_font_size_last_edited=&#8221;on|desktop&#8221; body_line_height_tablet=&#8221;&#8221; body_line_height_phone=&#8221;&#8221; body_line_height_last_edited=&#8221;on|desktop&#8221; icon_font_size_tablet=&#8221;&#8221; icon_font_size_phone=&#8221;&#8221; icon_font_size_last_edited=&#8221;on|desktop&#8221; global_colors_info=&#8221;{}&#8221;][\/et_pb_blurb][\/et_pb_column][\/et_pb_row][\/et_pb_section][et_pb_section fb_built=&#8221;1&#8243; custom_padding_last_edited=&#8221;on|desktop&#8221; _builder_version=&#8221;4.16&#8243; background_color=&#8221;#ffffff&#8221; custom_padding=&#8221;2%|0%|0|0%|false|false&#8221; custom_padding_tablet=&#8221;&#8221; custom_padding_phone=&#8221;&#8221; top_divider_height=&#8221;265px&#8221; global_colors_info=&#8221;{}&#8221;][et_pb_row custom_padding_last_edited=&#8221;on|desktop&#8221; _builder_version=&#8221;4.16&#8243; custom_padding=&#8221;2%|0%|2%|0.2%|true|false&#8221; custom_padding_tablet=&#8221;&#8221; custom_padding_phone=&#8221;8%|||&#8221; global_colors_info=&#8221;{}&#8221; column_structure=&#8221;1_3,2_3&#8243;][et_pb_column type=&#8221;1_3&#8243; _builder_version=&#8221;4.16&#8243; custom_padding=&#8221;0%|0%|3.4%|2%&#8221; custom_padding_last_edited=&#8221;on|desktop&#8221; global_colors_info=&#8221;{}&#8221; padding_last_edited=&#8221;on|desktop&#8221; custom_padding__hover=&#8221;|||&#8221; custom_padding_tablet=&#8221;0%|0%|3.4%|2%&#8221; custom_padding_phone=&#8221;0%|0%|3.4%|2%&#8221;][et_pb_text _builder_version=&#8221;4.16&#8243; text_font=&#8221;Poppins|900|||||||&#8221; text_text_color=&#8221;#22292a&#8221; text_font_size=&#8221;48px&#8221; text_line_height=&#8221;1.2em&#8221; custom_margin=&#8221;0px||0px|&#8221; custom_padding=&#8221;|||&#8221; global_colors_info=&#8221;{}&#8221;] \u00bfA qui\u00e9n va dirigido? [\/et_pb_text][\/et_pb_column][et_pb_column type=&#8221;2_3&#8243; _builder_version=&#8221;4.16&#8243; custom_padding=&#8221;0%|0%|0%|0%&#8221; custom_padding_last_edited=&#8221;on|desktop&#8221; global_colors_info=&#8221;{}&#8221; padding_last_edited=&#8221;on|desktop&#8221; custom_padding__hover=&#8221;|||&#8221; custom_padding_tablet=&#8221;0%|0%|0%|0%&#8221; custom_padding_phone=&#8221;0%|0%|0%|0%&#8221;][et_pb_text disabled_on=&#8221;off|off|off&#8221; _builder_version=&#8221;4.16&#8243; text_font=&#8221;Poppins|300|||||||&#8221; text_font_size=&#8221;16px&#8221; text_line_height=&#8221;1.5em&#8221; header_5_font_size_tablet=&#8221;14px&#8221; header_5_font_size_phone=&#8221;&#8221; header_5_font_size_last_edited=&#8221;on|tablet&#8221; global_colors_info=&#8221;{}&#8221;] Este webinar est\u00e1 dirigido a aquellos profesionales que se desempe\u00f1an en el \u00e1rea de educaci\u00f3n, tecnolog\u00eda y transformaci\u00f3n digital, p\u00fablico en general. [\/et_pb_text][\/et_pb_column][\/et_pb_row][et_pb_row custom_padding_last_edited=&#8221;on|desktop&#8221; _builder_version=&#8221;4.16&#8243; custom_padding=&#8221;2%|0%|2%|0.2%|true|false&#8221; custom_padding_tablet=&#8221;&#8221; custom_padding_phone=&#8221;8%|||&#8221; global_colors_info=&#8221;{}&#8221; column_structure=&#8221;1_3,2_3&#8243;][et_pb_column type=&#8221;1_3&#8243; _builder_version=&#8221;4.16&#8243; custom_padding=&#8221;0%|0%|3.4%|2%&#8221; custom_padding_last_edited=&#8221;on|desktop&#8221; global_colors_info=&#8221;{}&#8221; padding_last_edited=&#8221;on|desktop&#8221; custom_padding__hover=&#8221;|||&#8221; custom_padding_tablet=&#8221;0%|0%|3.4%|2%&#8221; custom_padding_phone=&#8221;0%|0%|3.4%|2%&#8221;][et_pb_text _builder_version=&#8221;4.16&#8243; text_font=&#8221;Poppins|900|||||||&#8221; text_text_color=&#8221;#22292a&#8221; text_font_size=&#8221;48px&#8221; text_line_height=&#8221;1.2em&#8221; custom_margin=&#8221;0px||0px|&#8221; custom_padding=&#8221;|||&#8221; global_colors_info=&#8221;{}&#8221;] Acerca del evento [\/et_pb_text][\/et_pb_column][et_pb_column type=&#8221;2_3&#8243; _builder_version=&#8221;4.16&#8243; custom_padding=&#8221;0%|0%|0%|0%&#8221; custom_padding_last_edited=&#8221;on|desktop&#8221; global_colors_info=&#8221;{}&#8221; padding_last_edited=&#8221;on|desktop&#8221; custom_padding__hover=&#8221;|||&#8221; custom_padding_tablet=&#8221;0%|0%|0%|0%&#8221; custom_padding_phone=&#8221;0%|0%|0%|0%&#8221;][et_pb_text disabled_on=&#8221;off|off|off&#8221; _builder_version=&#8221;4.16&#8243; text_font=&#8221;Poppins|300|||||||&#8221; text_font_size=&#8221;16px&#8221; text_line_height=&#8221;1.5em&#8221; header_5_font_size_tablet=&#8221;14px&#8221; header_5_font_size_phone=&#8221;&#8221; header_5_font_size_last_edited=&#8221;on|tablet&#8221; global_colors_info=&#8221;{}&#8221;] La educaci\u00f3n superior se enfrenta, tal vez, al reto m\u00e1s grande de su historia, convivir y subsistir en un espacio competitivo global provocado por Internet y el COVID-19. Ambas revoluciones, en distintos momentos y circunstancias han llevado a las universidades a replantearse la forma en c\u00f3mo se gestionan a lo interno as\u00ed como se relacionan con el mundo. La internacionalizaci\u00f3n de las universidades, a gran escala, ha sido la gran apuesta de quienes aprovecharon el Internet en sus m\u00faltiples evoluciones (Web 1.0, 2.0 y 3.0) haci\u00e9ndola posible en la virtualidad. La atenci\u00f3n de personas con diferentes nacionalidades, la did\u00e1ctica de equipos multiculturales, la equivalencia acad\u00e9mica de t\u00edtulos, la movilidad acad\u00e9mica y proyectos de colaboraci\u00f3n, son muestras que la internacionalizaci\u00f3n de las universidades evolucionan a una concepci\u00f3n m\u00e1s global, la cual llamaremos la nueva educaci\u00f3n transnacional. [\/et_pb_text][\/et_pb_column][\/et_pb_row][et_pb_row _builder_version=&#8221;4.16&#8243; global_colors_info=&#8221;{}&#8221;][et_pb_column type=&#8221;4_4&#8243; _builder_version=&#8221;4.16&#8243; custom_padding=&#8221;|||&#8221; global_colors_info=&#8221;{}&#8221; custom_padding__hover=&#8221;|||&#8221;][et_pb_text disabled_on=&#8221;off|off|off&#8221; _builder_version=&#8221;4.16&#8243; global_colors_info=&#8221;{}&#8221;][\/et_pb_text][\/et_pb_column][\/et_pb_row][\/et_pb_section][et_pb_section fb_built=&#8221;1&#8243; custom_padding_last_edited=&#8221;on|desktop&#8221; disabled_on=&#8221;off|off|off&#8221; _builder_version=&#8221;4.16&#8243; background_color=&#8221;#458ac9&#8243; use_background_color_gradient=&#8221;on&#8221; background_color_gradient_direction=&#8221;280deg&#8221; background_color_gradient_stops=&#8221;#62bed3 0%|#50737b 100%&#8221; background_color_gradient_start=&#8221;#62bed3&#8243; background_color_gradient_end=&#8221;#50737b&#8221; custom_padding=&#8221;|||&#8221; custom_padding_tablet=&#8221;&#8221; custom_padding_phone=&#8221;&#8221; global_colors_info=&#8221;{}&#8221;][et_pb_row custom_padding_last_edited=&#8221;on|desktop&#8221; disabled_on=&#8221;off|off|off&#8221; _builder_version=&#8221;4.16&#8243; module_alignment=&#8221;center&#8221; custom_margin=&#8221;|||&#8221; custom_padding=&#8221;27px|0px|0|0px|false|false&#8221; custom_padding_tablet=&#8221;&#8221; custom_padding_phone=&#8221;8%|||&#8221; global_colors_info=&#8221;{}&#8221;][et_pb_column type=&#8221;4_4&#8243; _builder_version=&#8221;4.16&#8243; custom_padding=&#8221;|||&#8221; global_colors_info=&#8221;{}&#8221; custom_padding__hover=&#8221;|||&#8221;][et_pb_text _builder_version=&#8221;4.16&#8243; text_font=&#8221;Poppins|800|||||||&#8221; text_text_color=&#8221;#ffffff&#8221; text_font_size=&#8221;40px&#8221; text_line_height=&#8221;1em&#8221; custom_margin=&#8221;0px||0px|&#8221; custom_padding=&#8221;|||&#8221; global_colors_info=&#8221;{}&#8221;]<\/p>\n<p style=\"text-align: center;\">Conferencista<\/p>\n<p>[\/et_pb_text][\/et_pb_column][\/et_pb_row][et_pb_row _builder_version=&#8221;4.16&#8243; global_colors_info=&#8221;{}&#8221; column_structure=&#8221;1_4,3_4&#8243;][et_pb_column type=&#8221;1_4&#8243; _builder_version=&#8221;4.16&#8243; custom_padding=&#8221;|||&#8221; global_colors_info=&#8221;{}&#8221; custom_padding__hover=&#8221;|||&#8221;][et_pb_image src=&#8221;http:\/\/www.galileo.edu\/page\/wp-content\/uploads\/2023\/02\/Conferencista-Dr.-Rafael-Martinez.png&#8221; align_tablet=&#8221;center&#8221; align_last_edited=&#8221;on|desktop&#8221; disabled_on=&#8221;on|off|off&#8221; _builder_version=&#8221;4.16&#8243; custom_padding=&#8221;|||67px&#8221; custom_padding_tablet=&#8221;&#8221; custom_padding_phone=&#8221;&#8221; custom_padding_last_edited=&#8221;on|desktop&#8221; global_colors_info=&#8221;{}&#8221; align_phone=&#8221;center&#8221;][\/et_pb_image][et_pb_image src=&#8221;http:\/\/www.galileo.edu\/page\/wp-content\/uploads\/2023\/02\/Conferencista-Dr.-Rafael-Martinez.png&#8221; align_tablet=&#8221;center&#8221; align_last_edited=&#8221;on|desktop&#8221; disabled_on=&#8221;off|on|on&#8221; _builder_version=&#8221;4.16&#8243; max_width=&#8221;75%&#8221; module_alignment=&#8221;center&#8221; custom_padding=&#8221;|||&#8221; custom_padding_tablet=&#8221;&#8221; custom_padding_phone=&#8221;&#8221; custom_padding_last_edited=&#8221;on|desktop&#8221; global_colors_info=&#8221;{}&#8221; align_phone=&#8221;center&#8221;][\/et_pb_image][\/et_pb_column][et_pb_column type=&#8221;3_4&#8243; _builder_version=&#8221;4.16&#8243; custom_padding=&#8221;|||&#8221; global_colors_info=&#8221;{}&#8221; custom_padding__hover=&#8221;|||&#8221;][et_pb_text _builder_version=&#8221;4.16&#8243; text_font=&#8221;Montserrat|800|||||||&#8221; text_text_color=&#8221;#ffffff&#8221; text_font_size=&#8221;20px&#8221; custom_margin=&#8221;||9px|&#8221; custom_padding=&#8221;||0px|&#8221; inline_fonts=&#8221;Abel&#8221; global_colors_info=&#8221;{}&#8221;]<\/p>\n<p style=\"text-align: left;\"><b>Dr. Rafael Mart\u00ednez Campoblanco.<\/b><b> <\/b><\/p>\n<p style=\"text-align: left;\"><a href=\"https:\/\/www.linkedin.com\/in\/rafaelmartinezc\/\" target=\"_blank\" rel=\"noopener noreferrer\"><b><img decoding=\"async\" loading=\"lazy\" class=\"wp-image-69137 alignnone size-full\" src=\"https:\/\/www.galileo.edu\/page\/wp-content\/uploads\/2023\/02\/Recurso-1-1.png\" alt=\"\" width=\"110\" height=\"32\" \/><\/b><\/a><\/p>\n<p>[\/et_pb_text][et_pb_text _builder_version=&#8221;4.16&#8243; text_font=&#8221;Poppins|300|||||||&#8221; text_text_color=&#8221;#ffffff&#8221; text_font_size=&#8221;16px&#8221; text_line_height=&#8221;1.5em&#8221; global_colors_info=&#8221;{}&#8221;] Director de Vinculaci\u00f3n Institucional de UTEL Universidad y miembro de organizaciones multilaterales de educaci\u00f3n (Virtual Educa, CALED, CREAD, AIESAD y REDDOLAC). Docente de postgrado y speaker invitado en diferentes eventos internacionales. Doctor en Educaci\u00f3n, Magister Scientiarum en Educaci\u00f3n menci\u00f3n Tecnolog\u00edas de Informaci\u00f3n y Comunicaci\u00f3n, Magister y Especialista en Entornos Virtuales de Aprendizaje, Licenciado en Educaci\u00f3n menci\u00f3n Dise\u00f1o y Gesti\u00f3n de Proyectos Educativos. [\/et_pb_text][\/et_pb_column][\/et_pb_row][\/et_pb_section][et_pb_section fb_built=&#8221;1&#8243; _builder_version=&#8221;4.16&#8243; background_color=&#8221;#353535&#8243; custom_padding=&#8221;|||&#8221; global_colors_info=&#8221;{}&#8221;][et_pb_row _builder_version=&#8221;4.16&#8243; background_size=&#8221;initial&#8221; background_position=&#8221;top_left&#8221; background_repeat=&#8221;repeat&#8221; global_colors_info=&#8221;{}&#8221;][et_pb_column type=&#8221;4_4&#8243; _builder_version=&#8221;4.16&#8243; custom_padding=&#8221;|||&#8221; global_colors_info=&#8221;{}&#8221; custom_padding__hover=&#8221;|||&#8221;][et_pb_text _builder_version=&#8221;4.16&#8243; text_font=&#8221;Montserrat|800|||||||&#8221; text_text_color=&#8221;#ffffff&#8221; text_font_size=&#8221;35px&#8221; global_colors_info=&#8221;{}&#8221;]<\/p>\n<p style=\"text-align: center;\">Contacto<\/p>\n<p>[\/et_pb_text][\/et_pb_column][\/et_pb_row][et_pb_row _builder_version=&#8221;4.16&#8243; custom_padding=&#8221;|||&#8221; global_colors_info=&#8221;{}&#8221; column_structure=&#8221;1_3,1_3,1_3&#8243;][et_pb_column type=&#8221;1_3&#8243; _builder_version=&#8221;4.16&#8243; custom_padding=&#8221;|||&#8221; global_colors_info=&#8221;{}&#8221; custom_padding__hover=&#8221;|||&#8221;][et_pb_text _builder_version=&#8221;4.16&#8243; header_font=&#8221;||||||||&#8221; header_text_color=&#8221;#f2eecc&#8221; header_3_font=&#8221;Raleway|700|||||||&#8221; header_3_text_align=&#8221;center&#8221; header_3_text_color=&#8221;#ffffff&#8221; header_5_font=&#8221;Raleway||||||||&#8221; header_5_text_align=&#8221;center&#8221; header_5_text_color=&#8221;#ffffff&#8221; global_colors_info=&#8221;{}&#8221;]<\/p>\n<h3 style=\"text-align: center;\"><strong>Tel\u00e9fono:<\/strong><\/h3>\n<h5>+502 2423-8000 Ext. 7417<\/h5>\n<p>[\/et_pb_text][\/et_pb_column][et_pb_column type=&#8221;1_3&#8243; _builder_version=&#8221;4.16&#8243; custom_padding=&#8221;|||&#8221; global_colors_info=&#8221;{}&#8221; custom_padding__hover=&#8221;|||&#8221;][et_pb_text _builder_version=&#8221;4.16&#8243; header_font=&#8221;||||||||&#8221; header_text_color=&#8221;#f2eecc&#8221; header_3_font=&#8221;Raleway|700|||||||&#8221; header_3_text_align=&#8221;center&#8221; header_3_text_color=&#8221;#ffffff&#8221; header_5_font=&#8221;Raleway||||||||&#8221; header_5_text_align=&#8221;center&#8221; header_5_text_color=&#8221;#ffffff&#8221; global_colors_info=&#8221;{}&#8221;]<\/p>\n<h3 style=\"text-align: center;\"><strong>Correo:<\/strong><\/h3>\n<h5><a href=\"mailto:asistenteivn@galileo.edu\" target=\"_blank\" rel=\"noopener noreferrer\">asistenteivn@galileo.edu<\/a><\/h5>\n<p>[\/et_pb_text][\/et_pb_column][et_pb_column type=&#8221;1_3&#8243; _builder_version=&#8221;4.16&#8243; custom_padding=&#8221;|||&#8221; global_colors_info=&#8221;{}&#8221; custom_padding__hover=&#8221;|||&#8221;][et_pb_text _builder_version=&#8221;4.16&#8243; text_font=&#8221;||||||||&#8221; text_line_height=&#8221;1.9em&#8221; header_font=&#8221;||||||||&#8221; header_3_font=&#8221;Raleway|700|||||||&#8221; header_3_text_align=&#8221;center&#8221; header_3_text_color=&#8221;#ffffff&#8221; header_5_font=&#8221;Raleway||||||||&#8221; header_5_text_align=&#8221;center&#8221; header_5_text_color=&#8221;#ffffff&#8221; global_colors_info=&#8221;{}&#8221;]<\/p>\n<h3 style=\"text-align: center;\"><strong>Direcci\u00f3n:<\/strong><\/h3>\n<h5 style=\"text-align: center;\">Oficina 413, 4to. Nivel Torre I, Galileo Campus Central, zona 10, Universidad Galileo<\/h5>\n<p>[\/et_pb_text][\/et_pb_column][\/et_pb_row][et_pb_row _builder_version=&#8221;4.16&#8243; global_colors_info=&#8221;{}&#8221;][et_pb_column type=&#8221;4_4&#8243; _builder_version=&#8221;4.16&#8243; custom_padding=&#8221;|||&#8221; global_colors_info=&#8221;{}&#8221; custom_padding__hover=&#8221;|||&#8221;][et_pb_image src=&#8221;http:\/\/www.galileo.edu\/page\/wp-content\/uploads\/2020\/07\/Logo-Galileo-blanco.png&#8221; url=&#8221;http:\/\/www.galileo.edu&#8221; align=&#8221;center&#8221; align_tablet=&#8221;center&#8221; align_last_edited=&#8221;on|desktop&#8221; _builder_version=&#8221;4.16&#8243; max_width=&#8221;16%&#8221; max_width_tablet=&#8221;28%&#8221; max_width_phone=&#8221;31%&#8221; max_width_last_edited=&#8221;on|phone&#8221; global_colors_info=&#8221;{}&#8221; align_phone=&#8221;center&#8221;][\/et_pb_image][\/et_pb_column][\/et_pb_row][\/et_pb_section]<\/p>\n","protected":false},"excerpt":{"rendered":"<p>Webinar Desaf\u00edos de la Nueva Educaci\u00f3n Transnacional Participa en el Webinar &#8220;Desaf\u00edos de la Nueva Educaci\u00f3n Transnacional&#8221;, que se llevar\u00e1 a cabo el martes 28 de febrero a las 18:00 horas, Guatemala. Comparte tus datos a continuaci\u00f3n para reservar tu espacio: Webinar Desaf\u00edos de la Nueva Educaci\u00f3n Transnacional Participa en el Webinar &#8220;Desaf\u00edos de la [&hellip;]<\/p>\n","protected":false},"author":10,"featured_media":0,"parent":0,"menu_order":0,"comment_status":"closed","ping_status":"closed","template":"page-template-blank.php","meta":{"_et_pb_use_builder":"on","_et_pb_old_content":"","_et_gb_content_width":""},"yoast_head":"<!-- This site is optimized with the Yoast SEO plugin v20.13 - https:\/\/yoast.com\/wordpress\/plugins\/seo\/ -->\n<title>Webinar &quot;Desaf\u00edos de la Nueva Educaci\u00f3n Transnacional&quot; (error)<\/title>\n<meta name=\"robots\" content=\"index, follow, max-snippet:-1, max-image-preview:large, max-video-preview:-1\" \/>\n<link rel=\"canonical\" href=\"https:\/\/www.galileo.edu\/page\/webinar-desafio-nueva-educacion-transnacional\/\" \/>\n<meta property=\"og:locale\" content=\"en_US\" \/>\n<meta property=\"og:type\" content=\"article\" \/>\n<meta property=\"og:title\" content=\"Webinar &quot;Desaf\u00edos de la Nueva Educaci\u00f3n Transnacional&quot; (error)\" \/>\n<meta property=\"og:description\" content=\"Webinar Desaf\u00edos de la Nueva Educaci\u00f3n Transnacional Participa en el Webinar &quot;Desaf\u00edos de la Nueva Educaci\u00f3n Transnacional&quot;, que se llevar\u00e1 a cabo el martes 28 de febrero a las 18:00 horas, Guatemala. Comparte tus datos a continuaci\u00f3n para reservar tu espacio: Webinar Desaf\u00edos de la Nueva Educaci\u00f3n Transnacional Participa en el Webinar &quot;Desaf\u00edos de la [&hellip;]\" \/>\n<meta property=\"og:url\" content=\"https:\/\/www.galileo.edu\/page\/webinar-desafio-nueva-educacion-transnacional\/\" \/>\n<meta property=\"og:site_name\" content=\"Universidad Galileo\" \/>\n<meta property=\"article:modified_time\" content=\"2023-08-18T16:31:37+00:00\" \/>\n<meta property=\"og:image\" content=\"http:\/\/www.galileo.edu\/page\/wp-content\/uploads\/2023\/02\/Webinar_Post.jpg\" \/>\n\t<meta property=\"og:image:width\" content=\"1080\" \/>\n\t<meta property=\"og:image:height\" content=\"1080\" \/>\n\t<meta property=\"og:image:type\" content=\"image\/jpeg\" \/>\n<meta name=\"twitter:card\" content=\"summary_large_image\" \/>\n<meta name=\"twitter:label1\" content=\"Est. reading time\" \/>\n\t<meta name=\"twitter:data1\" content=\"15 minutes\" \/>\n<script type=\"application\/ld+json\" class=\"yoast-schema-graph\">{\"@context\":\"https:\/\/schema.org\",\"@graph\":[{\"@type\":\"WebPage\",\"@id\":\"https:\/\/www.galileo.edu\/page\/webinar-desafio-nueva-educacion-transnacional\/\",\"url\":\"https:\/\/www.galileo.edu\/page\/webinar-desafio-nueva-educacion-transnacional\/\",\"name\":\"Webinar \\\"Desaf\u00edos de la Nueva Educaci\u00f3n Transnacional\\\" (error)\",\"isPartOf\":{\"@id\":\"https:\/\/www.galileo.edu\/page\/#website\"},\"datePublished\":\"2023-02-17T16:56:46+00:00\",\"dateModified\":\"2023-08-18T16:31:37+00:00\",\"breadcrumb\":{\"@id\":\"https:\/\/www.galileo.edu\/page\/webinar-desafio-nueva-educacion-transnacional\/#breadcrumb\"},\"inLanguage\":\"en-US\",\"potentialAction\":[{\"@type\":\"ReadAction\",\"target\":[\"https:\/\/www.galileo.edu\/page\/webinar-desafio-nueva-educacion-transnacional\/\"]}]},{\"@type\":\"BreadcrumbList\",\"@id\":\"https:\/\/www.galileo.edu\/page\/webinar-desafio-nueva-educacion-transnacional\/#breadcrumb\",\"itemListElement\":[{\"@type\":\"ListItem\",\"position\":1,\"name\":\"Home\",\"item\":\"https:\/\/www.galileo.edu\/page\/home\/\"},{\"@type\":\"ListItem\",\"position\":2,\"name\":\"Webinar &#8220;Desaf\u00edos de la Nueva Educaci\u00f3n Transnacional&#8221;\"}]},{\"@type\":\"WebSite\",\"@id\":\"https:\/\/www.galileo.edu\/page\/#website\",\"url\":\"https:\/\/www.galileo.edu\/page\/\",\"name\":\"Universidad Galileo\",\"description\":\"La revoluci\u00f3n en la educaci\u00f3n\",\"potentialAction\":[{\"@type\":\"SearchAction\",\"target\":{\"@type\":\"EntryPoint\",\"urlTemplate\":\"https:\/\/www.galileo.edu\/page\/?s={search_term_string}\"},\"query-input\":\"required name=search_term_string\"}],\"inLanguage\":\"en-US\"}]}<\/script>\n<!-- \/ Yoast SEO plugin. -->","yoast_head_json":{"title":"Webinar \"Desaf\u00edos de la Nueva Educaci\u00f3n Transnacional\" (error)","robots":{"index":"index","follow":"follow","max-snippet":"max-snippet:-1","max-image-preview":"max-image-preview:large","max-video-preview":"max-video-preview:-1"},"canonical":"https:\/\/www.galileo.edu\/page\/webinar-desafio-nueva-educacion-transnacional\/","og_locale":"en_US","og_type":"article","og_title":"Webinar \"Desaf\u00edos de la Nueva Educaci\u00f3n Transnacional\" (error)","og_description":"Webinar Desaf\u00edos de la Nueva Educaci\u00f3n Transnacional Participa en el Webinar \"Desaf\u00edos de la Nueva Educaci\u00f3n Transnacional\", que se llevar\u00e1 a cabo el martes 28 de febrero a las 18:00 horas, Guatemala. Comparte tus datos a continuaci\u00f3n para reservar tu espacio: Webinar Desaf\u00edos de la Nueva Educaci\u00f3n Transnacional Participa en el Webinar \"Desaf\u00edos de la [&hellip;]","og_url":"https:\/\/www.galileo.edu\/page\/webinar-desafio-nueva-educacion-transnacional\/","og_site_name":"Universidad Galileo","article_modified_time":"2023-08-18T16:31:37+00:00","og_image":[{"width":1080,"height":1080,"url":"http:\/\/www.galileo.edu\/page\/wp-content\/uploads\/2023\/02\/Webinar_Post.jpg","type":"image\/jpeg"}],"twitter_card":"summary_large_image","twitter_misc":{"Est. reading time":"15 minutes"},"schema":{"@context":"https:\/\/schema.org","@graph":[{"@type":"WebPage","@id":"https:\/\/www.galileo.edu\/page\/webinar-desafio-nueva-educacion-transnacional\/","url":"https:\/\/www.galileo.edu\/page\/webinar-desafio-nueva-educacion-transnacional\/","name":"Webinar \"Desaf\u00edos de la Nueva Educaci\u00f3n Transnacional\" (error)","isPartOf":{"@id":"https:\/\/www.galileo.edu\/page\/#website"},"datePublished":"2023-02-17T16:56:46+00:00","dateModified":"2023-08-18T16:31:37+00:00","breadcrumb":{"@id":"https:\/\/www.galileo.edu\/page\/webinar-desafio-nueva-educacion-transnacional\/#breadcrumb"},"inLanguage":"en-US","potentialAction":[{"@type":"ReadAction","target":["https:\/\/www.galileo.edu\/page\/webinar-desafio-nueva-educacion-transnacional\/"]}]},{"@type":"BreadcrumbList","@id":"https:\/\/www.galileo.edu\/page\/webinar-desafio-nueva-educacion-transnacional\/#breadcrumb","itemListElement":[{"@type":"ListItem","position":1,"name":"Home","item":"https:\/\/www.galileo.edu\/page\/home\/"},{"@type":"ListItem","position":2,"name":"Webinar &#8220;Desaf\u00edos de la Nueva Educaci\u00f3n Transnacional&#8221;"}]},{"@type":"WebSite","@id":"https:\/\/www.galileo.edu\/page\/#website","url":"https:\/\/www.galileo.edu\/page\/","name":"Universidad Galileo","description":"La revoluci\u00f3n en la educaci\u00f3n","potentialAction":[{"@type":"SearchAction","target":{"@type":"EntryPoint","urlTemplate":"https:\/\/www.galileo.edu\/page\/?s={search_term_string}"},"query-input":"required name=search_term_string"}],"inLanguage":"en-US"}]}},"_links":{"self":[{"href":"https:\/\/www.galileo.edu\/page\/wp-json\/wp\/v2\/pages\/69125"}],"collection":[{"href":"https:\/\/www.galileo.edu\/page\/wp-json\/wp\/v2\/pages"}],"about":[{"href":"https:\/\/www.galileo.edu\/page\/wp-json\/wp\/v2\/types\/page"}],"author":[{"embeddable":true,"href":"https:\/\/www.galileo.edu\/page\/wp-json\/wp\/v2\/users\/10"}],"replies":[{"embeddable":true,"href":"https:\/\/www.galileo.edu\/page\/wp-json\/wp\/v2\/comments?post=69125"}],"version-history":[{"count":29,"href":"https:\/\/www.galileo.edu\/page\/wp-json\/wp\/v2\/pages\/69125\/revisions"}],"predecessor-version":[{"id":77952,"href":"https:\/\/www.galileo.edu\/page\/wp-json\/wp\/v2\/pages\/69125\/revisions\/77952"}],"wp:attachment":[{"href":"https:\/\/www.galileo.edu\/page\/wp-json\/wp\/v2\/media?parent=69125"}],"curies":[{"name":"wp","href":"https:\/\/api.w.org\/{rel}","templated":true}]}}