{"id":50996,"date":"2022-04-01T18:54:56","date_gmt":"2022-04-01T18:54:56","guid":{"rendered":"https:\/\/www.galileo.edu\/page\/?page_id=50996"},"modified":"2022-04-18T19:03:49","modified_gmt":"2022-04-18T19:03:49","slug":"feria-del-empleo-galileo-2","status":"publish","type":"page","link":"https:\/\/www.galileo.edu\/page\/feria-del-empleo-galileo-2\/","title":{"rendered":"Gracias XV Feria del Empleo"},"content":{"rendered":"<p>[et_pb_section fb_built=&#8221;1&#8243; disabled_on=&#8221;on|on|off&#8221; _builder_version=&#8221;3.2.2&#8243; background_image=&#8221;http:\/\/www.galileo.edu\/page\/wp-content\/uploads\/2022\/03\/nuevo.gif&#8221; custom_padding=&#8221;85px|0px|272px|0px|false|false&#8221;][et_pb_row custom_padding=&#8221;10px|0px|0|0px|false|false&#8221; disabled_on=&#8221;off|off|off&#8221; _builder_version=&#8221;3.0.47&#8243; background_size=&#8221;initial&#8221; background_position=&#8221;top_left&#8221; background_repeat=&#8221;repeat&#8221;][et_pb_column type=&#8221;4_4&#8243; _builder_version=&#8221;3.0.47&#8243; parallax=&#8221;off&#8221; parallax_method=&#8221;on&#8221;][et_pb_text disabled_on=&#8221;off|off|off&#8221; _builder_version=&#8221;3.2.2&#8243; text_font=&#8221;||||||||&#8221; header_font=&#8221;Montserrat|900|||||||&#8221; header_text_align=&#8221;center&#8221; header_font_size=&#8221;33px&#8221; header_font_size_tablet=&#8221;24px&#8221; header_font_size_phone=&#8221;17px&#8221; header_font_size_last_edited=&#8221;on|phone&#8221;]<\/p>\n<h1>Gracias por registrarte a:<\/h1>\n<p>[\/et_pb_text][et_pb_image src=&#8221;http:\/\/www.galileo.edu\/page\/wp-content\/uploads\/2022\/04\/xvempleo.gif&#8221; _builder_version=&#8221;3.2.2&#8243; max_width=&#8221;84%&#8221; max_width_last_edited=&#8221;on|desktop&#8221; module_alignment=&#8221;center&#8221; custom_margin=&#8221;-16px|||&#8221;][\/et_pb_image][\/et_pb_column][\/et_pb_row][\/et_pb_section][et_pb_section fb_built=&#8221;1&#8243; disabled_on=&#8221;on|off|on&#8221; _builder_version=&#8221;3.2.2&#8243; background_image=&#8221;http:\/\/www.galileo.edu\/page\/wp-content\/uploads\/2022\/04\/ARTES-LP-02-1.gif&#8221; custom_padding=&#8221;718px|0px|644px|0px|false|false&#8221;][et_pb_row custom_padding=&#8221;0|0px|36px|0px|false|false&#8221; custom_margin=&#8221;-540px|||&#8221; _builder_version=&#8221;3.2.2&#8243; custom_margin_tablet=&#8221;-564px|||&#8221; custom_margin_last_edited=&#8221;on|phone&#8221;][et_pb_column type=&#8221;4_4&#8243; _builder_version=&#8221;3.0.47&#8243; parallax=&#8221;off&#8221; parallax_method=&#8221;on&#8221;][et_pb_text disabled_on=&#8221;off|off|off&#8221; _builder_version=&#8221;3.2.2&#8243; text_font=&#8221;||||||||&#8221; header_font=&#8221;Montserrat|900|||||||&#8221; header_text_align=&#8221;center&#8221; header_font_size=&#8221;33px&#8221; header_font_size_tablet=&#8221;24px&#8221; header_font_size_phone=&#8221;33px&#8221; header_font_size_last_edited=&#8221;on|phone&#8221; header_4_font=&#8221;||||||||&#8221;]<\/p>\n<h1>Gracias por registrarte a:<\/h1>\n<p>[\/et_pb_text][\/et_pb_column][\/et_pb_row][\/et_pb_section][et_pb_section fb_built=&#8221;1&#8243; disabled_on=&#8221;off|on|on&#8221; _builder_version=&#8221;3.2.2&#8243; background_image=&#8221;http:\/\/www.galileo.edu\/page\/wp-content\/uploads\/2022\/04\/ARTES-LP-02-1.gif&#8221; custom_padding=&#8221;604px|0px|183px|0px|false|false&#8221;][et_pb_row custom_padding=&#8221;0|0px|36px|0px|false|false&#8221; custom_margin=&#8221;-540px|||&#8221; _builder_version=&#8221;3.2.2&#8243; custom_margin_tablet=&#8221;-564px|||&#8221; custom_margin_last_edited=&#8221;on|phone&#8221;][et_pb_column type=&#8221;4_4&#8243; _builder_version=&#8221;3.0.47&#8243; parallax=&#8221;off&#8221; parallax_method=&#8221;on&#8221;][et_pb_text disabled_on=&#8221;off|off|off&#8221; _builder_version=&#8221;3.2.2&#8243; text_font=&#8221;||||||||&#8221; header_font=&#8221;Montserrat|900|||||||&#8221; header_text_align=&#8221;center&#8221; header_font_size=&#8221;33px&#8221; header_font_size_tablet=&#8221;24px&#8221; header_font_size_phone=&#8221;33px&#8221; header_font_size_last_edited=&#8221;on|phone&#8221; header_4_font=&#8221;||||||||&#8221;]<\/p>\n<h1>Gracias por registrarte a:<\/h1>\n<p>[\/et_pb_text][\/et_pb_column][\/et_pb_row][\/et_pb_section][et_pb_section fb_built=&#8221;1&#8243; _builder_version=&#8221;3.2.2&#8243; background_color=&#8221;#19A0A7&#8243; custom_margin=&#8221;-223px|||&#8221; custom_padding=&#8221;82px|0px|76px|0px|false|false&#8221; top_divider_style=&#8221;arrow&#8221; top_divider_color=&#8221;#F49706&#8243; top_divider_height=&#8221;47px&#8221; top_divider_flip=&#8221;vertical&#8221;][et_pb_row custom_padding=&#8221;27px|0px|0|0px|false|false&#8221; _builder_version=&#8221;3.2.2&#8243; custom_margin_phone=&#8221;-27px|||&#8221; custom_margin_last_edited=&#8221;on|phone&#8221;][et_pb_column type=&#8221;4_4&#8243; _builder_version=&#8221;3.0.47&#8243; parallax=&#8221;off&#8221; parallax_method=&#8221;on&#8221;][et_pb_text _builder_version=&#8221;3.2.2&#8243; text_font=&#8221;||||||||&#8221; header_font=&#8221;Montserrat|700|||||||&#8221; header_text_align=&#8221;center&#8221; header_text_color=&#8221;#ffffff&#8221; header_font_size=&#8221;25px&#8221; custom_margin=&#8221;-6px|||&#8221; custom_margin_tablet=&#8221;||-69px|&#8221; custom_margin_phone=&#8221;||-13px|&#8221; custom_margin_last_edited=&#8221;on|desktop&#8221;]<\/p>\n<h1>\u00a1Revisa tu correo electr\u00f3nico!<\/h1>\n<p>[\/et_pb_text][\/et_pb_column][\/et_pb_row][et_pb_row custom_padding=&#8221;0|0px|0|0px|false|false&#8221; _builder_version=&#8221;3.2.2&#8243; custom_margin_phone=&#8221;-113px|||&#8221; custom_margin_last_edited=&#8221;on|phone&#8221;][et_pb_column type=&#8221;4_4&#8243; _builder_version=&#8221;3.0.47&#8243; parallax=&#8221;off&#8221; parallax_method=&#8221;on&#8221;][et_pb_text _builder_version=&#8221;3.2.2&#8243; text_font=&#8221;Montserrat||||||||&#8221; text_text_color=&#8221;#ffffff&#8221; text_font_size=&#8221;18px&#8221; text_line_height=&#8221;1em&#8221; header_font=&#8221;Raleway|700|||||||&#8221; header_font_size=&#8221;28px&#8221; header_font_size_last_edited=&#8221;on|desktop&#8221; header_line_height=&#8221;1.1em&#8221; text_orientation=&#8221;center&#8221;]<\/p>\n<p style=\"text-align: center;\"><strong>Tu registro est\u00e1 completo.<\/strong> Revisa tu correo electr\u00f3nico para ver m\u00e1s detalles sobre el evento.<\/p>\n<p style=\"text-align: center;\">Y qu\u00e9date pendiente porque recibir\u00e1s el enlace para conectarte.<\/p>\n<p>&nbsp;<\/p>\n<p style=\"text-align: center;\">\u00a1Agenda la fecha! La<strong> XV FERIA DEL EMPLEO<\/strong> es gratuita, ser\u00e1 el 11 y 12 de mayo del 2022 en modalidad virtual.<\/p>\n<p>[\/et_pb_text][\/et_pb_column][\/et_pb_row][\/et_pb_section][et_pb_section fb_built=&#8221;1&#8243; custom_padding_last_edited=&#8221;on|desktop&#8221; _builder_version=&#8221;3.2.2&#8243; background_color=&#8221;#353535&#8243; custom_padding=&#8221;1.6%|0px|18px|0px|false|false&#8221;][et_pb_row custom_padding=&#8221;|||&#8221; _builder_version=&#8221;3.2.2&#8243;][et_pb_column type=&#8221;1_4&#8243; _builder_version=&#8221;3.0.47&#8243; parallax=&#8221;off&#8221; parallax_method=&#8221;on&#8221;][et_pb_text _builder_version=&#8221;3.2.2&#8243; header_font=&#8221;||||||||&#8221; header_text_color=&#8221;#f2eecc&#8221; header_3_font=&#8221;Raleway|700|||||||&#8221; header_3_text_align=&#8221;center&#8221; header_3_text_color=&#8221;#ffffff&#8221; header_5_font=&#8221;Raleway||||||||&#8221; header_5_text_align=&#8221;center&#8221; header_5_text_color=&#8221;#ffffff&#8221;]<\/p>\n<h3 style=\"text-align: center;\"><strong><img decoding=\"async\" loading=\"lazy\" class=\"wp-image-50830 alignnone size-full\" src=\"https:\/\/www.galileo.edu\/page\/wp-content\/uploads\/2022\/04\/correo-electronico.png\" alt=\"\" width=\"38\" height=\"38\" \/><\/strong><\/h3>\n<h3 style=\"text-align: center;\"><strong>Correo electr\u00f3nico:<\/strong><\/h3>\n<h5 style=\"text-align: center;\"><a href=\"mailto:info@galileo.edu \">info@galileo.edu<\/a><\/h5>\n<p>[\/et_pb_text][\/et_pb_column][et_pb_column type=&#8221;1_4&#8243; _builder_version=&#8221;3.0.47&#8243; parallax=&#8221;off&#8221; parallax_method=&#8221;on&#8221;][et_pb_text _builder_version=&#8221;3.2.2&#8243; header_font=&#8221;||||||||&#8221; header_text_color=&#8221;#f2eecc&#8221; header_3_font=&#8221;Raleway|700|||||||&#8221; header_3_text_align=&#8221;center&#8221; header_3_text_color=&#8221;#ffffff&#8221; header_5_font=&#8221;Raleway||||||||&#8221; header_5_text_align=&#8221;center&#8221; header_5_text_color=&#8221;#ffffff&#8221;]<\/p>\n<h3 style=\"text-align: center;\"><span style=\"color: #ffffff;\"><a style=\"color: #ffffff;\" href=\"https:\/\/api.whatsapp.com\/send?phone=+50224238000&amp;text=%C2%A1Hola!%20Me%20interesa%20aplicar%20en%20la%20Feria%20del%20Empleo%20Galileo,%20%C2%BFme%20puedes%20dar%20m%C3%A1s%20informaci%C3%B3n\" target=\"_blank\" rel=\"noopener noreferrer\"><strong><img decoding=\"async\" loading=\"lazy\" class=\"wp-image-50828 alignnone size-full\" src=\"https:\/\/www.galileo.edu\/page\/wp-content\/uploads\/2022\/04\/whatsapp.png\" alt=\"\" width=\"36\" height=\"36\" \/><\/strong><\/a><\/span><\/h3>\n<h3 style=\"text-align: center;\"><span style=\"color: #ffffff;\"><a style=\"color: #ffffff;\" href=\"https:\/\/api.whatsapp.com\/send?phone=50224238000&amp;text=Hola!%20Estoy%20interesado%20en%20informaci%C3%B3n%20del%20Open%20Day%20para%20ingenier%C3%ADas%20y%20licenciaturas%20de%20Universidad%20Galileo.\" target=\"_blank\" rel=\"noopener noreferrer\"><strong>Escr\u00edbenos por Whatsapp<\/strong><\/a><\/span><\/h3>\n<p>[\/et_pb_text][\/et_pb_column][et_pb_column type=&#8221;1_4&#8243; _builder_version=&#8221;3.0.47&#8243; parallax=&#8221;off&#8221; parallax_method=&#8221;on&#8221;][et_pb_text _builder_version=&#8221;3.2.2&#8243; header_font=&#8221;||||||||&#8221; header_3_font=&#8221;Raleway|700|||||||&#8221; header_3_text_align=&#8221;center&#8221; header_3_text_color=&#8221;#ffffff&#8221; header_5_font=&#8221;Raleway||||||||&#8221; header_5_text_align=&#8221;center&#8221; header_5_text_color=&#8221;#ffffff&#8221;]<\/p>\n<h3 style=\"text-align: center;\"><strong><img decoding=\"async\" loading=\"lazy\" class=\"wp-image-50835 alignnone size-full\" src=\"https:\/\/www.galileo.edu\/page\/wp-content\/uploads\/2022\/04\/localizacion.png\" alt=\"\" width=\"38\" height=\"38\" \/><\/strong><\/h3>\n<h3 style=\"text-align: center;\"><strong>Direcci\u00f3n:<\/strong><\/h3>\n<h5 style=\"text-align: center;\">7a. avenida calle Dr. Eduardo Suger Cofi\u00f1o zona 10<\/h5>\n<p>[\/et_pb_text][\/et_pb_column][et_pb_column type=&#8221;1_4&#8243; _builder_version=&#8221;3.0.47&#8243; parallax=&#8221;off&#8221; parallax_method=&#8221;on&#8221;][et_pb_social_media_follow _builder_version=&#8221;3.2.2&#8243; box_shadow_style=&#8221;preset1&#8243; text_orientation=&#8221;center&#8221;][et_pb_social_media_follow_network social_network=&#8221;facebook&#8221; url=&#8221;https:\/\/www.facebook.com\/ugalileo\/&#8221; _builder_version=&#8221;3.2.2&#8243; background_color=&#8221;#3b5998&#8243; follow_button=&#8221;off&#8221; url_new_window=&#8221;on&#8221;]facebook[\/et_pb_social_media_follow_network][et_pb_social_media_follow_network social_network=&#8221;instagram&#8221; url=&#8221;https:\/\/www.instagram.com\/ugalileo_edu\/&#8221; _builder_version=&#8221;3.2.2&#8243; background_color=&#8221;#ea2c59&#8243; follow_button=&#8221;off&#8221; url_new_window=&#8221;on&#8221;]instagram[\/et_pb_social_media_follow_network][et_pb_social_media_follow_network social_network=&#8221;youtube&#8221; url=&#8221;http:\/\/www.youtube.com\/user\/ugalileogt&#8221; _builder_version=&#8221;3.2.2&#8243; background_color=&#8221;#a82400&#8243; follow_button=&#8221;off&#8221; url_new_window=&#8221;on&#8221;]youtube[\/et_pb_social_media_follow_network][\/et_pb_social_media_follow][\/et_pb_column][\/et_pb_row][et_pb_row _builder_version=&#8221;3.2.2&#8243;][et_pb_column type=&#8221;4_4&#8243; _builder_version=&#8221;3.0.47&#8243; parallax=&#8221;off&#8221; parallax_method=&#8221;on&#8221;][et_pb_image src=&#8221;http:\/\/www.galileo.edu\/page\/wp-content\/uploads\/2020\/07\/Logo-Galileo-blanco.png&#8221; url=&#8221;http:\/\/www.galileo.edu&#8221; align=&#8221;center&#8221; _builder_version=&#8221;3.2.2&#8243; max_width=&#8221;15%&#8221; max_width_phone=&#8221;34%&#8221; max_width_last_edited=&#8221;on|desktop&#8221; module_alignment=&#8221;center&#8221;][\/et_pb_image][\/et_pb_column][\/et_pb_row][\/et_pb_section]<\/p>\n","protected":false},"excerpt":{"rendered":"<p>Gracias por registrarte a: Gracias por registrarte a: Gracias por registrarte a: \u00a1Revisa tu correo electr\u00f3nico! Tu registro est\u00e1 completo. Revisa tu correo electr\u00f3nico para ver m\u00e1s detalles sobre el evento. Y qu\u00e9date pendiente porque recibir\u00e1s el enlace para conectarte. &nbsp; \u00a1Agenda la fecha! La XV FERIA DEL EMPLEO es gratuita, ser\u00e1 el 11 y [&hellip;]<\/p>\n","protected":false},"author":10,"featured_media":0,"parent":0,"menu_order":0,"comment_status":"closed","ping_status":"closed","template":"page-template-blank.php","meta":{"_et_pb_use_builder":"on","_et_pb_old_content":"","_et_gb_content_width":""},"yoast_head":"<!-- This site is optimized with the Yoast SEO plugin v20.13 - https:\/\/yoast.com\/wordpress\/plugins\/seo\/ -->\n<title>Registro XV Feria del Empleo Universidad Galileo<\/title>\n<meta name=\"description\" content=\"Gracias por registrarte a nuestra EXPO GALILEO que se llevar\u00e1 acabo este 26, 27 y 28 de mayo de 9 a 17 horas Guatemala, de manera virtual\" \/>\n<meta name=\"robots\" content=\"index, follow, max-snippet:-1, max-image-preview:large, max-video-preview:-1\" \/>\n<link rel=\"canonical\" href=\"https:\/\/www.galileo.edu\/page\/feria-del-empleo-galileo-2\/\" \/>\n<meta property=\"og:locale\" content=\"en_US\" \/>\n<meta property=\"og:type\" content=\"article\" \/>\n<meta property=\"og:title\" content=\"Registro XV Feria del Empleo Universidad Galileo\" \/>\n<meta property=\"og:description\" content=\"Gracias por registrarte a nuestra EXPO GALILEO que se llevar\u00e1 acabo este 26, 27 y 28 de mayo de 9 a 17 horas Guatemala, de manera virtual\" \/>\n<meta property=\"og:url\" content=\"https:\/\/www.galileo.edu\/page\/feria-del-empleo-galileo-2\/\" \/>\n<meta property=\"og:site_name\" content=\"Universidad Galileo\" \/>\n<meta property=\"article:modified_time\" content=\"2022-04-18T19:03:49+00:00\" \/>\n<meta property=\"og:image\" content=\"http:\/\/www.galileo.edu\/page\/wp-content\/uploads\/2022\/04\/correo-electronico.png\" \/>\n<meta name=\"twitter:card\" content=\"summary_large_image\" \/>\n<meta name=\"twitter:label1\" content=\"Est. reading time\" \/>\n\t<meta name=\"twitter:data1\" content=\"5 minutes\" \/>\n<script type=\"application\/ld+json\" class=\"yoast-schema-graph\">{\"@context\":\"https:\/\/schema.org\",\"@graph\":[{\"@type\":\"WebPage\",\"@id\":\"https:\/\/www.galileo.edu\/page\/feria-del-empleo-galileo-2\/\",\"url\":\"https:\/\/www.galileo.edu\/page\/feria-del-empleo-galileo-2\/\",\"name\":\"Registro XV Feria del Empleo Universidad Galileo\",\"isPartOf\":{\"@id\":\"https:\/\/www.galileo.edu\/page\/#website\"},\"datePublished\":\"2022-04-01T18:54:56+00:00\",\"dateModified\":\"2022-04-18T19:03:49+00:00\",\"description\":\"Gracias por registrarte a nuestra EXPO GALILEO que se llevar\u00e1 acabo este 26, 27 y 28 de mayo de 9 a 17 horas Guatemala, de manera virtual\",\"breadcrumb\":{\"@id\":\"https:\/\/www.galileo.edu\/page\/feria-del-empleo-galileo-2\/#breadcrumb\"},\"inLanguage\":\"en-US\",\"potentialAction\":[{\"@type\":\"ReadAction\",\"target\":[\"https:\/\/www.galileo.edu\/page\/feria-del-empleo-galileo-2\/\"]}]},{\"@type\":\"BreadcrumbList\",\"@id\":\"https:\/\/www.galileo.edu\/page\/feria-del-empleo-galileo-2\/#breadcrumb\",\"itemListElement\":[{\"@type\":\"ListItem\",\"position\":1,\"name\":\"Home\",\"item\":\"https:\/\/www.galileo.edu\/page\/home\/\"},{\"@type\":\"ListItem\",\"position\":2,\"name\":\"Gracias XV Feria del Empleo\"}]},{\"@type\":\"WebSite\",\"@id\":\"https:\/\/www.galileo.edu\/page\/#website\",\"url\":\"https:\/\/www.galileo.edu\/page\/\",\"name\":\"Universidad Galileo\",\"description\":\"La revoluci\u00f3n en la educaci\u00f3n\",\"potentialAction\":[{\"@type\":\"SearchAction\",\"target\":{\"@type\":\"EntryPoint\",\"urlTemplate\":\"https:\/\/www.galileo.edu\/page\/?s={search_term_string}\"},\"query-input\":\"required name=search_term_string\"}],\"inLanguage\":\"en-US\"}]}<\/script>\n<!-- \/ Yoast SEO plugin. -->","yoast_head_json":{"title":"Registro XV Feria del Empleo Universidad Galileo","description":"Gracias por registrarte a nuestra EXPO GALILEO que se llevar\u00e1 acabo este 26, 27 y 28 de mayo de 9 a 17 horas Guatemala, de manera virtual","robots":{"index":"index","follow":"follow","max-snippet":"max-snippet:-1","max-image-preview":"max-image-preview:large","max-video-preview":"max-video-preview:-1"},"canonical":"https:\/\/www.galileo.edu\/page\/feria-del-empleo-galileo-2\/","og_locale":"en_US","og_type":"article","og_title":"Registro XV Feria del Empleo Universidad Galileo","og_description":"Gracias por registrarte a nuestra EXPO GALILEO que se llevar\u00e1 acabo este 26, 27 y 28 de mayo de 9 a 17 horas Guatemala, de manera virtual","og_url":"https:\/\/www.galileo.edu\/page\/feria-del-empleo-galileo-2\/","og_site_name":"Universidad Galileo","article_modified_time":"2022-04-18T19:03:49+00:00","og_image":[{"url":"http:\/\/www.galileo.edu\/page\/wp-content\/uploads\/2022\/04\/correo-electronico.png"}],"twitter_card":"summary_large_image","twitter_misc":{"Est. reading time":"5 minutes"},"schema":{"@context":"https:\/\/schema.org","@graph":[{"@type":"WebPage","@id":"https:\/\/www.galileo.edu\/page\/feria-del-empleo-galileo-2\/","url":"https:\/\/www.galileo.edu\/page\/feria-del-empleo-galileo-2\/","name":"Registro XV Feria del Empleo Universidad Galileo","isPartOf":{"@id":"https:\/\/www.galileo.edu\/page\/#website"},"datePublished":"2022-04-01T18:54:56+00:00","dateModified":"2022-04-18T19:03:49+00:00","description":"Gracias por registrarte a nuestra EXPO GALILEO que se llevar\u00e1 acabo este 26, 27 y 28 de mayo de 9 a 17 horas Guatemala, de manera virtual","breadcrumb":{"@id":"https:\/\/www.galileo.edu\/page\/feria-del-empleo-galileo-2\/#breadcrumb"},"inLanguage":"en-US","potentialAction":[{"@type":"ReadAction","target":["https:\/\/www.galileo.edu\/page\/feria-del-empleo-galileo-2\/"]}]},{"@type":"BreadcrumbList","@id":"https:\/\/www.galileo.edu\/page\/feria-del-empleo-galileo-2\/#breadcrumb","itemListElement":[{"@type":"ListItem","position":1,"name":"Home","item":"https:\/\/www.galileo.edu\/page\/home\/"},{"@type":"ListItem","position":2,"name":"Gracias XV Feria del Empleo"}]},{"@type":"WebSite","@id":"https:\/\/www.galileo.edu\/page\/#website","url":"https:\/\/www.galileo.edu\/page\/","name":"Universidad Galileo","description":"La revoluci\u00f3n en la educaci\u00f3n","potentialAction":[{"@type":"SearchAction","target":{"@type":"EntryPoint","urlTemplate":"https:\/\/www.galileo.edu\/page\/?s={search_term_string}"},"query-input":"required name=search_term_string"}],"inLanguage":"en-US"}]}},"_links":{"self":[{"href":"https:\/\/www.galileo.edu\/page\/wp-json\/wp\/v2\/pages\/50996"}],"collection":[{"href":"https:\/\/www.galileo.edu\/page\/wp-json\/wp\/v2\/pages"}],"about":[{"href":"https:\/\/www.galileo.edu\/page\/wp-json\/wp\/v2\/types\/page"}],"author":[{"embeddable":true,"href":"https:\/\/www.galileo.edu\/page\/wp-json\/wp\/v2\/users\/10"}],"replies":[{"embeddable":true,"href":"https:\/\/www.galileo.edu\/page\/wp-json\/wp\/v2\/comments?post=50996"}],"version-history":[{"count":44,"href":"https:\/\/www.galileo.edu\/page\/wp-json\/wp\/v2\/pages\/50996\/revisions"}],"predecessor-version":[{"id":51357,"href":"https:\/\/www.galileo.edu\/page\/wp-json\/wp\/v2\/pages\/50996\/revisions\/51357"}],"wp:attachment":[{"href":"https:\/\/www.galileo.edu\/page\/wp-json\/wp\/v2\/media?parent=50996"}],"curies":[{"name":"wp","href":"https:\/\/api.w.org\/{rel}","templated":true}]}}